{"id":3211,"date":"2018-06-01T11:20:43","date_gmt":"2018-06-01T09:20:43","guid":{"rendered":"https:\/\/delatorrearquitectura.com\/?page_id=3211"},"modified":"2024-03-05T18:21:22","modified_gmt":"2024-03-05T16:21:22","slug":"projectes","status":"publish","type":"page","link":"https:\/\/delatorrearquitectura.com\/ca\/projectes\/","title":{"rendered":"Projectes"},"content":{"rendered":"<div class=\"wpb-content-wrapper\"><p>[vc_row padding=&#8221;pt-70 pb-70 pt-xs-50 pb-xs-50&#8243; margin=&#8221;no-margin&#8221; class=&#8221;pt-70 pt-xs-40&#8243;][vc_column]<style type=\"text\/css\" data-type=\"the7_shortcodes-inline-css\">#page .portfolio-shortcode.portfolio-masonry-shortcode-id-1154a7d43b5ff515e4c172c1836683b5.content-bg-on.gradient-overlap-layout-list .post-entry-content {\n  background: linear-gradient(to bottom,,) no-repeat 0px 150px;\n}\n#page .portfolio-shortcode.portfolio-masonry-shortcode-id-1154a7d43b5ff515e4c172c1836683b5.content-bg-on.gradient-overlap-layout-list .no-img .post-entry-content {\n  padding: 50px 50px 80px 50px;\n}\n#page .portfolio-shortcode.portfolio-masonry-shortcode-id-1154a7d43b5ff515e4c172c1836683b5.content-bg-on.gradient-overlap-layout-list .no-img .post-entry-content:before {\n  display: none;\n}\n.portfolio-shortcode.portfolio-masonry-shortcode-id-1154a7d43b5ff515e4c172c1836683b5 .filter-bg-decoration .filter-categories a.act {\n  color: #fff;\n}\n.portfolio-shortcode.portfolio-masonry-shortcode-id-1154a7d43b5ff515e4c172c1836683b5:not(.mode-masonry) article:first-of-type,\n.portfolio-shortcode.portfolio-masonry-shortcode-id-1154a7d43b5ff515e4c172c1836683b5:not(.mode-masonry) article.visible.first {\n  margin-top: 0;\n}\n.portfolio-shortcode.portfolio-masonry-shortcode-id-1154a7d43b5ff515e4c172c1836683b5.dividers-on:not(.mode-masonry) article {\n  margin-top: 0;\n}\n.portfolio-shortcode.portfolio-masonry-shortcode-id-1154a7d43b5ff515e4c172c1836683b5.dividers-on:not(.mode-masonry) article:first-of-type,\n.portfolio-shortcode.portfolio-masonry-shortcode-id-1154a7d43b5ff515e4c172c1836683b5.dividers-on:not(.mode-masonry) article.visible.first {\n  margin-top: 0;\n  padding-top: 0;\n}\n.portfolio-shortcode.portfolio-masonry-shortcode-id-1154a7d43b5ff515e4c172c1836683b5.hover-scale article:after {\n  background: -webkit-linear-gradient();\n  background: linear-gradient();\n}\n.portfolio-shortcode.portfolio-masonry-shortcode-id-1154a7d43b5ff515e4c172c1836683b5.gradient-overlay-layout-list article {\n  border-radius: 0px;\n}\n.portfolio-shortcode.portfolio-masonry-shortcode-id-1154a7d43b5ff515e4c172c1836683b5 .post-thumbnail-wrap {\n  padding: 0px 0px 0px 0px;\n  border-radius: 0px;\n}\n.portfolio-shortcode.portfolio-masonry-shortcode-id-1154a7d43b5ff515e4c172c1836683b5 .post-thumbnail-wrap *,\n.portfolio-shortcode.portfolio-masonry-shortcode-id-1154a7d43b5ff515e4c172c1836683b5 .post-thumbnail-rollover:after {\n  border-radius: 0px;\n}\n.portfolio-shortcode.portfolio-masonry-shortcode-id-1154a7d43b5ff515e4c172c1836683b5.enable-bg-rollover .post-thumbnail-rollover:after {\n  background: -webkit-linear-gradient();\n  background: linear-gradient();\n}\n.bottom-overlap-layout-list.portfolio-shortcode.portfolio-masonry-shortcode-id-1154a7d43b5ff515e4c172c1836683b5 .project-links-container {\n  height: calc(100% - 100px);\n}\n.portfolio-shortcode.portfolio-masonry-shortcode-id-1154a7d43b5ff515e4c172c1836683b5 .project-links-container a {\n  width: 44px;\n  height: 44px;\n  line-height: 44px;\n  border-radius: 100px;\n  margin: 10px 5px 10px;\n}\n.content-rollover-layout-list:not(.content-align-center).portfolio-shortcode.portfolio-masonry-shortcode-id-1154a7d43b5ff515e4c172c1836683b5 .project-links-container a,\n.gradient-overlay-layout-list:not(.content-align-center).portfolio-shortcode.portfolio-masonry-shortcode-id-1154a7d43b5ff515e4c172c1836683b5 .project-links-container a {\n  margin: 10px 10px 10px 0;\n}\n.dt-icon-border-on.portfolio-shortcode.portfolio-masonry-shortcode-id-1154a7d43b5ff515e4c172c1836683b5 .project-links-container a:before {\n  border-width: 0px;\n  border-style: solid;\n}\n.dt-icon-hover-border-on.portfolio-shortcode.portfolio-masonry-shortcode-id-1154a7d43b5ff515e4c172c1836683b5 .project-links-container a:after {\n  border-width: 0px;\n  border-style: solid;\n}\n.dt-icon-bg-on.portfolio-shortcode.portfolio-masonry-shortcode-id-1154a7d43b5ff515e4c172c1836683b5 .project-links-container a:before {\n  background: rgba(255,255,255,0.3);\n  -webkit-box-shadow: none;\n  box-shadow: none;\n}\n.dt-icon-hover-bg-on.portfolio-shortcode.portfolio-masonry-shortcode-id-1154a7d43b5ff515e4c172c1836683b5 .project-links-container a:after {\n  background: rgba(255,255,255,0.5);\n  -webkit-box-shadow: none;\n  box-shadow: none;\n}\n.portfolio-shortcode.portfolio-masonry-shortcode-id-1154a7d43b5ff515e4c172c1836683b5 .project-links-container a > span,\n.portfolio-shortcode.portfolio-masonry-shortcode-id-1154a7d43b5ff515e4c172c1836683b5 .project-links-container a > span:before {\n  font-size: 16px;\n  line-height: 44px;\n}\n.portfolio-shortcode.portfolio-masonry-shortcode-id-1154a7d43b5ff515e4c172c1836683b5 .project-links-container a:not(:hover) > span {\n  color: #ffffff;\n}\n.dt-icon-hover-off.portfolio-shortcode.portfolio-masonry-shortcode-id-1154a7d43b5ff515e4c172c1836683b5 .project-links-container a > span,\n.dt-icon-hover-off.portfolio-shortcode.portfolio-masonry-shortcode-id-1154a7d43b5ff515e4c172c1836683b5 .project-links-container a:hover > span {\n  color: #ffffff;\n}\n.dt-icon-hover-on.portfolio-shortcode.portfolio-masonry-shortcode-id-1154a7d43b5ff515e4c172c1836683b5 .project-links-container a:hover > span {\n  color: #ffffff;\n}\n.portfolio-shortcode.portfolio-masonry-shortcode-id-1154a7d43b5ff515e4c172c1836683b5 .entry-title,\n.portfolio-shortcode.portfolio-masonry-shortcode-id-1154a7d43b5ff515e4c172c1836683b5.owl-carousel .entry-title {\n  margin-bottom: 5px;\n  font-weight: bold;\n}\n.portfolio-shortcode.portfolio-masonry-shortcode-id-1154a7d43b5ff515e4c172c1836683b5 .entry-meta {\n  margin-bottom: 15px;\n}\n.portfolio-shortcode.portfolio-masonry-shortcode-id-1154a7d43b5ff515e4c172c1836683b5 .portfolio-categories {\n  margin-bottom: 15px;\n}\n.portfolio-shortcode.portfolio-masonry-shortcode-id-1154a7d43b5ff515e4c172c1836683b5 .entry-excerpt {\n  margin-bottom: 5px;\n}\n.portfolio-shortcode.portfolio-masonry-shortcode-id-1154a7d43b5ff515e4c172c1836683b5:not(.centered-layout-list) .post-entry-content {\n  padding: 80px 50px 80px 50px;\n}\n.portfolio-shortcode.portfolio-masonry-shortcode-id-1154a7d43b5ff515e4c172c1836683b5:not(.centered-layout-list):not(\n      .content-bg-on\n    ):not(.mode-list)\n    .no-img\n    .post-entry-content {\n  padding: 0;\n}\n.portfolio-shortcode.portfolio-masonry-shortcode-id-1154a7d43b5ff515e4c172c1836683b5.gradient-overlay-layout-list .post-entry-content {\n  border-radius: 0px;\n}\n@media screen and (max-width: ) {\n  .portfolio-shortcode.portfolio-masonry-shortcode-id-1154a7d43b5ff515e4c172c1836683b5 article {\n    -webkit-flex-flow: column nowrap;\n    -moz-flex-flow: column nowrap;\n    -ms-flex-flow: column nowrap;\n    flex-flow: column nowrap;\n    margin-top: 20px;\n  }\n  .portfolio-shortcode.portfolio-masonry-shortcode-id-1154a7d43b5ff515e4c172c1836683b5.dividers-on article {\n    border: none;\n  }\n  .portfolio-shortcode.portfolio-masonry-shortcode-id-1154a7d43b5ff515e4c172c1836683b5.content-bg-on.centered-layout-list article {\n    padding: 0;\n  }\n  #page .portfolio-shortcode.portfolio-masonry-shortcode-id-1154a7d43b5ff515e4c172c1836683b5 .post-thumbnail-wrap,\n  #page .portfolio-shortcode.portfolio-masonry-shortcode-id-1154a7d43b5ff515e4c172c1836683b5 .post-entry-content {\n    width: 100%;\n    margin: 0;\n    top: 0;\n  }\n  #page .portfolio-shortcode.portfolio-masonry-shortcode-id-1154a7d43b5ff515e4c172c1836683b5 .post-thumbnail-wrap {\n    padding: 0;\n  }\n  #page .portfolio-shortcode.portfolio-masonry-shortcode-id-1154a7d43b5ff515e4c172c1836683b5 .post-entry-content:after {\n    display: none;\n  }\n  #page .portfolio-shortcode.portfolio-masonry-shortcode-id-1154a7d43b5ff515e4c172c1836683b5 .project-even .post-thumbnail-wrap,\n  #page .portfolio-shortcode.portfolio-masonry-shortcode-id-1154a7d43b5ff515e4c172c1836683b5.centered-layout-list .post-thumbnail-wrap {\n    -webkit-order: 0;\n    -moz-order: 0;\n    -ms-flex-order: 0;\n    order: 0;\n  }\n  #page .portfolio-shortcode.portfolio-masonry-shortcode-id-1154a7d43b5ff515e4c172c1836683b5.centered-layout-list .post-entry-title-content {\n    -webkit-order: 1;\n    -moz-order: 1;\n    -ms-flex-order: 1;\n    order: 1;\n    width: 100%;\n    padding: 20px 20px 0;\n  }\n  #page .portfolio-shortcode.portfolio-masonry-shortcode-id-1154a7d43b5ff515e4c172c1836683b5.centered-layout-list .post-entry-content {\n    -webkit-order: 2;\n    -moz-order: 2;\n    -ms-flex-order: 2;\n    order: 2;\n    padding-top: 0;\n  }\n  #page .portfolio-shortcode.portfolio-masonry-shortcode-id-1154a7d43b5ff515e4c172c1836683b5 .post-entry-content {\n    padding: 20px;\n  }\n  #page .portfolio-shortcode.portfolio-masonry-shortcode-id-1154a7d43b5ff515e4c172c1836683b5 .entry-title {\n    margin: 3px 0 5px;\n    font-size: 20px;\n    line-height: 26px;\n  }\n  #page .portfolio-shortcode.portfolio-masonry-shortcode-id-1154a7d43b5ff515e4c172c1836683b5 .entry-meta {\n    margin: 5px 0 5px;\n  }\n  #page .portfolio-shortcode.portfolio-masonry-shortcode-id-1154a7d43b5ff515e4c172c1836683b5 .entry-excerpt {\n    margin: 15px 0 0;\n  }\n  #page .portfolio-shortcode.portfolio-masonry-shortcode-id-1154a7d43b5ff515e4c172c1836683b5 .post-details {\n    margin: 5px 0 10px;\n  }\n  #page .portfolio-shortcode.portfolio-masonry-shortcode-id-1154a7d43b5ff515e4c172c1836683b5 .post-details.details-type-link {\n    margin-bottom: 2px;\n  }\n}\n.portfolio-shortcode.portfolio-masonry-shortcode-id-1154a7d43b5ff515e4c172c1836683b5:not(.resize-by-browser-width) .dt-css-grid {\n  grid-row-gap: 30px;\n  grid-column-gap: 30px;\n  grid-template-columns: repeat(auto-fill,minmax(,1fr));\n}\n.portfolio-shortcode.portfolio-masonry-shortcode-id-1154a7d43b5ff515e4c172c1836683b5:not(.resize-by-browser-width) .dt-css-grid .double-width {\n  grid-column: span 2;\n}\n.cssgridlegacy.no-cssgrid .portfolio-shortcode.portfolio-masonry-shortcode-id-1154a7d43b5ff515e4c172c1836683b5:not(.resize-by-browser-width) .dt-css-grid,\n.no-cssgridlegacy.no-cssgrid .portfolio-shortcode.portfolio-masonry-shortcode-id-1154a7d43b5ff515e4c172c1836683b5:not(.resize-by-browser-width) .dt-css-grid {\n  display: flex;\n  flex-flow: row wrap;\n  margin: -15px;\n}\n.cssgridlegacy.no-cssgrid .portfolio-shortcode.portfolio-masonry-shortcode-id-1154a7d43b5ff515e4c172c1836683b5:not(.resize-by-browser-width) .dt-css-grid .wf-cell,\n.no-cssgridlegacy.no-cssgrid .portfolio-shortcode.portfolio-masonry-shortcode-id-1154a7d43b5ff515e4c172c1836683b5:not(.resize-by-browser-width) .dt-css-grid .wf-cell {\n  flex: 1 0 ;\n  max-width: 100%;\n  padding: 15px;\n  box-sizing: border-box;\n}\n.portfolio-shortcode.portfolio-masonry-shortcode-id-1154a7d43b5ff515e4c172c1836683b5.resize-by-browser-width .dt-css-grid {\n  grid-template-columns: repeat(3,1fr);\n  grid-template-rows: auto;\n  grid-column-gap: 30px;\n  grid-row-gap: 30px;\n}\n.portfolio-shortcode.portfolio-masonry-shortcode-id-1154a7d43b5ff515e4c172c1836683b5.resize-by-browser-width .dt-css-grid .double-width {\n  grid-column: span 2;\n}\n.cssgridlegacy.no-cssgrid .portfolio-shortcode.portfolio-masonry-shortcode-id-1154a7d43b5ff515e4c172c1836683b5.resize-by-browser-width .dt-css-grid {\n  margin: -15px;\n}\n.cssgridlegacy.no-cssgrid .portfolio-shortcode.portfolio-masonry-shortcode-id-1154a7d43b5ff515e4c172c1836683b5.resize-by-browser-width .dt-css-grid .wf-cell {\n  width: 33.333333333333%;\n  padding: 15px;\n}\n.cssgridlegacy.no-cssgrid .portfolio-shortcode.portfolio-masonry-shortcode-id-1154a7d43b5ff515e4c172c1836683b5.resize-by-browser-width .dt-css-grid .wf-cell.double-width {\n  width: calc(33.333333333333%) * 2;\n}\n.portfolio-shortcode.portfolio-masonry-shortcode-id-1154a7d43b5ff515e4c172c1836683b5.resize-by-browser-width:not(.centered-layout-list):not(.content-bg-on) .dt-css-grid {\n  grid-row-gap: -50px;\n}\n@media screen and (max-width: 1199px) {\n  .portfolio-shortcode.portfolio-masonry-shortcode-id-1154a7d43b5ff515e4c172c1836683b5.resize-by-browser-width .dt-css-grid {\n    grid-template-columns: repeat(3,1fr);\n  }\n  .cssgridlegacy.no-cssgrid .portfolio-shortcode.portfolio-masonry-shortcode-id-1154a7d43b5ff515e4c172c1836683b5.resize-by-browser-width .dt-css-grid .wf-cell,\n  .no-cssgridlegacy.no-cssgrid .portfolio-shortcode.portfolio-masonry-shortcode-id-1154a7d43b5ff515e4c172c1836683b5.resize-by-browser-width .dt-css-grid .wf-cell {\n    width: 33.333333333333%;\n  }\n  .cssgridlegacy.no-cssgrid .portfolio-shortcode.portfolio-masonry-shortcode-id-1154a7d43b5ff515e4c172c1836683b5.resize-by-browser-width .dt-css-grid .wf-cell.double-width,\n  .no-cssgridlegacy.no-cssgrid .portfolio-shortcode.portfolio-masonry-shortcode-id-1154a7d43b5ff515e4c172c1836683b5.resize-by-browser-width .dt-css-grid .wf-cell.double-width {\n    width: calc(33.333333333333%)*2;\n  }\n}\n@media screen and (max-width: 991px) {\n  .portfolio-shortcode.portfolio-masonry-shortcode-id-1154a7d43b5ff515e4c172c1836683b5.resize-by-browser-width .dt-css-grid {\n    grid-template-columns: repeat(2,1fr);\n  }\n  .cssgridlegacy.no-cssgrid .portfolio-shortcode.portfolio-masonry-shortcode-id-1154a7d43b5ff515e4c172c1836683b5.resize-by-browser-width .dt-css-grid .wf-cell,\n  .no-cssgridlegacy.no-cssgrid .portfolio-shortcode.portfolio-masonry-shortcode-id-1154a7d43b5ff515e4c172c1836683b5.resize-by-browser-width .dt-css-grid .wf-cell {\n    width: 50%;\n  }\n  .cssgridlegacy.no-cssgrid .portfolio-shortcode.portfolio-masonry-shortcode-id-1154a7d43b5ff515e4c172c1836683b5.resize-by-browser-width .dt-css-grid .wf-cell.double-width,\n  .no-cssgridlegacy.no-cssgrid .portfolio-shortcode.portfolio-masonry-shortcode-id-1154a7d43b5ff515e4c172c1836683b5.resize-by-browser-width .dt-css-grid .wf-cell.double-width {\n    width: calc(50%)*2;\n  }\n}\n@media screen and (max-width: 767px) {\n  .portfolio-shortcode.portfolio-masonry-shortcode-id-1154a7d43b5ff515e4c172c1836683b5.resize-by-browser-width .dt-css-grid {\n    grid-template-columns: repeat(1,1fr);\n  }\n  .portfolio-shortcode.portfolio-masonry-shortcode-id-1154a7d43b5ff515e4c172c1836683b5.resize-by-browser-width .dt-css-grid .double-width {\n    grid-column: span 1;\n  }\n  .cssgridlegacy.no-cssgrid .portfolio-shortcode.portfolio-masonry-shortcode-id-1154a7d43b5ff515e4c172c1836683b5.resize-by-browser-width .dt-css-grid .wf-cell,\n  .no-cssgridlegacy.no-cssgrid .portfolio-shortcode.portfolio-masonry-shortcode-id-1154a7d43b5ff515e4c172c1836683b5.resize-by-browser-width .dt-css-grid .wf-cell {\n    width: 100%;\n  }\n  .cssgridlegacy.no-cssgrid .portfolio-shortcode.portfolio-masonry-shortcode-id-1154a7d43b5ff515e4c172c1836683b5.resize-by-browser-width .dt-css-grid .wf-cell.double-width,\n  .no-cssgridlegacy.no-cssgrid .portfolio-shortcode.portfolio-masonry-shortcode-id-1154a7d43b5ff515e4c172c1836683b5.resize-by-browser-width .dt-css-grid .wf-cell.double-width {\n    width: calc(100%)*2;\n  }\n}<\/style><div class=\"portfolio-shortcode portfolio-masonry-shortcode-id-1154a7d43b5ff515e4c172c1836683b5 mode-grid gradient-overlap-layout-list content-bg-on jquery-filter content-align-center dt-icon-bg-on dt-icon-border-on dt-icon-hover-on dt-icon-hover-border-on dt-icon-hover-bg-on quick-scale-img meta-info-off dt-css-grid-wrap enable-bg-rollover resize-by-browser-width  loading-effect-none description-under-image \" data-padding=\"15px\" data-cur-page=\"1\" data-post-limit=\"-1\" data-pagination-mode=\"none\" data-desktop-columns-num=\"3\" data-v-tablet-columns-num=\"2\" data-h-tablet-columns-num=\"3\" data-phone-columns-num=\"1\" data-width=\"0px\" data-columns=\"0\"><div class=\"dt-css-grid\" ><div class=\"visible wf-cell\" data-post-id=\"30862\" data-date=\"2025-10-15T10:51:33+02:00\" data-name=\"HABITATGE AL BAIX MONTSENY\"><article class=\"post visible post-30862 dt_portfolio type-dt_portfolio status-publish has-post-thumbnail hentry\" data-name=\"HABITATGE AL BAIX MONTSENY\" data-date=\"2025-10-15T10:51:33+02:00\">\n\n<div class=\"post-thumbnail-wrap  \">\n\t<div class=\"post-thumbnail\">\n\n\t\t<a href=\"https:\/\/delatorrearquitectura.com\/ca\/project\/test-2-2-16-2-4-2-2-5\/\" class=\"post-thumbnail-rollover layzr-bg\" target=\"\"  aria-label=\"Post image\"><img fetchpriority=\"high\" decoding=\"async\" class=\"iso-lazy-load preload-me iso-lazy-load aspect\" src=\"data:image\/svg+xml,%3Csvg%20xmlns%3D&#39;http%3A%2F%2Fwww.w3.org%2F2000%2Fsvg&#39;%20viewBox%3D&#39;0%200%20768%20768&#39;%2F%3E\" data-src=\"https:\/\/delatorrearquitectura.com\/wp-content\/uploads\/2025\/10\/PORTADA-768x768.jpg\" data-srcset=\"https:\/\/delatorrearquitectura.com\/wp-content\/uploads\/2025\/10\/PORTADA-768x768.jpg 768w, https:\/\/delatorrearquitectura.com\/wp-content\/uploads\/2025\/10\/PORTADA-1152x1152.jpg 1152w\" loading=\"eager\" style=\"--ratio: 768 \/ 768\" sizes=\"(max-width: 768px) 100vw, 768px\" alt=\"\" title=\"PORTADA\" width=\"768\" height=\"768\"  \/><\/a><div class=\"project-links-container\"><a href=\"https:\/\/delatorrearquitectura.com\/wp-content\/uploads\/2025\/10\/PORTADA.jpg\" class=\"project-zoom dt-pswp-item dt-single-pswp-popup\" title=\"PORTADA\" data-dt-img-description=\"\" data-large_image_width=\"1338\" data-large_image_height=\"1320\" aria-label=\"Portfolio zoom icon\"><span class=\"icon-portfolio-p203\"><\/span><\/a><a href=\"https:\/\/delatorrearquitectura.com\/ca\/project\/test-2-2-16-2-4-2-2-5\/\" target=\"\" class=\"project-details\" aria-label=\"Details link\"><span class=\"icon-portfolio-p205\"><\/span><\/a><\/div>\n\t<\/div>\n<\/div>\n\n\n<div class=\"post-entry-content\">\n\n\t<h3 class=\"entry-title\">\n\t\t<a href=\"https:\/\/delatorrearquitectura.com\/ca\/project\/test-2-2-16-2-4-2-2-5\/\" target=\"\" title=\"HABITATGE AL BAIX MONTSENY\" rel=\"bookmark\">HABITATGE AL BAIX MONTSENY<\/a>\n\t<\/h3>\n\n\t\n\t\n\t<a class=\"post-details details-type-link\" href=\"https:\/\/delatorrearquitectura.com\/ca\/project\/test-2-2-16-2-4-2-2-5\/\" target=\"\">Llegir m\u00e9s<i class=\"dt-icon-the7-arrow-03\" aria-hidden=\"true\"><\/i><\/a>\n<\/div><\/article><\/div><div class=\"visible wf-cell\" data-post-id=\"24115\" data-date=\"2024-05-16T17:36:22+02:00\" data-name=\"HABITATGE D&#039;ALT STANDING A LA COSTA BRAVA\"><article class=\"post visible post-24115 dt_portfolio type-dt_portfolio status-publish has-post-thumbnail hentry\" data-name=\"HABITATGE D&#8217;ALT STANDING A LA COSTA BRAVA\" data-date=\"2024-05-16T17:36:22+02:00\">\n\n<div class=\"post-thumbnail-wrap  \">\n\t<div class=\"post-thumbnail\">\n\n\t\t<a href=\"https:\/\/delatorrearquitectura.com\/ca\/project\/test-2-2-16\/\" class=\"post-thumbnail-rollover layzr-bg\" target=\"\"  aria-label=\"Post image\"><img decoding=\"async\" class=\"iso-lazy-load preload-me iso-lazy-load aspect\" src=\"data:image\/svg+xml,%3Csvg%20xmlns%3D&#39;http%3A%2F%2Fwww.w3.org%2F2000%2Fsvg&#39;%20viewBox%3D&#39;0%200%20768%20768&#39;%2F%3E\" data-src=\"https:\/\/delatorrearquitectura.com\/wp-content\/uploads\/2024\/05\/portada-19-768x768.jpg\" data-srcset=\"https:\/\/delatorrearquitectura.com\/wp-content\/uploads\/2024\/05\/portada-19-768x768.jpg 768w, https:\/\/delatorrearquitectura.com\/wp-content\/uploads\/2024\/05\/portada-19-831x831.jpg 831w\" loading=\"eager\" style=\"--ratio: 768 \/ 768\" sizes=\"(max-width: 768px) 100vw, 768px\" alt=\"\" title=\"portada\" width=\"768\" height=\"768\"  \/><\/a><div class=\"project-links-container\"><a href=\"https:\/\/delatorrearquitectura.com\/wp-content\/uploads\/2024\/05\/portada-19.jpg\" class=\"project-zoom dt-pswp-item dt-single-pswp-popup\" title=\"portada\" data-dt-img-description=\"\" data-large_image_width=\"850\" data-large_image_height=\"831\" aria-label=\"Portfolio zoom icon\"><span class=\"icon-portfolio-p203\"><\/span><\/a><a href=\"https:\/\/delatorrearquitectura.com\/ca\/project\/test-2-2-16\/\" target=\"\" class=\"project-details\" aria-label=\"Details link\"><span class=\"icon-portfolio-p205\"><\/span><\/a><\/div>\n\t<\/div>\n<\/div>\n\n\n<div class=\"post-entry-content\">\n\n\t<h3 class=\"entry-title\">\n\t\t<a href=\"https:\/\/delatorrearquitectura.com\/ca\/project\/test-2-2-16\/\" target=\"\" title=\"HABITATGE D&#8217;ALT STANDING A LA COSTA BRAVA\" rel=\"bookmark\">HABITATGE D&#8217;ALT STANDING A LA COSTA BRAVA<\/a>\n\t<\/h3>\n\n\t\n\t\n\t<a class=\"post-details details-type-link\" href=\"https:\/\/delatorrearquitectura.com\/ca\/project\/test-2-2-16\/\" target=\"\">Llegir m\u00e9s<i class=\"dt-icon-the7-arrow-03\" aria-hidden=\"true\"><\/i><\/a>\n<\/div><\/article><\/div><div class=\"visible wf-cell\" data-post-id=\"26275\" data-date=\"2024-03-07T10:00:15+02:00\" data-name=\"HABITATGE A STA. MARIA DE PALAUTORDERA\"><article class=\"post visible post-26275 dt_portfolio type-dt_portfolio status-publish has-post-thumbnail hentry\" data-name=\"HABITATGE A STA. MARIA DE PALAUTORDERA\" data-date=\"2024-03-07T10:00:15+02:00\">\n\n<div class=\"post-thumbnail-wrap  \">\n\t<div class=\"post-thumbnail\">\n\n\t\t<a href=\"https:\/\/delatorrearquitectura.com\/ca\/project\/test-2-2-16-2-4\/\" class=\"post-thumbnail-rollover layzr-bg\" target=\"\"  aria-label=\"Post image\"><img decoding=\"async\" class=\"iso-lazy-load preload-me iso-lazy-load aspect\" src=\"data:image\/svg+xml,%3Csvg%20xmlns%3D&#39;http%3A%2F%2Fwww.w3.org%2F2000%2Fsvg&#39;%20viewBox%3D&#39;0%200%20768%20768&#39;%2F%3E\" data-src=\"https:\/\/delatorrearquitectura.com\/wp-content\/uploads\/2024\/11\/PORTADA2-768x768.jpg\" data-srcset=\"https:\/\/delatorrearquitectura.com\/wp-content\/uploads\/2024\/11\/PORTADA2-768x768.jpg 768w, https:\/\/delatorrearquitectura.com\/wp-content\/uploads\/2024\/11\/PORTADA2-1152x1152.jpg 1152w\" loading=\"eager\" style=\"--ratio: 768 \/ 768\" sizes=\"(max-width: 768px) 100vw, 768px\" alt=\"\" title=\"PORTADA2\" width=\"768\" height=\"768\"  \/><\/a><div class=\"project-links-container\"><a href=\"https:\/\/delatorrearquitectura.com\/wp-content\/uploads\/2024\/11\/PORTADA2.jpg\" class=\"project-zoom dt-pswp-item dt-single-pswp-popup\" title=\"PORTADA2\" data-dt-img-description=\"\" data-large_image_width=\"1844\" data-large_image_height=\"1654\" aria-label=\"Portfolio zoom icon\"><span class=\"icon-portfolio-p203\"><\/span><\/a><a href=\"https:\/\/delatorrearquitectura.com\/ca\/project\/test-2-2-16-2-4\/\" target=\"\" class=\"project-details\" aria-label=\"Details link\"><span class=\"icon-portfolio-p205\"><\/span><\/a><\/div>\n\t<\/div>\n<\/div>\n\n\n<div class=\"post-entry-content\">\n\n\t<h3 class=\"entry-title\">\n\t\t<a href=\"https:\/\/delatorrearquitectura.com\/ca\/project\/test-2-2-16-2-4\/\" target=\"\" title=\"HABITATGE A STA. MARIA DE PALAUTORDERA\" rel=\"bookmark\">HABITATGE A STA. MARIA DE PALAUTORDERA<\/a>\n\t<\/h3>\n\n\t\n\t\n\t<a class=\"post-details details-type-link\" href=\"https:\/\/delatorrearquitectura.com\/ca\/project\/test-2-2-16-2-4\/\" target=\"\">Llegir m\u00e9s<i class=\"dt-icon-the7-arrow-03\" aria-hidden=\"true\"><\/i><\/a>\n<\/div><\/article><\/div><div class=\"visible wf-cell\" data-post-id=\"26294\" data-date=\"2024-03-07T09:45:50+02:00\" data-name=\"HABITATGE A SANT CELONI\"><article class=\"post visible post-26294 dt_portfolio type-dt_portfolio status-publish has-post-thumbnail hentry dt_portfolio_category-habitatge dt_portfolio_category-174\" data-name=\"HABITATGE A SANT CELONI\" data-date=\"2024-03-07T09:45:50+02:00\">\n\n<div class=\"post-thumbnail-wrap  \">\n\t<div class=\"post-thumbnail\">\n\n\t\t<a href=\"https:\/\/delatorrearquitectura.com\/ca\/project\/test-2-2-16-2-3\/\" class=\"post-thumbnail-rollover layzr-bg\" target=\"\"  aria-label=\"Post image\"><img decoding=\"async\" class=\"iso-lazy-load preload-me iso-lazy-load aspect\" src=\"data:image\/svg+xml,%3Csvg%20xmlns%3D&#39;http%3A%2F%2Fwww.w3.org%2F2000%2Fsvg&#39;%20viewBox%3D&#39;0%200%20768%20768&#39;%2F%3E\" data-src=\"https:\/\/delatorrearquitectura.com\/wp-content\/uploads\/2024\/11\/PORTADA-3-scaled-768x768.jpg\" data-srcset=\"https:\/\/delatorrearquitectura.com\/wp-content\/uploads\/2024\/11\/PORTADA-3-scaled-768x768.jpg 768w, https:\/\/delatorrearquitectura.com\/wp-content\/uploads\/2024\/11\/PORTADA-3-scaled-1152x1152.jpg 1152w\" loading=\"eager\" style=\"--ratio: 768 \/ 768\" sizes=\"(max-width: 768px) 100vw, 768px\" alt=\"\" title=\"PORTADA\" width=\"768\" height=\"768\"  \/><\/a><div class=\"project-links-container\"><a href=\"https:\/\/delatorrearquitectura.com\/wp-content\/uploads\/2024\/11\/PORTADA-3-scaled.jpg\" class=\"project-zoom dt-pswp-item dt-single-pswp-popup\" title=\"PORTADA\" data-dt-img-description=\"\" data-large_image_width=\"2560\" data-large_image_height=\"2454\" aria-label=\"Portfolio zoom icon\"><span class=\"icon-portfolio-p203\"><\/span><\/a><a href=\"https:\/\/delatorrearquitectura.com\/ca\/project\/test-2-2-16-2-3\/\" target=\"\" class=\"project-details\" aria-label=\"Details link\"><span class=\"icon-portfolio-p205\"><\/span><\/a><\/div>\n\t<\/div>\n<\/div>\n\n\n<div class=\"post-entry-content\">\n\n\t<h3 class=\"entry-title\">\n\t\t<a href=\"https:\/\/delatorrearquitectura.com\/ca\/project\/test-2-2-16-2-3\/\" target=\"\" title=\"HABITATGE A SANT CELONI\" rel=\"bookmark\">HABITATGE A SANT CELONI<\/a>\n\t<\/h3>\n\n\t\n\t\n\t<a class=\"post-details details-type-link\" href=\"https:\/\/delatorrearquitectura.com\/ca\/project\/test-2-2-16-2-3\/\" target=\"\">Llegir m\u00e9s<i class=\"dt-icon-the7-arrow-03\" aria-hidden=\"true\"><\/i><\/a>\n<\/div><\/article><\/div><div class=\"visible wf-cell\" data-post-id=\"28769\" data-date=\"2024-03-07T09:05:38+02:00\" data-name=\"NOVA INSTAL\u00b7LACI\u00d3 COMERCIAL\"><article class=\"post visible post-28769 dt_portfolio type-dt_portfolio status-publish has-post-thumbnail hentry dt_portfolio_category-comercos-i-centres-culturals dt_portfolio_category-177\" data-name=\"NOVA INSTAL\u00b7LACI\u00d3 COMERCIAL\" data-date=\"2024-03-07T09:05:38+02:00\">\n\n<div class=\"post-thumbnail-wrap  \">\n\t<div class=\"post-thumbnail\">\n\n\t\t<a href=\"https:\/\/delatorrearquitectura.com\/ca\/project\/test-2-2-16-2-4-2-2-2\/\" class=\"post-thumbnail-rollover layzr-bg\" target=\"\"  aria-label=\"Post image\"><img decoding=\"async\" class=\"iso-lazy-load preload-me iso-lazy-load aspect\" src=\"data:image\/svg+xml,%3Csvg%20xmlns%3D&#39;http%3A%2F%2Fwww.w3.org%2F2000%2Fsvg&#39;%20viewBox%3D&#39;0%200%20768%20768&#39;%2F%3E\" data-src=\"https:\/\/delatorrearquitectura.com\/wp-content\/uploads\/2025\/05\/super-1-scaled-768x768.jpg\" data-srcset=\"https:\/\/delatorrearquitectura.com\/wp-content\/uploads\/2025\/05\/super-1-scaled-768x768.jpg 768w, https:\/\/delatorrearquitectura.com\/wp-content\/uploads\/2025\/05\/super-1-scaled-1152x1152.jpg 1152w\" loading=\"eager\" style=\"--ratio: 768 \/ 768\" sizes=\"(max-width: 768px) 100vw, 768px\" alt=\"\" title=\"super (1)\" width=\"768\" height=\"768\"  \/><\/a><div class=\"project-links-container\"><a href=\"https:\/\/delatorrearquitectura.com\/wp-content\/uploads\/2025\/05\/super-1-scaled.jpg\" class=\"project-zoom dt-pswp-item dt-single-pswp-popup\" title=\"super (1)\" data-dt-img-description=\"\" data-large_image_width=\"2560\" data-large_image_height=\"1920\" aria-label=\"Portfolio zoom icon\"><span class=\"icon-portfolio-p203\"><\/span><\/a><a href=\"https:\/\/delatorrearquitectura.com\/ca\/project\/test-2-2-16-2-4-2-2-2\/\" target=\"\" class=\"project-details\" aria-label=\"Details link\"><span class=\"icon-portfolio-p205\"><\/span><\/a><\/div>\n\t<\/div>\n<\/div>\n\n\n<div class=\"post-entry-content\">\n\n\t<h3 class=\"entry-title\">\n\t\t<a href=\"https:\/\/delatorrearquitectura.com\/ca\/project\/test-2-2-16-2-4-2-2-2\/\" target=\"\" title=\"NOVA INSTAL\u00b7LACI\u00d3 COMERCIAL\" rel=\"bookmark\">NOVA INSTAL\u00b7LACI\u00d3 COMERCIAL<\/a>\n\t<\/h3>\n\n\t\n\t\n\t<a class=\"post-details details-type-link\" href=\"https:\/\/delatorrearquitectura.com\/ca\/project\/test-2-2-16-2-4-2-2-2\/\" target=\"\">Llegir m\u00e9s<i class=\"dt-icon-the7-arrow-03\" aria-hidden=\"true\"><\/i><\/a>\n<\/div><\/article><\/div><div class=\"visible wf-cell\" data-post-id=\"28534\" data-date=\"2024-03-07T09:00:27+02:00\" data-name=\"REFORMA I AMPLIACI\u00d3 D&#039;HABITATGES APARELLATS\"><article class=\"post visible post-28534 dt_portfolio type-dt_portfolio status-publish has-post-thumbnail hentry\" data-name=\"REFORMA I AMPLIACI\u00d3 D&#8217;HABITATGES APARELLATS\" data-date=\"2024-03-07T09:00:27+02:00\">\n\n<div class=\"post-thumbnail-wrap  \">\n\t<div class=\"post-thumbnail\">\n\n\t\t<a href=\"https:\/\/delatorrearquitectura.com\/ca\/project\/test-2-2-16-2-4-2-2-3\/\" class=\"post-thumbnail-rollover layzr-bg\" target=\"\"  aria-label=\"Post image\"><img decoding=\"async\" class=\"iso-lazy-load preload-me iso-lazy-load aspect\" src=\"data:image\/svg+xml,%3Csvg%20xmlns%3D&#39;http%3A%2F%2Fwww.w3.org%2F2000%2Fsvg&#39;%20viewBox%3D&#39;0%200%20768%20768&#39;%2F%3E\" data-src=\"https:\/\/delatorrearquitectura.com\/wp-content\/uploads\/2025\/04\/PORTADA-scaled-768x768.jpg\" data-srcset=\"https:\/\/delatorrearquitectura.com\/wp-content\/uploads\/2025\/04\/PORTADA-scaled-768x768.jpg 768w, https:\/\/delatorrearquitectura.com\/wp-content\/uploads\/2025\/04\/PORTADA-scaled-1152x1152.jpg 1152w\" loading=\"eager\" style=\"--ratio: 768 \/ 768\" sizes=\"(max-width: 768px) 100vw, 768px\" alt=\"\" title=\"PORTADA\" width=\"768\" height=\"768\"  \/><\/a><div class=\"project-links-container\"><a href=\"https:\/\/delatorrearquitectura.com\/wp-content\/uploads\/2025\/04\/PORTADA-scaled.jpg\" class=\"project-zoom dt-pswp-item dt-single-pswp-popup\" title=\"PORTADA\" data-dt-img-description=\"\" data-large_image_width=\"2560\" data-large_image_height=\"2560\" aria-label=\"Portfolio zoom icon\"><span class=\"icon-portfolio-p203\"><\/span><\/a><a href=\"https:\/\/delatorrearquitectura.com\/ca\/project\/test-2-2-16-2-4-2-2-3\/\" target=\"\" class=\"project-details\" aria-label=\"Details link\"><span class=\"icon-portfolio-p205\"><\/span><\/a><\/div>\n\t<\/div>\n<\/div>\n\n\n<div class=\"post-entry-content\">\n\n\t<h3 class=\"entry-title\">\n\t\t<a href=\"https:\/\/delatorrearquitectura.com\/ca\/project\/test-2-2-16-2-4-2-2-3\/\" target=\"\" title=\"REFORMA I AMPLIACI\u00d3 D&#8217;HABITATGES APARELLATS\" rel=\"bookmark\">REFORMA I AMPLIACI\u00d3 D&#8217;HABITATGES APARELLATS<\/a>\n\t<\/h3>\n\n\t\n\t\n\t<a class=\"post-details details-type-link\" href=\"https:\/\/delatorrearquitectura.com\/ca\/project\/test-2-2-16-2-4-2-2-3\/\" target=\"\">Llegir m\u00e9s<i class=\"dt-icon-the7-arrow-03\" aria-hidden=\"true\"><\/i><\/a>\n<\/div><\/article><\/div><div class=\"visible wf-cell\" data-post-id=\"26384\" data-date=\"2024-03-07T08:00:48+02:00\" data-name=\"PROMOCI\u00d3 D&#039;HABITATGES ADOSSATS A GRANADA\"><article class=\"post visible post-26384 dt_portfolio type-dt_portfolio status-publish has-post-thumbnail hentry dt_portfolio_category-habitatge dt_portfolio_category-174\" data-name=\"PROMOCI\u00d3 D&#8217;HABITATGES ADOSSATS A GRANADA\" data-date=\"2024-03-07T08:00:48+02:00\">\n\n<div class=\"post-thumbnail-wrap  \">\n\t<div class=\"post-thumbnail\">\n\n\t\t<a href=\"https:\/\/delatorrearquitectura.com\/ca\/project\/test-2-2-16-2-2\/\" class=\"post-thumbnail-rollover layzr-bg\" target=\"\"  aria-label=\"Post image\"><img decoding=\"async\" class=\"iso-lazy-load preload-me iso-lazy-load aspect\" src=\"data:image\/svg+xml,%3Csvg%20xmlns%3D&#39;http%3A%2F%2Fwww.w3.org%2F2000%2Fsvg&#39;%20viewBox%3D&#39;0%200%20768%20768&#39;%2F%3E\" data-src=\"https:\/\/delatorrearquitectura.com\/wp-content\/uploads\/2024\/10\/R1-1-scaled-768x768.jpg\" data-srcset=\"https:\/\/delatorrearquitectura.com\/wp-content\/uploads\/2024\/10\/R1-1-scaled-768x768.jpg 768w, https:\/\/delatorrearquitectura.com\/wp-content\/uploads\/2024\/10\/R1-1-scaled-1152x1152.jpg 1152w\" loading=\"eager\" style=\"--ratio: 768 \/ 768\" sizes=\"(max-width: 768px) 100vw, 768px\" alt=\"\" title=\"R1\" width=\"768\" height=\"768\"  \/><\/a><div class=\"project-links-container\"><a href=\"https:\/\/delatorrearquitectura.com\/wp-content\/uploads\/2024\/10\/R1-1-scaled.jpg\" class=\"project-zoom dt-pswp-item dt-single-pswp-popup\" title=\"R1\" data-dt-img-description=\"\" data-large_image_width=\"2560\" data-large_image_height=\"1440\" aria-label=\"Portfolio zoom icon\"><span class=\"icon-portfolio-p203\"><\/span><\/a><a href=\"https:\/\/delatorrearquitectura.com\/ca\/project\/test-2-2-16-2-2\/\" target=\"\" class=\"project-details\" aria-label=\"Details link\"><span class=\"icon-portfolio-p205\"><\/span><\/a><\/div>\n\t<\/div>\n<\/div>\n\n\n<div class=\"post-entry-content\">\n\n\t<h3 class=\"entry-title\">\n\t\t<a href=\"https:\/\/delatorrearquitectura.com\/ca\/project\/test-2-2-16-2-2\/\" target=\"\" title=\"PROMOCI\u00d3 D&#8217;HABITATGES ADOSSATS A GRANADA\" rel=\"bookmark\">PROMOCI\u00d3 D&#8217;HABITATGES ADOSSATS A GRANADA<\/a>\n\t<\/h3>\n\n\t\n\t\n\t<a class=\"post-details details-type-link\" href=\"https:\/\/delatorrearquitectura.com\/ca\/project\/test-2-2-16-2-2\/\" target=\"\">Llegir m\u00e9s<i class=\"dt-icon-the7-arrow-03\" aria-hidden=\"true\"><\/i><\/a>\n<\/div><\/article><\/div><div class=\"visible wf-cell\" data-post-id=\"30661\" data-date=\"2024-03-07T07:30:52+02:00\" data-name=\"HABITATGE ADOSSAT A ST. JULI\u00c0 DE LLOR-BONMAT\u00cd\"><article class=\"post visible post-30661 dt_portfolio type-dt_portfolio status-publish has-post-thumbnail hentry\" data-name=\"HABITATGE ADOSSAT A ST. JULI\u00c0 DE LLOR-BONMAT\u00cd\" data-date=\"2024-03-07T07:30:52+02:00\">\n\n<div class=\"post-thumbnail-wrap  \">\n\t<div class=\"post-thumbnail\">\n\n\t\t<a href=\"https:\/\/delatorrearquitectura.com\/ca\/project\/test-2-2-16-2-4-2-2-4\/\" class=\"post-thumbnail-rollover layzr-bg\" target=\"\"  aria-label=\"Post image\"><img decoding=\"async\" class=\"iso-lazy-load preload-me iso-lazy-load aspect\" src=\"data:image\/svg+xml,%3Csvg%20xmlns%3D&#39;http%3A%2F%2Fwww.w3.org%2F2000%2Fsvg&#39;%20viewBox%3D&#39;0%200%20768%20768&#39;%2F%3E\" data-src=\"https:\/\/delatorrearquitectura.com\/wp-content\/uploads\/2025\/07\/st.-julia-3-insta-768x768.jpg\" data-srcset=\"https:\/\/delatorrearquitectura.com\/wp-content\/uploads\/2025\/07\/st.-julia-3-insta-768x768.jpg 768w, https:\/\/delatorrearquitectura.com\/wp-content\/uploads\/2025\/07\/st.-julia-3-insta-1152x1152.jpg 1152w\" loading=\"eager\" style=\"--ratio: 768 \/ 768\" sizes=\"(max-width: 768px) 100vw, 768px\" alt=\"\" title=\"st. julia (3) &#8211; insta\" width=\"768\" height=\"768\"  \/><\/a><div class=\"project-links-container\"><a href=\"https:\/\/delatorrearquitectura.com\/wp-content\/uploads\/2025\/07\/st.-julia-3-insta.jpg\" class=\"project-zoom dt-pswp-item dt-single-pswp-popup\" title=\"st. julia (3) - insta\" data-dt-img-description=\"\" data-large_image_width=\"1367\" data-large_image_height=\"1179\" aria-label=\"Portfolio zoom icon\"><span class=\"icon-portfolio-p203\"><\/span><\/a><a href=\"https:\/\/delatorrearquitectura.com\/ca\/project\/test-2-2-16-2-4-2-2-4\/\" target=\"\" class=\"project-details\" aria-label=\"Details link\"><span class=\"icon-portfolio-p205\"><\/span><\/a><\/div>\n\t<\/div>\n<\/div>\n\n\n<div class=\"post-entry-content\">\n\n\t<h3 class=\"entry-title\">\n\t\t<a href=\"https:\/\/delatorrearquitectura.com\/ca\/project\/test-2-2-16-2-4-2-2-4\/\" target=\"\" title=\"HABITATGE ADOSSAT A ST. JULI\u00c0 DE LLOR-BONMAT\u00cd\" rel=\"bookmark\">HABITATGE ADOSSAT A ST. JULI\u00c0 DE LLOR-BONMAT\u00cd<\/a>\n\t<\/h3>\n\n\t\n\t\n\t<a class=\"post-details details-type-link\" href=\"https:\/\/delatorrearquitectura.com\/ca\/project\/test-2-2-16-2-4-2-2-4\/\" target=\"\">Llegir m\u00e9s<i class=\"dt-icon-the7-arrow-03\" aria-hidden=\"true\"><\/i><\/a>\n<\/div><\/article><\/div><div class=\"visible wf-cell\" data-post-id=\"20608\" data-date=\"2024-03-06T10:47:52+02:00\" data-name=\"REFORMA INTEGRAL D&#039;UN HABITATGE\"><article class=\"post visible post-20608 dt_portfolio type-dt_portfolio status-publish has-post-thumbnail hentry\" data-name=\"REFORMA INTEGRAL D&#8217;UN HABITATGE\" data-date=\"2024-03-06T10:47:52+02:00\">\n\n<div class=\"post-thumbnail-wrap  \">\n\t<div class=\"post-thumbnail\">\n\n\t\t<a href=\"https:\/\/delatorrearquitectura.com\/ca\/project\/test-2-2-2\/\" class=\"post-thumbnail-rollover layzr-bg\" target=\"\"  aria-label=\"Post image\"><img decoding=\"async\" class=\"iso-lazy-load preload-me iso-lazy-load aspect\" src=\"data:image\/svg+xml,%3Csvg%20xmlns%3D&#39;http%3A%2F%2Fwww.w3.org%2F2000%2Fsvg&#39;%20viewBox%3D&#39;0%200%20768%20768&#39;%2F%3E\" data-src=\"https:\/\/delatorrearquitectura.com\/wp-content\/uploads\/2024\/01\/2B-768x768.jpg\" data-srcset=\"https:\/\/delatorrearquitectura.com\/wp-content\/uploads\/2024\/01\/2B-768x768.jpg 768w, https:\/\/delatorrearquitectura.com\/wp-content\/uploads\/2024\/01\/2B-1152x1152.jpg 1152w\" loading=\"eager\" style=\"--ratio: 768 \/ 768\" sizes=\"(max-width: 768px) 100vw, 768px\" alt=\"\" title=\"2B\" width=\"768\" height=\"768\"  \/><\/a><div class=\"project-links-container\"><a href=\"https:\/\/delatorrearquitectura.com\/wp-content\/uploads\/2024\/01\/2B.jpg\" class=\"project-zoom dt-pswp-item dt-single-pswp-popup\" title=\"2B\" data-dt-img-description=\"\" data-large_image_width=\"1600\" data-large_image_height=\"1200\" aria-label=\"Portfolio zoom icon\"><span class=\"icon-portfolio-p203\"><\/span><\/a><a href=\"https:\/\/delatorrearquitectura.com\/ca\/project\/test-2-2-2\/\" target=\"\" class=\"project-details\" aria-label=\"Details link\"><span class=\"icon-portfolio-p205\"><\/span><\/a><\/div>\n\t<\/div>\n<\/div>\n\n\n<div class=\"post-entry-content\">\n\n\t<h3 class=\"entry-title\">\n\t\t<a href=\"https:\/\/delatorrearquitectura.com\/ca\/project\/test-2-2-2\/\" target=\"\" title=\"REFORMA INTEGRAL D&#8217;UN HABITATGE\" rel=\"bookmark\">REFORMA INTEGRAL D&#8217;UN HABITATGE<\/a>\n\t<\/h3>\n\n\t\n\t\n\t<a class=\"post-details details-type-link\" href=\"https:\/\/delatorrearquitectura.com\/ca\/project\/test-2-2-2\/\" target=\"\">Llegir m\u00e9s<i class=\"dt-icon-the7-arrow-03\" aria-hidden=\"true\"><\/i><\/a>\n<\/div><\/article><\/div><div class=\"visible wf-cell\" data-post-id=\"20586\" data-date=\"2024-03-05T19:37:19+02:00\" data-name=\"NOU EDIFICI D&#039;APARTAMENTS\"><article class=\"post visible post-20586 dt_portfolio type-dt_portfolio status-publish has-post-thumbnail hentry\" data-name=\"NOU EDIFICI D&#8217;APARTAMENTS\" data-date=\"2024-03-05T19:37:19+02:00\">\n\n<div class=\"post-thumbnail-wrap  \">\n\t<div class=\"post-thumbnail\">\n\n\t\t<a href=\"https:\/\/delatorrearquitectura.com\/ca\/project\/test-2-2\/\" class=\"post-thumbnail-rollover layzr-bg\" target=\"\"  aria-label=\"Post image\"><img decoding=\"async\" class=\"iso-lazy-load preload-me iso-lazy-load aspect\" src=\"data:image\/svg+xml,%3Csvg%20xmlns%3D&#39;http%3A%2F%2Fwww.w3.org%2F2000%2Fsvg&#39;%20viewBox%3D&#39;0%200%20768%20768&#39;%2F%3E\" data-src=\"https:\/\/delatorrearquitectura.com\/wp-content\/uploads\/2024\/03\/fotomuntatge-3-scaled-768x768.jpg\" data-srcset=\"https:\/\/delatorrearquitectura.com\/wp-content\/uploads\/2024\/03\/fotomuntatge-3-scaled-768x768.jpg 768w, https:\/\/delatorrearquitectura.com\/wp-content\/uploads\/2024\/03\/fotomuntatge-3-scaled-1152x1152.jpg 1152w\" loading=\"eager\" style=\"--ratio: 768 \/ 768\" sizes=\"(max-width: 768px) 100vw, 768px\" alt=\"\" title=\"fotomuntatge 3\" width=\"768\" height=\"768\"  \/><\/a><div class=\"project-links-container\"><a href=\"https:\/\/delatorrearquitectura.com\/wp-content\/uploads\/2024\/03\/fotomuntatge-3-scaled.jpg\" class=\"project-zoom dt-pswp-item dt-single-pswp-popup\" title=\"fotomuntatge 3\" data-dt-img-description=\"\" data-large_image_width=\"2560\" data-large_image_height=\"1920\" aria-label=\"Portfolio zoom icon\"><span class=\"icon-portfolio-p203\"><\/span><\/a><a href=\"https:\/\/delatorrearquitectura.com\/ca\/project\/test-2-2\/\" target=\"\" class=\"project-details\" aria-label=\"Details link\"><span class=\"icon-portfolio-p205\"><\/span><\/a><\/div>\n\t<\/div>\n<\/div>\n\n\n<div class=\"post-entry-content\">\n\n\t<h3 class=\"entry-title\">\n\t\t<a href=\"https:\/\/delatorrearquitectura.com\/ca\/project\/test-2-2\/\" target=\"\" title=\"NOU EDIFICI D&#8217;APARTAMENTS\" rel=\"bookmark\">NOU EDIFICI D&#8217;APARTAMENTS<\/a>\n\t<\/h3>\n\n\t\n\t\n\t<a class=\"post-details details-type-link\" href=\"https:\/\/delatorrearquitectura.com\/ca\/project\/test-2-2\/\" target=\"\">Llegir m\u00e9s<i class=\"dt-icon-the7-arrow-03\" aria-hidden=\"true\"><\/i><\/a>\n<\/div><\/article><\/div><div class=\"visible wf-cell\" data-post-id=\"25714\" data-date=\"2024-03-05T19:15:59+02:00\" data-name=\"HABITATGE A VILALBA SASSERRA\"><article class=\"post visible post-25714 dt_portfolio type-dt_portfolio status-publish has-post-thumbnail hentry\" data-name=\"HABITATGE A VILALBA SASSERRA\" data-date=\"2024-03-05T19:15:59+02:00\">\n\n<div class=\"post-thumbnail-wrap  \">\n\t<div class=\"post-thumbnail\">\n\n\t\t<a href=\"https:\/\/delatorrearquitectura.com\/ca\/project\/test-2-2-16-2\/\" class=\"post-thumbnail-rollover layzr-bg\" target=\"\"  aria-label=\"Post image\"><img decoding=\"async\" class=\"iso-lazy-load preload-me iso-lazy-load aspect\" src=\"data:image\/svg+xml,%3Csvg%20xmlns%3D&#39;http%3A%2F%2Fwww.w3.org%2F2000%2Fsvg&#39;%20viewBox%3D&#39;0%200%20768%20768&#39;%2F%3E\" data-src=\"https:\/\/delatorrearquitectura.com\/wp-content\/uploads\/2024\/03\/portada2-2-768x768.jpg\" data-srcset=\"https:\/\/delatorrearquitectura.com\/wp-content\/uploads\/2024\/03\/portada2-2-768x768.jpg 768w, https:\/\/delatorrearquitectura.com\/wp-content\/uploads\/2024\/03\/portada2-2-1152x1152.jpg 1152w\" loading=\"eager\" style=\"--ratio: 768 \/ 768\" sizes=\"(max-width: 768px) 100vw, 768px\" alt=\"\" title=\"portada2\" width=\"768\" height=\"768\"  \/><\/a><div class=\"project-links-container\"><a href=\"https:\/\/delatorrearquitectura.com\/wp-content\/uploads\/2024\/03\/portada2-2.jpg\" class=\"project-zoom dt-pswp-item dt-single-pswp-popup\" title=\"portada2\" data-dt-img-description=\"\" data-large_image_width=\"2492\" data-large_image_height=\"2233\" aria-label=\"Portfolio zoom icon\"><span class=\"icon-portfolio-p203\"><\/span><\/a><a href=\"https:\/\/delatorrearquitectura.com\/ca\/project\/test-2-2-16-2\/\" target=\"\" class=\"project-details\" aria-label=\"Details link\"><span class=\"icon-portfolio-p205\"><\/span><\/a><\/div>\n\t<\/div>\n<\/div>\n\n\n<div class=\"post-entry-content\">\n\n\t<h3 class=\"entry-title\">\n\t\t<a href=\"https:\/\/delatorrearquitectura.com\/ca\/project\/test-2-2-16-2\/\" target=\"\" title=\"HABITATGE A VILALBA SASSERRA\" rel=\"bookmark\">HABITATGE A VILALBA SASSERRA<\/a>\n\t<\/h3>\n\n\t\n\t\n\t<a class=\"post-details details-type-link\" href=\"https:\/\/delatorrearquitectura.com\/ca\/project\/test-2-2-16-2\/\" target=\"\">Llegir m\u00e9s<i class=\"dt-icon-the7-arrow-03\" aria-hidden=\"true\"><\/i><\/a>\n<\/div><\/article><\/div><div class=\"visible wf-cell\" data-post-id=\"27393\" data-date=\"2024-03-05T19:07:03+02:00\" data-name=\"REFORMA I AMPLIACI\u00d3 D&#039;HABITATGE\"><article class=\"post visible post-27393 dt_portfolio type-dt_portfolio status-publish has-post-thumbnail hentry dt_portfolio_category-habitatge dt_portfolio_category-174\" data-name=\"REFORMA I AMPLIACI\u00d3 D&#8217;HABITATGE\" data-date=\"2024-03-05T19:07:03+02:00\">\n\n<div class=\"post-thumbnail-wrap  \">\n\t<div class=\"post-thumbnail\">\n\n\t\t<a href=\"https:\/\/delatorrearquitectura.com\/ca\/project\/test-2-2-16-2-2-2-2\/\" class=\"post-thumbnail-rollover layzr-bg\" target=\"\"  aria-label=\"Post image\"><img decoding=\"async\" class=\"iso-lazy-load preload-me iso-lazy-load aspect\" src=\"data:image\/svg+xml,%3Csvg%20xmlns%3D&#39;http%3A%2F%2Fwww.w3.org%2F2000%2Fsvg&#39;%20viewBox%3D&#39;0%200%20768%20768&#39;%2F%3E\" data-src=\"https:\/\/delatorrearquitectura.com\/wp-content\/uploads\/2025\/02\/portada-768x768.jpg\" data-srcset=\"https:\/\/delatorrearquitectura.com\/wp-content\/uploads\/2025\/02\/portada-768x768.jpg 768w, https:\/\/delatorrearquitectura.com\/wp-content\/uploads\/2025\/02\/portada-1125x1125.jpg 1125w\" loading=\"eager\" style=\"--ratio: 768 \/ 768\" sizes=\"(max-width: 768px) 100vw, 768px\" alt=\"\" title=\"portada\" width=\"768\" height=\"768\"  \/><\/a><div class=\"project-links-container\"><a href=\"https:\/\/delatorrearquitectura.com\/wp-content\/uploads\/2025\/02\/portada.jpg\" class=\"project-zoom dt-pswp-item dt-single-pswp-popup\" title=\"portada\" data-dt-img-description=\"\" data-large_image_width=\"1202\" data-large_image_height=\"1125\" aria-label=\"Portfolio zoom icon\"><span class=\"icon-portfolio-p203\"><\/span><\/a><a href=\"https:\/\/delatorrearquitectura.com\/ca\/project\/test-2-2-16-2-2-2-2\/\" target=\"\" class=\"project-details\" aria-label=\"Details link\"><span class=\"icon-portfolio-p205\"><\/span><\/a><\/div>\n\t<\/div>\n<\/div>\n\n\n<div class=\"post-entry-content\">\n\n\t<h3 class=\"entry-title\">\n\t\t<a href=\"https:\/\/delatorrearquitectura.com\/ca\/project\/test-2-2-16-2-2-2-2\/\" target=\"\" title=\"REFORMA I AMPLIACI\u00d3 D&#8217;HABITATGE\" rel=\"bookmark\">REFORMA I AMPLIACI\u00d3 D&#8217;HABITATGE<\/a>\n\t<\/h3>\n\n\t\n\t\n\t<a class=\"post-details details-type-link\" href=\"https:\/\/delatorrearquitectura.com\/ca\/project\/test-2-2-16-2-2-2-2\/\" target=\"\">Llegir m\u00e9s<i class=\"dt-icon-the7-arrow-03\" aria-hidden=\"true\"><\/i><\/a>\n<\/div><\/article><\/div><div class=\"visible wf-cell\" data-post-id=\"20581\" data-date=\"2024-03-05T19:04:58+02:00\" data-name=\"PROMOCI\u00d3 DE NOUS APARTAMENTS\"><article class=\"post visible post-20581 dt_portfolio type-dt_portfolio status-publish has-post-thumbnail hentry\" data-name=\"PROMOCI\u00d3 DE NOUS APARTAMENTS\" data-date=\"2024-03-05T19:04:58+02:00\">\n\n<div class=\"post-thumbnail-wrap  \">\n\t<div class=\"post-thumbnail\">\n\n\t\t<a href=\"https:\/\/delatorrearquitectura.com\/ca\/project\/test-2\/\" class=\"post-thumbnail-rollover layzr-bg\" target=\"\"  aria-label=\"Post image\"><img decoding=\"async\" class=\"iso-lazy-load preload-me iso-lazy-load aspect\" src=\"data:image\/svg+xml,%3Csvg%20xmlns%3D&#39;http%3A%2F%2Fwww.w3.org%2F2000%2Fsvg&#39;%20viewBox%3D&#39;0%200%20768%20768&#39;%2F%3E\" data-src=\"https:\/\/delatorrearquitectura.com\/wp-content\/uploads\/2024\/03\/portadazzzz-768x768.jpg\" data-srcset=\"https:\/\/delatorrearquitectura.com\/wp-content\/uploads\/2024\/03\/portadazzzz-768x768.jpg 768w, https:\/\/delatorrearquitectura.com\/wp-content\/uploads\/2024\/03\/portadazzzz-1152x1152.jpg 1152w\" loading=\"eager\" style=\"--ratio: 768 \/ 768\" sizes=\"(max-width: 768px) 100vw, 768px\" alt=\"\" title=\"portadazzzz\" width=\"768\" height=\"768\"  \/><\/a><div class=\"project-links-container\"><a href=\"https:\/\/delatorrearquitectura.com\/wp-content\/uploads\/2024\/03\/portadazzzz.jpg\" class=\"project-zoom dt-pswp-item dt-single-pswp-popup\" title=\"portadazzzz\" data-dt-img-description=\"\" data-large_image_width=\"2382\" data-large_image_height=\"2311\" aria-label=\"Portfolio zoom icon\"><span class=\"icon-portfolio-p203\"><\/span><\/a><a href=\"https:\/\/delatorrearquitectura.com\/ca\/project\/test-2\/\" target=\"\" class=\"project-details\" aria-label=\"Details link\"><span class=\"icon-portfolio-p205\"><\/span><\/a><\/div>\n\t<\/div>\n<\/div>\n\n\n<div class=\"post-entry-content\">\n\n\t<h3 class=\"entry-title\">\n\t\t<a href=\"https:\/\/delatorrearquitectura.com\/ca\/project\/test-2\/\" target=\"\" title=\"PROMOCI\u00d3 DE NOUS APARTAMENTS\" rel=\"bookmark\">PROMOCI\u00d3 DE NOUS APARTAMENTS<\/a>\n\t<\/h3>\n\n\t\n\t\n\t<a class=\"post-details details-type-link\" href=\"https:\/\/delatorrearquitectura.com\/ca\/project\/test-2\/\" target=\"\">Llegir m\u00e9s<i class=\"dt-icon-the7-arrow-03\" aria-hidden=\"true\"><\/i><\/a>\n<\/div><\/article><\/div><div class=\"visible wf-cell\" data-post-id=\"20785\" data-date=\"2024-03-04T18:48:50+02:00\" data-name=\"HABITATGE A VALLGORGUINA\"><article class=\"post visible post-20785 dt_portfolio type-dt_portfolio status-publish has-post-thumbnail hentry\" data-name=\"HABITATGE A VALLGORGUINA\" data-date=\"2024-03-04T18:48:50+02:00\">\n\n<div class=\"post-thumbnail-wrap  \">\n\t<div class=\"post-thumbnail\">\n\n\t\t<a href=\"https:\/\/delatorrearquitectura.com\/ca\/project\/test-3\/\" class=\"post-thumbnail-rollover layzr-bg\" target=\"\"  aria-label=\"Post image\"><img decoding=\"async\" class=\"iso-lazy-load preload-me iso-lazy-load aspect\" src=\"data:image\/svg+xml,%3Csvg%20xmlns%3D&#39;http%3A%2F%2Fwww.w3.org%2F2000%2Fsvg&#39;%20viewBox%3D&#39;0%200%20768%20768&#39;%2F%3E\" data-src=\"https:\/\/delatorrearquitectura.com\/wp-content\/uploads\/2023\/02\/render-facebook-scaled-768x768.jpg\" data-srcset=\"https:\/\/delatorrearquitectura.com\/wp-content\/uploads\/2023\/02\/render-facebook-scaled-768x768.jpg 768w, https:\/\/delatorrearquitectura.com\/wp-content\/uploads\/2023\/02\/render-facebook-scaled-1152x1152.jpg 1152w\" loading=\"eager\" style=\"--ratio: 768 \/ 768\" sizes=\"(max-width: 768px) 100vw, 768px\" alt=\"\" title=\"render facebook\" width=\"768\" height=\"768\"  \/><\/a><div class=\"project-links-container\"><a href=\"https:\/\/delatorrearquitectura.com\/wp-content\/uploads\/2023\/02\/render-facebook-scaled.jpg\" class=\"project-zoom dt-pswp-item dt-single-pswp-popup\" title=\"render facebook\" data-dt-img-description=\"\" data-large_image_width=\"2560\" data-large_image_height=\"1920\" aria-label=\"Portfolio zoom icon\"><span class=\"icon-portfolio-p203\"><\/span><\/a><a href=\"https:\/\/delatorrearquitectura.com\/ca\/project\/test-3\/\" target=\"\" class=\"project-details\" aria-label=\"Details link\"><span class=\"icon-portfolio-p205\"><\/span><\/a><\/div>\n\t<\/div>\n<\/div>\n\n\n<div class=\"post-entry-content\">\n\n\t<h3 class=\"entry-title\">\n\t\t<a href=\"https:\/\/delatorrearquitectura.com\/ca\/project\/test-3\/\" target=\"\" title=\"HABITATGE A VALLGORGUINA\" rel=\"bookmark\">HABITATGE A VALLGORGUINA<\/a>\n\t<\/h3>\n\n\t\n\t\n\t<a class=\"post-details details-type-link\" href=\"https:\/\/delatorrearquitectura.com\/ca\/project\/test-3\/\" target=\"\">Llegir m\u00e9s<i class=\"dt-icon-the7-arrow-03\" aria-hidden=\"true\"><\/i><\/a>\n<\/div><\/article><\/div><div class=\"visible wf-cell\" data-post-id=\"20696\" data-date=\"2024-03-04T13:24:58+02:00\" data-name=\"HABITATGE AL MARESME\"><article class=\"post visible post-20696 dt_portfolio type-dt_portfolio status-publish has-post-thumbnail hentry\" data-name=\"HABITATGE AL MARESME\" data-date=\"2024-03-04T13:24:58+02:00\">\n\n<div class=\"post-thumbnail-wrap  \">\n\t<div class=\"post-thumbnail\">\n\n\t\t<a href=\"https:\/\/delatorrearquitectura.com\/ca\/project\/test-2-2-2-3-2\/\" class=\"post-thumbnail-rollover layzr-bg\" target=\"\"  aria-label=\"Post image\"><img decoding=\"async\" class=\"iso-lazy-load preload-me iso-lazy-load aspect\" src=\"data:image\/svg+xml,%3Csvg%20xmlns%3D&#39;http%3A%2F%2Fwww.w3.org%2F2000%2Fsvg&#39;%20viewBox%3D&#39;0%200%20768%20768&#39;%2F%3E\" data-src=\"https:\/\/delatorrearquitectura.com\/wp-content\/uploads\/2023\/04\/arenys-5-scaled-768x768.jpg\" data-srcset=\"https:\/\/delatorrearquitectura.com\/wp-content\/uploads\/2023\/04\/arenys-5-scaled-768x768.jpg 768w, https:\/\/delatorrearquitectura.com\/wp-content\/uploads\/2023\/04\/arenys-5-scaled-1152x1152.jpg 1152w\" loading=\"eager\" style=\"--ratio: 768 \/ 768\" sizes=\"(max-width: 768px) 100vw, 768px\" alt=\"\" title=\"arenys (5)\" width=\"768\" height=\"768\"  \/><\/a><div class=\"project-links-container\"><a href=\"https:\/\/delatorrearquitectura.com\/wp-content\/uploads\/2023\/04\/arenys-5-scaled.jpg\" class=\"project-zoom dt-pswp-item dt-single-pswp-popup\" title=\"arenys (5)\" data-dt-img-description=\"\" data-large_image_width=\"2560\" data-large_image_height=\"2371\" aria-label=\"Portfolio zoom icon\"><span class=\"icon-portfolio-p203\"><\/span><\/a><a href=\"https:\/\/delatorrearquitectura.com\/ca\/project\/test-2-2-2-3-2\/\" target=\"\" class=\"project-details\" aria-label=\"Details link\"><span class=\"icon-portfolio-p205\"><\/span><\/a><\/div>\n\t<\/div>\n<\/div>\n\n\n<div class=\"post-entry-content\">\n\n\t<h3 class=\"entry-title\">\n\t\t<a href=\"https:\/\/delatorrearquitectura.com\/ca\/project\/test-2-2-2-3-2\/\" target=\"\" title=\"HABITATGE AL MARESME\" rel=\"bookmark\">HABITATGE AL MARESME<\/a>\n\t<\/h3>\n\n\t\n\t\n\t<a class=\"post-details details-type-link\" href=\"https:\/\/delatorrearquitectura.com\/ca\/project\/test-2-2-2-3-2\/\" target=\"\">Llegir m\u00e9s<i class=\"dt-icon-the7-arrow-03\" aria-hidden=\"true\"><\/i><\/a>\n<\/div><\/article><\/div><div class=\"visible wf-cell\" data-post-id=\"21003\" data-date=\"2024-03-04T13:17:48+02:00\" data-name=\"HABITATGE A RIELLS I VIABREA\"><article class=\"post visible post-21003 dt_portfolio type-dt_portfolio status-publish has-post-thumbnail hentry\" data-name=\"HABITATGE A RIELLS I VIABREA\" data-date=\"2024-03-04T13:17:48+02:00\">\n\n<div class=\"post-thumbnail-wrap  \">\n\t<div class=\"post-thumbnail\">\n\n\t\t<a href=\"https:\/\/delatorrearquitectura.com\/ca\/project\/test-2-2-2-3-2-2-2\/\" class=\"post-thumbnail-rollover layzr-bg\" target=\"\"  aria-label=\"Post image\"><img decoding=\"async\" class=\"iso-lazy-load preload-me iso-lazy-load aspect\" src=\"data:image\/svg+xml,%3Csvg%20xmlns%3D&#39;http%3A%2F%2Fwww.w3.org%2F2000%2Fsvg&#39;%20viewBox%3D&#39;0%200%20768%20768&#39;%2F%3E\" data-src=\"https:\/\/delatorrearquitectura.com\/wp-content\/uploads\/2024\/03\/2-3-scaled-768x768.jpg\" data-srcset=\"https:\/\/delatorrearquitectura.com\/wp-content\/uploads\/2024\/03\/2-3-scaled-768x768.jpg 768w, https:\/\/delatorrearquitectura.com\/wp-content\/uploads\/2024\/03\/2-3-scaled-1152x1152.jpg 1152w\" loading=\"eager\" style=\"--ratio: 768 \/ 768\" sizes=\"(max-width: 768px) 100vw, 768px\" alt=\"\" title=\"2\" width=\"768\" height=\"768\"  \/><\/a><div class=\"project-links-container\"><a href=\"https:\/\/delatorrearquitectura.com\/wp-content\/uploads\/2024\/03\/2-3-scaled.jpg\" class=\"project-zoom dt-pswp-item dt-single-pswp-popup\" title=\"2\" data-dt-img-description=\"\" data-large_image_width=\"2560\" data-large_image_height=\"1824\" aria-label=\"Portfolio zoom icon\"><span class=\"icon-portfolio-p203\"><\/span><\/a><a href=\"https:\/\/delatorrearquitectura.com\/ca\/project\/test-2-2-2-3-2-2-2\/\" target=\"\" class=\"project-details\" aria-label=\"Details link\"><span class=\"icon-portfolio-p205\"><\/span><\/a><\/div>\n\t<\/div>\n<\/div>\n\n\n<div class=\"post-entry-content\">\n\n\t<h3 class=\"entry-title\">\n\t\t<a href=\"https:\/\/delatorrearquitectura.com\/ca\/project\/test-2-2-2-3-2-2-2\/\" target=\"\" title=\"HABITATGE A RIELLS I VIABREA\" rel=\"bookmark\">HABITATGE A RIELLS I VIABREA<\/a>\n\t<\/h3>\n\n\t\n\t\n\t<a class=\"post-details details-type-link\" href=\"https:\/\/delatorrearquitectura.com\/ca\/project\/test-2-2-2-3-2-2-2\/\" target=\"\">Llegir m\u00e9s<i class=\"dt-icon-the7-arrow-03\" aria-hidden=\"true\"><\/i><\/a>\n<\/div><\/article><\/div><div class=\"visible wf-cell\" data-post-id=\"20980\" data-date=\"2024-03-04T13:15:49+02:00\" data-name=\"HABITATGE A SANT CELONI\"><article class=\"post visible post-20980 dt_portfolio type-dt_portfolio status-publish has-post-thumbnail hentry\" data-name=\"HABITATGE A SANT CELONI\" data-date=\"2024-03-04T13:15:49+02:00\">\n\n<div class=\"post-thumbnail-wrap  \">\n\t<div class=\"post-thumbnail\">\n\n\t\t<a href=\"https:\/\/delatorrearquitectura.com\/ca\/project\/test-2-2-2-3-2-2\/\" class=\"post-thumbnail-rollover layzr-bg\" target=\"\"  aria-label=\"Post image\"><img decoding=\"async\" class=\"iso-lazy-load preload-me iso-lazy-load aspect\" src=\"data:image\/svg+xml,%3Csvg%20xmlns%3D&#39;http%3A%2F%2Fwww.w3.org%2F2000%2Fsvg&#39;%20viewBox%3D&#39;0%200%20768%20768&#39;%2F%3E\" data-src=\"https:\/\/delatorrearquitectura.com\/wp-content\/uploads\/2024\/03\/RENDER2-scaled-768x768.jpg\" data-srcset=\"https:\/\/delatorrearquitectura.com\/wp-content\/uploads\/2024\/03\/RENDER2-scaled-768x768.jpg 768w, https:\/\/delatorrearquitectura.com\/wp-content\/uploads\/2024\/03\/RENDER2-scaled-1152x1152.jpg 1152w\" loading=\"eager\" style=\"--ratio: 768 \/ 768\" sizes=\"(max-width: 768px) 100vw, 768px\" alt=\"\" title=\"RENDER2\" width=\"768\" height=\"768\"  \/><\/a><div class=\"project-links-container\"><a href=\"https:\/\/delatorrearquitectura.com\/wp-content\/uploads\/2024\/03\/RENDER2-scaled.jpg\" class=\"project-zoom dt-pswp-item dt-single-pswp-popup\" title=\"RENDER2\" data-dt-img-description=\"\" data-large_image_width=\"2560\" data-large_image_height=\"1440\" aria-label=\"Portfolio zoom icon\"><span class=\"icon-portfolio-p203\"><\/span><\/a><a href=\"https:\/\/delatorrearquitectura.com\/ca\/project\/test-2-2-2-3-2-2\/\" target=\"\" class=\"project-details\" aria-label=\"Details link\"><span class=\"icon-portfolio-p205\"><\/span><\/a><\/div>\n\t<\/div>\n<\/div>\n\n\n<div class=\"post-entry-content\">\n\n\t<h3 class=\"entry-title\">\n\t\t<a href=\"https:\/\/delatorrearquitectura.com\/ca\/project\/test-2-2-2-3-2-2\/\" target=\"\" title=\"HABITATGE A SANT CELONI\" rel=\"bookmark\">HABITATGE A SANT CELONI<\/a>\n\t<\/h3>\n\n\t\n\t\n\t<a class=\"post-details details-type-link\" href=\"https:\/\/delatorrearquitectura.com\/ca\/project\/test-2-2-2-3-2-2\/\" target=\"\">Llegir m\u00e9s<i class=\"dt-icon-the7-arrow-03\" aria-hidden=\"true\"><\/i><\/a>\n<\/div><\/article><\/div><div class=\"visible wf-cell\" data-post-id=\"20679\" data-date=\"2024-03-04T13:12:07+02:00\" data-name=\"HABITATGE A CISTELLA\"><article class=\"post visible post-20679 dt_portfolio type-dt_portfolio status-publish has-post-thumbnail hentry\" data-name=\"HABITATGE A CISTELLA\" data-date=\"2024-03-04T13:12:07+02:00\">\n\n<div class=\"post-thumbnail-wrap  \">\n\t<div class=\"post-thumbnail\">\n\n\t\t<a href=\"https:\/\/delatorrearquitectura.com\/ca\/project\/test-2-2-2-3\/\" class=\"post-thumbnail-rollover layzr-bg\" target=\"\"  aria-label=\"Post image\"><img decoding=\"async\" class=\"iso-lazy-load preload-me iso-lazy-load aspect\" src=\"data:image\/svg+xml,%3Csvg%20xmlns%3D&#39;http%3A%2F%2Fwww.w3.org%2F2000%2Fsvg&#39;%20viewBox%3D&#39;0%200%20768%20768&#39;%2F%3E\" data-src=\"https:\/\/delatorrearquitectura.com\/wp-content\/uploads\/2023\/04\/ESCENA-3-768x768.jpg\" data-srcset=\"https:\/\/delatorrearquitectura.com\/wp-content\/uploads\/2023\/04\/ESCENA-3-768x768.jpg 768w, https:\/\/delatorrearquitectura.com\/wp-content\/uploads\/2023\/04\/ESCENA-3-1152x1152.jpg 1152w\" loading=\"eager\" style=\"--ratio: 768 \/ 768\" sizes=\"(max-width: 768px) 100vw, 768px\" alt=\"\" title=\"ESCENA 3\" width=\"768\" height=\"768\"  \/><\/a><div class=\"project-links-container\"><a href=\"https:\/\/delatorrearquitectura.com\/wp-content\/uploads\/2023\/04\/ESCENA-3.jpg\" class=\"project-zoom dt-pswp-item dt-single-pswp-popup\" title=\"ESCENA 3\" data-dt-img-description=\"\" data-large_image_width=\"2000\" data-large_image_height=\"1200\" aria-label=\"Portfolio zoom icon\"><span class=\"icon-portfolio-p203\"><\/span><\/a><a href=\"https:\/\/delatorrearquitectura.com\/ca\/project\/test-2-2-2-3\/\" target=\"\" class=\"project-details\" aria-label=\"Details link\"><span class=\"icon-portfolio-p205\"><\/span><\/a><\/div>\n\t<\/div>\n<\/div>\n\n\n<div class=\"post-entry-content\">\n\n\t<h3 class=\"entry-title\">\n\t\t<a href=\"https:\/\/delatorrearquitectura.com\/ca\/project\/test-2-2-2-3\/\" target=\"\" title=\"HABITATGE A CISTELLA\" rel=\"bookmark\">HABITATGE A CISTELLA<\/a>\n\t<\/h3>\n\n\t\n\t\n\t<a class=\"post-details details-type-link\" href=\"https:\/\/delatorrearquitectura.com\/ca\/project\/test-2-2-2-3\/\" target=\"\">Llegir m\u00e9s<i class=\"dt-icon-the7-arrow-03\" aria-hidden=\"true\"><\/i><\/a>\n<\/div><\/article><\/div><div class=\"visible wf-cell\" data-post-id=\"20651\" data-date=\"2024-03-04T13:06:45+02:00\" data-name=\"REFORMA DE LOCAL COMERCIAL\"><article class=\"post visible post-20651 dt_portfolio type-dt_portfolio status-publish has-post-thumbnail hentry\" data-name=\"REFORMA DE LOCAL COMERCIAL\" data-date=\"2024-03-04T13:06:45+02:00\">\n\n<div class=\"post-thumbnail-wrap  \">\n\t<div class=\"post-thumbnail\">\n\n\t\t<a href=\"https:\/\/delatorrearquitectura.com\/ca\/project\/test-2-2-2-2\/\" class=\"post-thumbnail-rollover layzr-bg\" target=\"\"  aria-label=\"Post image\"><img decoding=\"async\" class=\"iso-lazy-load preload-me iso-lazy-load aspect\" src=\"data:image\/svg+xml,%3Csvg%20xmlns%3D&#39;http%3A%2F%2Fwww.w3.org%2F2000%2Fsvg&#39;%20viewBox%3D&#39;0%200%20768%20768&#39;%2F%3E\" data-src=\"https:\/\/delatorrearquitectura.com\/wp-content\/uploads\/2024\/03\/0-768x768.jpg\" data-srcset=\"https:\/\/delatorrearquitectura.com\/wp-content\/uploads\/2024\/03\/0-768x768.jpg 768w, https:\/\/delatorrearquitectura.com\/wp-content\/uploads\/2024\/03\/0-1152x1152.jpg 1152w\" loading=\"eager\" style=\"--ratio: 768 \/ 768\" sizes=\"(max-width: 768px) 100vw, 768px\" alt=\"\"  width=\"768\" height=\"768\"  \/><\/a><div class=\"project-links-container\"><a href=\"https:\/\/delatorrearquitectura.com\/wp-content\/uploads\/2024\/03\/0.jpg\" class=\"project-zoom dt-pswp-item dt-single-pswp-popup\" title=\"0\" data-dt-img-description=\"\" data-large_image_width=\"1200\" data-large_image_height=\"1600\" aria-label=\"Portfolio zoom icon\"><span class=\"icon-portfolio-p203\"><\/span><\/a><a href=\"https:\/\/delatorrearquitectura.com\/ca\/project\/test-2-2-2-2\/\" target=\"\" class=\"project-details\" aria-label=\"Details link\"><span class=\"icon-portfolio-p205\"><\/span><\/a><\/div>\n\t<\/div>\n<\/div>\n\n\n<div class=\"post-entry-content\">\n\n\t<h3 class=\"entry-title\">\n\t\t<a href=\"https:\/\/delatorrearquitectura.com\/ca\/project\/test-2-2-2-2\/\" target=\"\" title=\"REFORMA DE LOCAL COMERCIAL\" rel=\"bookmark\">REFORMA DE LOCAL COMERCIAL<\/a>\n\t<\/h3>\n\n\t\n\t\n\t<a class=\"post-details details-type-link\" href=\"https:\/\/delatorrearquitectura.com\/ca\/project\/test-2-2-2-2\/\" target=\"\">Llegir m\u00e9s<i class=\"dt-icon-the7-arrow-03\" aria-hidden=\"true\"><\/i><\/a>\n<\/div><\/article><\/div><div class=\"visible wf-cell\" data-post-id=\"20824\" data-date=\"2024-03-03T22:10:57+02:00\" data-name=\"HABITATGE A VALLGORGUINA\"><article class=\"post visible post-20824 dt_portfolio type-dt_portfolio status-publish has-post-thumbnail hentry\" data-name=\"HABITATGE A VALLGORGUINA\" data-date=\"2024-03-03T22:10:57+02:00\">\n\n<div class=\"post-thumbnail-wrap  \">\n\t<div class=\"post-thumbnail\">\n\n\t\t<a href=\"https:\/\/delatorrearquitectura.com\/ca\/project\/test-3-3\/\" class=\"post-thumbnail-rollover layzr-bg\" target=\"\"  aria-label=\"Post image\"><img decoding=\"async\" class=\"iso-lazy-load preload-me iso-lazy-load aspect\" src=\"data:image\/svg+xml,%3Csvg%20xmlns%3D&#39;http%3A%2F%2Fwww.w3.org%2F2000%2Fsvg&#39;%20viewBox%3D&#39;0%200%20768%20768&#39;%2F%3E\" data-src=\"https:\/\/delatorrearquitectura.com\/wp-content\/uploads\/2024\/03\/portada-5-scaled-768x768.jpg\" data-srcset=\"https:\/\/delatorrearquitectura.com\/wp-content\/uploads\/2024\/03\/portada-5-scaled-768x768.jpg 768w, https:\/\/delatorrearquitectura.com\/wp-content\/uploads\/2024\/03\/portada-5-scaled-1152x1152.jpg 1152w\" loading=\"eager\" style=\"--ratio: 768 \/ 768\" sizes=\"(max-width: 768px) 100vw, 768px\" alt=\"\" title=\"portada\" width=\"768\" height=\"768\"  \/><\/a><div class=\"project-links-container\"><a href=\"https:\/\/delatorrearquitectura.com\/wp-content\/uploads\/2024\/03\/portada-5-scaled.jpg\" class=\"project-zoom dt-pswp-item dt-single-pswp-popup\" title=\"portada\" data-dt-img-description=\"\" data-large_image_width=\"2560\" data-large_image_height=\"2213\" aria-label=\"Portfolio zoom icon\"><span class=\"icon-portfolio-p203\"><\/span><\/a><a href=\"https:\/\/delatorrearquitectura.com\/ca\/project\/test-3-3\/\" target=\"\" class=\"project-details\" aria-label=\"Details link\"><span class=\"icon-portfolio-p205\"><\/span><\/a><\/div>\n\t<\/div>\n<\/div>\n\n\n<div class=\"post-entry-content\">\n\n\t<h3 class=\"entry-title\">\n\t\t<a href=\"https:\/\/delatorrearquitectura.com\/ca\/project\/test-3-3\/\" target=\"\" title=\"HABITATGE A VALLGORGUINA\" rel=\"bookmark\">HABITATGE A VALLGORGUINA<\/a>\n\t<\/h3>\n\n\t\n\t\n\t<a class=\"post-details details-type-link\" href=\"https:\/\/delatorrearquitectura.com\/ca\/project\/test-3-3\/\" target=\"\">Llegir m\u00e9s<i class=\"dt-icon-the7-arrow-03\" aria-hidden=\"true\"><\/i><\/a>\n<\/div><\/article><\/div><div class=\"visible wf-cell\" data-post-id=\"20792\" data-date=\"2024-03-03T18:54:35+02:00\" data-name=\"HABITATGE A VALLGORGUINA\"><article class=\"post visible post-20792 dt_portfolio type-dt_portfolio status-publish has-post-thumbnail hentry\" data-name=\"HABITATGE A VALLGORGUINA\" data-date=\"2024-03-03T18:54:35+02:00\">\n\n<div class=\"post-thumbnail-wrap  \">\n\t<div class=\"post-thumbnail\">\n\n\t\t<a href=\"https:\/\/delatorrearquitectura.com\/ca\/project\/test\/\" class=\"post-thumbnail-rollover layzr-bg\" target=\"\"  aria-label=\"Post image\"><img decoding=\"async\" class=\"iso-lazy-load preload-me iso-lazy-load aspect\" src=\"data:image\/svg+xml,%3Csvg%20xmlns%3D&#39;http%3A%2F%2Fwww.w3.org%2F2000%2Fsvg&#39;%20viewBox%3D&#39;0%200%20768%20768&#39;%2F%3E\" data-src=\"https:\/\/delatorrearquitectura.com\/wp-content\/uploads\/2024\/02\/vallgorguina-1-scaled-768x768.jpg\" data-srcset=\"https:\/\/delatorrearquitectura.com\/wp-content\/uploads\/2024\/02\/vallgorguina-1-scaled-768x768.jpg 768w, https:\/\/delatorrearquitectura.com\/wp-content\/uploads\/2024\/02\/vallgorguina-1-scaled-1152x1152.jpg 1152w\" loading=\"eager\" style=\"--ratio: 768 \/ 768\" sizes=\"(max-width: 768px) 100vw, 768px\" alt=\"\" title=\"vallgorguina 1\" width=\"768\" height=\"768\"  \/><\/a><div class=\"project-links-container\"><a href=\"https:\/\/delatorrearquitectura.com\/wp-content\/uploads\/2024\/02\/vallgorguina-1-scaled.jpg\" class=\"project-zoom dt-pswp-item dt-single-pswp-popup\" title=\"vallgorguina 1\" data-dt-img-description=\"\" data-large_image_width=\"2560\" data-large_image_height=\"1750\" aria-label=\"Portfolio zoom icon\"><span class=\"icon-portfolio-p203\"><\/span><\/a><a href=\"https:\/\/delatorrearquitectura.com\/ca\/project\/test\/\" target=\"\" class=\"project-details\" aria-label=\"Details link\"><span class=\"icon-portfolio-p205\"><\/span><\/a><\/div>\n\t<\/div>\n<\/div>\n\n\n<div class=\"post-entry-content\">\n\n\t<h3 class=\"entry-title\">\n\t\t<a href=\"https:\/\/delatorrearquitectura.com\/ca\/project\/test\/\" target=\"\" title=\"HABITATGE A VALLGORGUINA\" rel=\"bookmark\">HABITATGE A VALLGORGUINA<\/a>\n\t<\/h3>\n\n\t\n\t\n\t<a class=\"post-details details-type-link\" href=\"https:\/\/delatorrearquitectura.com\/ca\/project\/test\/\" target=\"\">Llegir m\u00e9s<i class=\"dt-icon-the7-arrow-03\" aria-hidden=\"true\"><\/i><\/a>\n<\/div><\/article><\/div><div class=\"visible wf-cell\" data-post-id=\"20742\" data-date=\"2024-03-03T18:09:23+02:00\" data-name=\"HABITATGE A RIELLS I VIABREA\"><article class=\"post visible post-20742 dt_portfolio type-dt_portfolio status-publish has-post-thumbnail hentry\" data-name=\"HABITATGE A RIELLS I VIABREA\" data-date=\"2024-03-03T18:09:23+02:00\">\n\n<div class=\"post-thumbnail-wrap  \">\n\t<div class=\"post-thumbnail\">\n\n\t\t<a href=\"https:\/\/delatorrearquitectura.com\/ca\/project\/test-2-2-2-3-4\/\" class=\"post-thumbnail-rollover layzr-bg\" target=\"\"  aria-label=\"Post image\"><img decoding=\"async\" class=\"iso-lazy-load preload-me iso-lazy-load aspect\" src=\"data:image\/svg+xml,%3Csvg%20xmlns%3D&#39;http%3A%2F%2Fwww.w3.org%2F2000%2Fsvg&#39;%20viewBox%3D&#39;0%200%20768%20768&#39;%2F%3E\" data-src=\"https:\/\/delatorrearquitectura.com\/wp-content\/uploads\/2024\/03\/PROPOSTA-3-4-scaled-768x768.jpg\" data-srcset=\"https:\/\/delatorrearquitectura.com\/wp-content\/uploads\/2024\/03\/PROPOSTA-3-4-scaled-768x768.jpg 768w, https:\/\/delatorrearquitectura.com\/wp-content\/uploads\/2024\/03\/PROPOSTA-3-4-scaled-1152x1152.jpg 1152w\" loading=\"eager\" style=\"--ratio: 768 \/ 768\" sizes=\"(max-width: 768px) 100vw, 768px\" alt=\"\" title=\"PROPOSTA 3-4\" width=\"768\" height=\"768\"  \/><\/a><div class=\"project-links-container\"><a href=\"https:\/\/delatorrearquitectura.com\/wp-content\/uploads\/2024\/03\/PROPOSTA-3-4-scaled.jpg\" class=\"project-zoom dt-pswp-item dt-single-pswp-popup\" title=\"PROPOSTA 3-4\" data-dt-img-description=\"\" data-large_image_width=\"2560\" data-large_image_height=\"1434\" aria-label=\"Portfolio zoom icon\"><span class=\"icon-portfolio-p203\"><\/span><\/a><a href=\"https:\/\/delatorrearquitectura.com\/ca\/project\/test-2-2-2-3-4\/\" target=\"\" class=\"project-details\" aria-label=\"Details link\"><span class=\"icon-portfolio-p205\"><\/span><\/a><\/div>\n\t<\/div>\n<\/div>\n\n\n<div class=\"post-entry-content\">\n\n\t<h3 class=\"entry-title\">\n\t\t<a href=\"https:\/\/delatorrearquitectura.com\/ca\/project\/test-2-2-2-3-4\/\" target=\"\" title=\"HABITATGE A RIELLS I VIABREA\" rel=\"bookmark\">HABITATGE A RIELLS I VIABREA<\/a>\n\t<\/h3>\n\n\t\n\t\n\t<a class=\"post-details details-type-link\" href=\"https:\/\/delatorrearquitectura.com\/ca\/project\/test-2-2-2-3-4\/\" target=\"\">Llegir m\u00e9s<i class=\"dt-icon-the7-arrow-03\" aria-hidden=\"true\"><\/i><\/a>\n<\/div><\/article><\/div><div class=\"visible wf-cell\" data-post-id=\"20724\" data-date=\"2024-03-03T17:45:06+02:00\" data-name=\"REMODELACI\u00d3 I AMPLIACI\u00d3 D&#039;HABITATGE\"><article class=\"post visible post-20724 dt_portfolio type-dt_portfolio status-publish has-post-thumbnail hentry\" data-name=\"REMODELACI\u00d3 I AMPLIACI\u00d3 D&#8217;HABITATGE\" data-date=\"2024-03-03T17:45:06+02:00\">\n\n<div class=\"post-thumbnail-wrap  \">\n\t<div class=\"post-thumbnail\">\n\n\t\t<a href=\"https:\/\/delatorrearquitectura.com\/ca\/project\/test-2-2-2-3-3\/\" class=\"post-thumbnail-rollover layzr-bg\" target=\"\"  aria-label=\"Post image\"><img decoding=\"async\" class=\"iso-lazy-load preload-me iso-lazy-load aspect\" src=\"data:image\/svg+xml,%3Csvg%20xmlns%3D&#39;http%3A%2F%2Fwww.w3.org%2F2000%2Fsvg&#39;%20viewBox%3D&#39;0%200%20768%20768&#39;%2F%3E\" data-src=\"https:\/\/delatorrearquitectura.com\/wp-content\/uploads\/2023\/11\/FOTOMUNTATGE_PROVA-ANGULAR-scaled-768x768.jpg\" data-srcset=\"https:\/\/delatorrearquitectura.com\/wp-content\/uploads\/2023\/11\/FOTOMUNTATGE_PROVA-ANGULAR-scaled-768x768.jpg 768w, https:\/\/delatorrearquitectura.com\/wp-content\/uploads\/2023\/11\/FOTOMUNTATGE_PROVA-ANGULAR-scaled-1152x1152.jpg 1152w\" loading=\"eager\" style=\"--ratio: 768 \/ 768\" sizes=\"(max-width: 768px) 100vw, 768px\" alt=\"\" title=\"FOTOMUNTATGE_PROVA ANGULAR\" width=\"768\" height=\"768\"  \/><\/a><div class=\"project-links-container\"><a href=\"https:\/\/delatorrearquitectura.com\/wp-content\/uploads\/2023\/11\/FOTOMUNTATGE_PROVA-ANGULAR-scaled.jpg\" class=\"project-zoom dt-pswp-item dt-single-pswp-popup\" title=\"FOTOMUNTATGE_PROVA ANGULAR\" data-dt-img-description=\"\" data-large_image_width=\"2560\" data-large_image_height=\"1779\" aria-label=\"Portfolio zoom icon\"><span class=\"icon-portfolio-p203\"><\/span><\/a><a href=\"https:\/\/delatorrearquitectura.com\/ca\/project\/test-2-2-2-3-3\/\" target=\"\" class=\"project-details\" aria-label=\"Details link\"><span class=\"icon-portfolio-p205\"><\/span><\/a><\/div>\n\t<\/div>\n<\/div>\n\n\n<div class=\"post-entry-content\">\n\n\t<h3 class=\"entry-title\">\n\t\t<a href=\"https:\/\/delatorrearquitectura.com\/ca\/project\/test-2-2-2-3-3\/\" target=\"\" title=\"REMODELACI\u00d3 I AMPLIACI\u00d3 D&#8217;HABITATGE\" rel=\"bookmark\">REMODELACI\u00d3 I AMPLIACI\u00d3 D&#8217;HABITATGE<\/a>\n\t<\/h3>\n\n\t\n\t\n\t<a class=\"post-details details-type-link\" href=\"https:\/\/delatorrearquitectura.com\/ca\/project\/test-2-2-2-3-3\/\" target=\"\">Llegir m\u00e9s<i class=\"dt-icon-the7-arrow-03\" aria-hidden=\"true\"><\/i><\/a>\n<\/div><\/article><\/div><div class=\"visible wf-cell\" data-post-id=\"20732\" data-date=\"2024-03-02T17:56:58+02:00\" data-name=\"HABITATGE A RIELLS I VIABREA\"><article class=\"post visible post-20732 dt_portfolio type-dt_portfolio status-publish has-post-thumbnail hentry\" data-name=\"HABITATGE A RIELLS I VIABREA\" data-date=\"2024-03-02T17:56:58+02:00\">\n\n<div class=\"post-thumbnail-wrap  \">\n\t<div class=\"post-thumbnail\">\n\n\t\t<a href=\"https:\/\/delatorrearquitectura.com\/ca\/project\/test-2-2-2-3-3-2\/\" class=\"post-thumbnail-rollover layzr-bg\" target=\"\"  aria-label=\"Post image\"><img decoding=\"async\" class=\"iso-lazy-load preload-me iso-lazy-load aspect\" src=\"data:image\/svg+xml,%3Csvg%20xmlns%3D&#39;http%3A%2F%2Fwww.w3.org%2F2000%2Fsvg&#39;%20viewBox%3D&#39;0%200%20768%20768&#39;%2F%3E\" data-src=\"https:\/\/delatorrearquitectura.com\/wp-content\/uploads\/2023\/04\/1-1-768x768.jpg\" data-srcset=\"https:\/\/delatorrearquitectura.com\/wp-content\/uploads\/2023\/04\/1-1-768x768.jpg 768w, https:\/\/delatorrearquitectura.com\/wp-content\/uploads\/2023\/04\/1-1-1152x1152.jpg 1152w\" loading=\"eager\" style=\"--ratio: 768 \/ 768\" sizes=\"(max-width: 768px) 100vw, 768px\" alt=\"\" title=\"1\" width=\"768\" height=\"768\"  \/><\/a><div class=\"project-links-container\"><a href=\"https:\/\/delatorrearquitectura.com\/wp-content\/uploads\/2023\/04\/1-1.jpg\" class=\"project-zoom dt-pswp-item dt-single-pswp-popup\" title=\"1\" data-dt-img-description=\"\" data-large_image_width=\"1900\" data-large_image_height=\"1300\" aria-label=\"Portfolio zoom icon\"><span class=\"icon-portfolio-p203\"><\/span><\/a><a href=\"https:\/\/delatorrearquitectura.com\/ca\/project\/test-2-2-2-3-3-2\/\" target=\"\" class=\"project-details\" aria-label=\"Details link\"><span class=\"icon-portfolio-p205\"><\/span><\/a><\/div>\n\t<\/div>\n<\/div>\n\n\n<div class=\"post-entry-content\">\n\n\t<h3 class=\"entry-title\">\n\t\t<a href=\"https:\/\/delatorrearquitectura.com\/ca\/project\/test-2-2-2-3-3-2\/\" target=\"\" title=\"HABITATGE A RIELLS I VIABREA\" rel=\"bookmark\">HABITATGE A RIELLS I VIABREA<\/a>\n\t<\/h3>\n\n\t\n\t\n\t<a class=\"post-details details-type-link\" href=\"https:\/\/delatorrearquitectura.com\/ca\/project\/test-2-2-2-3-3-2\/\" target=\"\">Llegir m\u00e9s<i class=\"dt-icon-the7-arrow-03\" aria-hidden=\"true\"><\/i><\/a>\n<\/div><\/article><\/div><div class=\"visible wf-cell\" data-post-id=\"20820\" data-date=\"2024-03-02T14:08:23+02:00\" data-name=\"HABITATGE A RIELLS I VIABREA\"><article class=\"post visible post-20820 dt_portfolio type-dt_portfolio status-publish has-post-thumbnail hentry\" data-name=\"HABITATGE A RIELLS I VIABREA\" data-date=\"2024-03-02T14:08:23+02:00\">\n\n<div class=\"post-thumbnail-wrap  \">\n\t<div class=\"post-thumbnail\">\n\n\t\t<a href=\"https:\/\/delatorrearquitectura.com\/ca\/project\/test-3-2\/\" class=\"post-thumbnail-rollover layzr-bg\" target=\"\"  aria-label=\"Post image\"><img decoding=\"async\" class=\"iso-lazy-load preload-me iso-lazy-load aspect\" src=\"data:image\/svg+xml,%3Csvg%20xmlns%3D&#39;http%3A%2F%2Fwww.w3.org%2F2000%2Fsvg&#39;%20viewBox%3D&#39;0%200%20750%20750&#39;%2F%3E\" data-src=\"https:\/\/delatorrearquitectura.com\/wp-content\/uploads\/2023\/02\/ESCENA-8-750x750.jpg\" data-srcset=\"https:\/\/delatorrearquitectura.com\/wp-content\/uploads\/2023\/02\/ESCENA-8-750x750.jpg 750w\" loading=\"eager\" style=\"--ratio: 750 \/ 750\" sizes=\"(max-width: 750px) 100vw, 750px\" alt=\"\" title=\"ESCENA 8\" width=\"750\" height=\"750\"  \/><\/a><div class=\"project-links-container\"><a href=\"https:\/\/delatorrearquitectura.com\/wp-content\/uploads\/2023\/02\/ESCENA-8.jpg\" class=\"project-zoom dt-pswp-item dt-single-pswp-popup\" title=\"ESCENA 8\" data-dt-img-description=\"\" data-large_image_width=\"1000\" data-large_image_height=\"750\" aria-label=\"Portfolio zoom icon\"><span class=\"icon-portfolio-p203\"><\/span><\/a><a href=\"https:\/\/delatorrearquitectura.com\/ca\/project\/test-3-2\/\" target=\"\" class=\"project-details\" aria-label=\"Details link\"><span class=\"icon-portfolio-p205\"><\/span><\/a><\/div>\n\t<\/div>\n<\/div>\n\n\n<div class=\"post-entry-content\">\n\n\t<h3 class=\"entry-title\">\n\t\t<a href=\"https:\/\/delatorrearquitectura.com\/ca\/project\/test-3-2\/\" target=\"\" title=\"HABITATGE A RIELLS I VIABREA\" rel=\"bookmark\">HABITATGE A RIELLS I VIABREA<\/a>\n\t<\/h3>\n\n\t\n\t\n\t<a class=\"post-details details-type-link\" href=\"https:\/\/delatorrearquitectura.com\/ca\/project\/test-3-2\/\" target=\"\">Llegir m\u00e9s<i class=\"dt-icon-the7-arrow-03\" aria-hidden=\"true\"><\/i><\/a>\n<\/div><\/article><\/div><div class=\"visible wf-cell\" data-post-id=\"21130\" data-date=\"2024-03-01T18:22:17+02:00\" data-name=\"HABITATGE A STA. MARIA DE PALAUTORDERA\"><article class=\"post visible post-21130 dt_portfolio type-dt_portfolio status-publish has-post-thumbnail hentry\" data-name=\"HABITATGE A STA. MARIA DE PALAUTORDERA\" data-date=\"2024-03-01T18:22:17+02:00\">\n\n<div class=\"post-thumbnail-wrap  \">\n\t<div class=\"post-thumbnail\">\n\n\t\t<a href=\"https:\/\/delatorrearquitectura.com\/ca\/project\/test-2-2-2-3-2-2-2-2\/\" class=\"post-thumbnail-rollover layzr-bg\" target=\"\"  aria-label=\"Post image\"><img decoding=\"async\" class=\"iso-lazy-load preload-me iso-lazy-load aspect\" src=\"data:image\/svg+xml,%3Csvg%20xmlns%3D&#39;http%3A%2F%2Fwww.w3.org%2F2000%2Fsvg&#39;%20viewBox%3D&#39;0%200%20768%20768&#39;%2F%3E\" data-src=\"https:\/\/delatorrearquitectura.com\/wp-content\/uploads\/2024\/03\/Render-2-768x768.jpg\" data-srcset=\"https:\/\/delatorrearquitectura.com\/wp-content\/uploads\/2024\/03\/Render-2-768x768.jpg 768w, https:\/\/delatorrearquitectura.com\/wp-content\/uploads\/2024\/03\/Render-2-1141x1141.jpg 1141w\" loading=\"eager\" style=\"--ratio: 768 \/ 768\" sizes=\"(max-width: 768px) 100vw, 768px\" alt=\"\" title=\"Render 2\" width=\"768\" height=\"768\"  \/><\/a><div class=\"project-links-container\"><a href=\"https:\/\/delatorrearquitectura.com\/wp-content\/uploads\/2024\/03\/Render-2.jpg\" class=\"project-zoom dt-pswp-item dt-single-pswp-popup\" title=\"Render 2\" data-dt-img-description=\"\" data-large_image_width=\"1495\" data-large_image_height=\"1141\" aria-label=\"Portfolio zoom icon\"><span class=\"icon-portfolio-p203\"><\/span><\/a><a href=\"https:\/\/delatorrearquitectura.com\/ca\/project\/test-2-2-2-3-2-2-2-2\/\" target=\"\" class=\"project-details\" aria-label=\"Details link\"><span class=\"icon-portfolio-p205\"><\/span><\/a><\/div>\n\t<\/div>\n<\/div>\n\n\n<div class=\"post-entry-content\">\n\n\t<h3 class=\"entry-title\">\n\t\t<a href=\"https:\/\/delatorrearquitectura.com\/ca\/project\/test-2-2-2-3-2-2-2-2\/\" target=\"\" title=\"HABITATGE A STA. MARIA DE PALAUTORDERA\" rel=\"bookmark\">HABITATGE A STA. MARIA DE PALAUTORDERA<\/a>\n\t<\/h3>\n\n\t\n\t\n\t<a class=\"post-details details-type-link\" href=\"https:\/\/delatorrearquitectura.com\/ca\/project\/test-2-2-2-3-2-2-2-2\/\" target=\"\">Llegir m\u00e9s<i class=\"dt-icon-the7-arrow-03\" aria-hidden=\"true\"><\/i><\/a>\n<\/div><\/article><\/div><div class=\"visible wf-cell\" data-post-id=\"21087\" data-date=\"2024-03-01T18:03:00+02:00\" data-name=\"HABITATGE A CAMPINS\"><article class=\"post visible post-21087 dt_portfolio type-dt_portfolio status-publish has-post-thumbnail hentry\" data-name=\"HABITATGE A CAMPINS\" data-date=\"2024-03-01T18:03:00+02:00\">\n\n<div class=\"post-thumbnail-wrap  \">\n\t<div class=\"post-thumbnail\">\n\n\t\t<a href=\"https:\/\/delatorrearquitectura.com\/ca\/project\/test-3-4\/\" class=\"post-thumbnail-rollover layzr-bg\" target=\"\"  aria-label=\"Post image\"><img decoding=\"async\" class=\"iso-lazy-load preload-me iso-lazy-load aspect\" src=\"data:image\/svg+xml,%3Csvg%20xmlns%3D&#39;http%3A%2F%2Fwww.w3.org%2F2000%2Fsvg&#39;%20viewBox%3D&#39;0%200%20768%20768&#39;%2F%3E\" data-src=\"https:\/\/delatorrearquitectura.com\/wp-content\/uploads\/2024\/03\/NIT4-768x768.jpg\" data-srcset=\"https:\/\/delatorrearquitectura.com\/wp-content\/uploads\/2024\/03\/NIT4-768x768.jpg 768w, https:\/\/delatorrearquitectura.com\/wp-content\/uploads\/2024\/03\/NIT4-1120x1120.jpg 1120w\" loading=\"eager\" style=\"--ratio: 768 \/ 768\" sizes=\"(max-width: 768px) 100vw, 768px\" alt=\"\" title=\"NIT4\" width=\"768\" height=\"768\"  \/><\/a><div class=\"project-links-container\"><a href=\"https:\/\/delatorrearquitectura.com\/wp-content\/uploads\/2024\/03\/NIT4.jpg\" class=\"project-zoom dt-pswp-item dt-single-pswp-popup\" title=\"NIT4\" data-dt-img-description=\"\" data-large_image_width=\"1400\" data-large_image_height=\"1120\" aria-label=\"Portfolio zoom icon\"><span class=\"icon-portfolio-p203\"><\/span><\/a><a href=\"https:\/\/delatorrearquitectura.com\/ca\/project\/test-3-4\/\" target=\"\" class=\"project-details\" aria-label=\"Details link\"><span class=\"icon-portfolio-p205\"><\/span><\/a><\/div>\n\t<\/div>\n<\/div>\n\n\n<div class=\"post-entry-content\">\n\n\t<h3 class=\"entry-title\">\n\t\t<a href=\"https:\/\/delatorrearquitectura.com\/ca\/project\/test-3-4\/\" target=\"\" title=\"HABITATGE A CAMPINS\" rel=\"bookmark\">HABITATGE A CAMPINS<\/a>\n\t<\/h3>\n\n\t\n\t\n\t<a class=\"post-details details-type-link\" href=\"https:\/\/delatorrearquitectura.com\/ca\/project\/test-3-4\/\" target=\"\">Llegir m\u00e9s<i class=\"dt-icon-the7-arrow-03\" aria-hidden=\"true\"><\/i><\/a>\n<\/div><\/article><\/div><div class=\"visible wf-cell\" data-post-id=\"21342\" data-date=\"2024-03-01T09:38:59+02:00\" data-name=\"HABITATGE A LLORET DE MAR\"><article class=\"post visible post-21342 dt_portfolio type-dt_portfolio status-publish has-post-thumbnail hentry\" data-name=\"HABITATGE A LLORET DE MAR\" data-date=\"2024-03-01T09:38:59+02:00\">\n\n<div class=\"post-thumbnail-wrap  \">\n\t<div class=\"post-thumbnail\">\n\n\t\t<a href=\"https:\/\/delatorrearquitectura.com\/ca\/project\/test-2-2-2-3-2-2-2-3\/\" class=\"post-thumbnail-rollover layzr-bg\" target=\"\"  aria-label=\"Post image\"><img decoding=\"async\" class=\"iso-lazy-load preload-me iso-lazy-load aspect\" src=\"data:image\/svg+xml,%3Csvg%20xmlns%3D&#39;http%3A%2F%2Fwww.w3.org%2F2000%2Fsvg&#39;%20viewBox%3D&#39;0%200%20768%20768&#39;%2F%3E\" data-src=\"https:\/\/delatorrearquitectura.com\/wp-content\/uploads\/2024\/03\/portada2-1-scaled-768x768.jpg\" data-srcset=\"https:\/\/delatorrearquitectura.com\/wp-content\/uploads\/2024\/03\/portada2-1-scaled-768x768.jpg 768w, https:\/\/delatorrearquitectura.com\/wp-content\/uploads\/2024\/03\/portada2-1-scaled-1152x1152.jpg 1152w\" loading=\"eager\" style=\"--ratio: 768 \/ 768\" sizes=\"(max-width: 768px) 100vw, 768px\" alt=\"\" title=\"portada2\" width=\"768\" height=\"768\"  \/><\/a><div class=\"project-links-container\"><a href=\"https:\/\/delatorrearquitectura.com\/wp-content\/uploads\/2024\/03\/portada2-1-scaled.jpg\" class=\"project-zoom dt-pswp-item dt-single-pswp-popup\" title=\"portada2\" data-dt-img-description=\"\" data-large_image_width=\"2560\" data-large_image_height=\"2221\" aria-label=\"Portfolio zoom icon\"><span class=\"icon-portfolio-p203\"><\/span><\/a><a href=\"https:\/\/delatorrearquitectura.com\/ca\/project\/test-2-2-2-3-2-2-2-3\/\" target=\"\" class=\"project-details\" aria-label=\"Details link\"><span class=\"icon-portfolio-p205\"><\/span><\/a><\/div>\n\t<\/div>\n<\/div>\n\n\n<div class=\"post-entry-content\">\n\n\t<h3 class=\"entry-title\">\n\t\t<a href=\"https:\/\/delatorrearquitectura.com\/ca\/project\/test-2-2-2-3-2-2-2-3\/\" target=\"\" title=\"HABITATGE A LLORET DE MAR\" rel=\"bookmark\">HABITATGE A LLORET DE MAR<\/a>\n\t<\/h3>\n\n\t\n\t\n\t<a class=\"post-details details-type-link\" href=\"https:\/\/delatorrearquitectura.com\/ca\/project\/test-2-2-2-3-2-2-2-3\/\" target=\"\">Llegir m\u00e9s<i class=\"dt-icon-the7-arrow-03\" aria-hidden=\"true\"><\/i><\/a>\n<\/div><\/article><\/div><div class=\"visible wf-cell\" data-post-id=\"21161\" data-date=\"2024-02-29T10:55:07+02:00\" data-name=\"HABITATGE A LLEIDA\"><article class=\"post visible post-21161 dt_portfolio type-dt_portfolio status-publish has-post-thumbnail hentry\" data-name=\"HABITATGE A LLEIDA\" data-date=\"2024-02-29T10:55:07+02:00\">\n\n<div class=\"post-thumbnail-wrap  \">\n\t<div class=\"post-thumbnail\">\n\n\t\t<a href=\"https:\/\/delatorrearquitectura.com\/ca\/project\/test-2-2-2-3-2-3\/\" class=\"post-thumbnail-rollover layzr-bg\" target=\"\"  aria-label=\"Post image\"><img decoding=\"async\" class=\"iso-lazy-load preload-me iso-lazy-load aspect\" src=\"data:image\/svg+xml,%3Csvg%20xmlns%3D&#39;http%3A%2F%2Fwww.w3.org%2F2000%2Fsvg&#39;%20viewBox%3D&#39;0%200%20768%20768&#39;%2F%3E\" data-src=\"https:\/\/delatorrearquitectura.com\/wp-content\/uploads\/2024\/02\/lleida-1b2-1-scaled-768x768.jpg\" data-srcset=\"https:\/\/delatorrearquitectura.com\/wp-content\/uploads\/2024\/02\/lleida-1b2-1-scaled-768x768.jpg 768w, https:\/\/delatorrearquitectura.com\/wp-content\/uploads\/2024\/02\/lleida-1b2-1-scaled-1152x1152.jpg 1152w\" loading=\"eager\" style=\"--ratio: 768 \/ 768\" sizes=\"(max-width: 768px) 100vw, 768px\" alt=\"\" title=\"lleida (1)b2\" width=\"768\" height=\"768\"  \/><\/a><div class=\"project-links-container\"><a href=\"https:\/\/delatorrearquitectura.com\/wp-content\/uploads\/2024\/02\/lleida-1b2-1-scaled.jpg\" class=\"project-zoom dt-pswp-item dt-single-pswp-popup\" title=\"lleida (1)b2\" data-dt-img-description=\"\" data-large_image_width=\"2560\" data-large_image_height=\"2487\" aria-label=\"Portfolio zoom icon\"><span class=\"icon-portfolio-p203\"><\/span><\/a><a href=\"https:\/\/delatorrearquitectura.com\/ca\/project\/test-2-2-2-3-2-3\/\" target=\"\" class=\"project-details\" aria-label=\"Details link\"><span class=\"icon-portfolio-p205\"><\/span><\/a><\/div>\n\t<\/div>\n<\/div>\n\n\n<div class=\"post-entry-content\">\n\n\t<h3 class=\"entry-title\">\n\t\t<a href=\"https:\/\/delatorrearquitectura.com\/ca\/project\/test-2-2-2-3-2-3\/\" target=\"\" title=\"HABITATGE A LLEIDA\" rel=\"bookmark\">HABITATGE A LLEIDA<\/a>\n\t<\/h3>\n\n\t\n\t\n\t<a class=\"post-details details-type-link\" href=\"https:\/\/delatorrearquitectura.com\/ca\/project\/test-2-2-2-3-2-3\/\" target=\"\">Llegir m\u00e9s<i class=\"dt-icon-the7-arrow-03\" aria-hidden=\"true\"><\/i><\/a>\n<\/div><\/article><\/div><div class=\"visible wf-cell\" data-post-id=\"21321\" data-date=\"2024-02-28T14:10:26+02:00\" data-name=\"PROMOCI\u00d3 D\u2019HABITATGES\"><article class=\"post visible post-21321 dt_portfolio type-dt_portfolio status-publish has-post-thumbnail hentry\" data-name=\"PROMOCI\u00d3 D\u2019HABITATGES\" data-date=\"2024-02-28T14:10:26+02:00\">\n\n<div class=\"post-thumbnail-wrap  \">\n\t<div class=\"post-thumbnail\">\n\n\t\t<a href=\"https:\/\/delatorrearquitectura.com\/ca\/project\/test-2-2-3\/\" class=\"post-thumbnail-rollover layzr-bg\" target=\"\"  aria-label=\"Post image\"><img decoding=\"async\" class=\"iso-lazy-load preload-me iso-lazy-load aspect\" src=\"data:image\/svg+xml,%3Csvg%20xmlns%3D&#39;http%3A%2F%2Fwww.w3.org%2F2000%2Fsvg&#39;%20viewBox%3D&#39;0%200%20768%20768&#39;%2F%3E\" data-src=\"https:\/\/delatorrearquitectura.com\/wp-content\/uploads\/2024\/03\/PIS-A.-SALA-768x768.jpg\" data-srcset=\"https:\/\/delatorrearquitectura.com\/wp-content\/uploads\/2024\/03\/PIS-A.-SALA-768x768.jpg 768w, https:\/\/delatorrearquitectura.com\/wp-content\/uploads\/2024\/03\/PIS-A.-SALA-1152x1152.jpg 1152w\" loading=\"eager\" style=\"--ratio: 768 \/ 768\" sizes=\"(max-width: 768px) 100vw, 768px\" alt=\"\" title=\"PIS A. SALA\" width=\"768\" height=\"768\"  \/><\/a><div class=\"project-links-container\"><a href=\"https:\/\/delatorrearquitectura.com\/wp-content\/uploads\/2024\/03\/PIS-A.-SALA.jpg\" class=\"project-zoom dt-pswp-item dt-single-pswp-popup\" title=\"PIS A. SALA\" data-dt-img-description=\"\" data-large_image_width=\"1500\" data-large_image_height=\"1200\" aria-label=\"Portfolio zoom icon\"><span class=\"icon-portfolio-p203\"><\/span><\/a><a href=\"https:\/\/delatorrearquitectura.com\/ca\/project\/test-2-2-3\/\" target=\"\" class=\"project-details\" aria-label=\"Details link\"><span class=\"icon-portfolio-p205\"><\/span><\/a><\/div>\n\t<\/div>\n<\/div>\n\n\n<div class=\"post-entry-content\">\n\n\t<h3 class=\"entry-title\">\n\t\t<a href=\"https:\/\/delatorrearquitectura.com\/ca\/project\/test-2-2-3\/\" target=\"\" title=\"PROMOCI\u00d3 D\u2019HABITATGES\" rel=\"bookmark\">PROMOCI\u00d3 D\u2019HABITATGES<\/a>\n\t<\/h3>\n\n\t\n\t\n\t<a class=\"post-details details-type-link\" href=\"https:\/\/delatorrearquitectura.com\/ca\/project\/test-2-2-3\/\" target=\"\">Llegir m\u00e9s<i class=\"dt-icon-the7-arrow-03\" aria-hidden=\"true\"><\/i><\/a>\n<\/div><\/article><\/div><div class=\"visible wf-cell\" data-post-id=\"21263\" data-date=\"2024-02-28T12:23:59+02:00\" data-name=\"ESCOLA D&#039;ESTUDIS ISL\u00c0MICS AMB ORATORI\"><article class=\"post visible post-21263 dt_portfolio type-dt_portfolio status-publish has-post-thumbnail hentry\" data-name=\"ESCOLA D&#8217;ESTUDIS ISL\u00c0MICS AMB ORATORI\" data-date=\"2024-02-28T12:23:59+02:00\">\n\n<div class=\"post-thumbnail-wrap  \">\n\t<div class=\"post-thumbnail\">\n\n\t\t<a href=\"https:\/\/delatorrearquitectura.com\/ca\/project\/test-3-5\/\" class=\"post-thumbnail-rollover layzr-bg\" target=\"\"  aria-label=\"Post image\"><img decoding=\"async\" class=\"iso-lazy-load preload-me iso-lazy-load aspect\" src=\"data:image\/svg+xml,%3Csvg%20xmlns%3D&#39;http%3A%2F%2Fwww.w3.org%2F2000%2Fsvg&#39;%20viewBox%3D&#39;0%200%20768%20768&#39;%2F%3E\" data-src=\"https:\/\/delatorrearquitectura.com\/wp-content\/uploads\/2024\/02\/portada-768x768.jpg\" data-srcset=\"https:\/\/delatorrearquitectura.com\/wp-content\/uploads\/2024\/02\/portada-768x768.jpg 768w, https:\/\/delatorrearquitectura.com\/wp-content\/uploads\/2024\/02\/portada-1152x1152.jpg 1152w\" loading=\"eager\" style=\"--ratio: 768 \/ 768\" sizes=\"(max-width: 768px) 100vw, 768px\" alt=\"\" title=\"portada\" width=\"768\" height=\"768\"  \/><\/a><div class=\"project-links-container\"><a href=\"https:\/\/delatorrearquitectura.com\/wp-content\/uploads\/2024\/02\/portada.jpg\" class=\"project-zoom dt-pswp-item dt-single-pswp-popup\" title=\"portada\" data-dt-img-description=\"\" data-large_image_width=\"2006\" data-large_image_height=\"1571\" aria-label=\"Portfolio zoom icon\"><span class=\"icon-portfolio-p203\"><\/span><\/a><a href=\"https:\/\/delatorrearquitectura.com\/ca\/project\/test-3-5\/\" target=\"\" class=\"project-details\" aria-label=\"Details link\"><span class=\"icon-portfolio-p205\"><\/span><\/a><\/div>\n\t<\/div>\n<\/div>\n\n\n<div class=\"post-entry-content\">\n\n\t<h3 class=\"entry-title\">\n\t\t<a href=\"https:\/\/delatorrearquitectura.com\/ca\/project\/test-3-5\/\" target=\"\" title=\"ESCOLA D&#8217;ESTUDIS ISL\u00c0MICS AMB ORATORI\" rel=\"bookmark\">ESCOLA D&#8217;ESTUDIS ISL\u00c0MICS AMB ORATORI<\/a>\n\t<\/h3>\n\n\t\n\t\n\t<a class=\"post-details details-type-link\" href=\"https:\/\/delatorrearquitectura.com\/ca\/project\/test-3-5\/\" target=\"\">Llegir m\u00e9s<i class=\"dt-icon-the7-arrow-03\" aria-hidden=\"true\"><\/i><\/a>\n<\/div><\/article><\/div><div class=\"visible wf-cell\" data-post-id=\"21378\" data-date=\"2024-02-17T20:02:51+02:00\" data-name=\"PROMOCI\u00d3 D&#039;HABITATGES\"><article class=\"post visible post-21378 dt_portfolio type-dt_portfolio status-publish has-post-thumbnail hentry\" data-name=\"PROMOCI\u00d3 D&#8217;HABITATGES\" data-date=\"2024-02-17T20:02:51+02:00\">\n\n<div class=\"post-thumbnail-wrap  \">\n\t<div class=\"post-thumbnail\">\n\n\t\t<a href=\"https:\/\/delatorrearquitectura.com\/ca\/project\/test-2-2-2-4\/\" class=\"post-thumbnail-rollover layzr-bg\" target=\"\"  aria-label=\"Post image\"><img decoding=\"async\" class=\"iso-lazy-load preload-me iso-lazy-load aspect\" src=\"data:image\/svg+xml,%3Csvg%20xmlns%3D&#39;http%3A%2F%2Fwww.w3.org%2F2000%2Fsvg&#39;%20viewBox%3D&#39;0%200%20768%20768&#39;%2F%3E\" data-src=\"https:\/\/delatorrearquitectura.com\/wp-content\/uploads\/2024\/03\/SALA2-768x768.jpg\" data-srcset=\"https:\/\/delatorrearquitectura.com\/wp-content\/uploads\/2024\/03\/SALA2-768x768.jpg 768w, https:\/\/delatorrearquitectura.com\/wp-content\/uploads\/2024\/03\/SALA2-1152x1152.jpg 1152w\" loading=\"eager\" style=\"--ratio: 768 \/ 768\" sizes=\"(max-width: 768px) 100vw, 768px\" alt=\"\" title=\"SALA2\" width=\"768\" height=\"768\"  \/><\/a><div class=\"project-links-container\"><a href=\"https:\/\/delatorrearquitectura.com\/wp-content\/uploads\/2024\/03\/SALA2.jpg\" class=\"project-zoom dt-pswp-item dt-single-pswp-popup\" title=\"SALA2\" data-dt-img-description=\"\" data-large_image_width=\"1500\" data-large_image_height=\"1500\" aria-label=\"Portfolio zoom icon\"><span class=\"icon-portfolio-p203\"><\/span><\/a><a href=\"https:\/\/delatorrearquitectura.com\/ca\/project\/test-2-2-2-4\/\" target=\"\" class=\"project-details\" aria-label=\"Details link\"><span class=\"icon-portfolio-p205\"><\/span><\/a><\/div>\n\t<\/div>\n<\/div>\n\n\n<div class=\"post-entry-content\">\n\n\t<h3 class=\"entry-title\">\n\t\t<a href=\"https:\/\/delatorrearquitectura.com\/ca\/project\/test-2-2-2-4\/\" target=\"\" title=\"PROMOCI\u00d3 D&#8217;HABITATGES\" rel=\"bookmark\">PROMOCI\u00d3 D&#8217;HABITATGES<\/a>\n\t<\/h3>\n\n\t\n\t\n\t<a class=\"post-details details-type-link\" href=\"https:\/\/delatorrearquitectura.com\/ca\/project\/test-2-2-2-4\/\" target=\"\">Llegir m\u00e9s<i class=\"dt-icon-the7-arrow-03\" aria-hidden=\"true\"><\/i><\/a>\n<\/div><\/article><\/div><div class=\"visible wf-cell\" data-post-id=\"23675\" data-date=\"2024-02-16T20:00:54+02:00\" data-name=\"HABITATGE AMB M\u00d2DULS PREFABRICATS\"><article class=\"post visible post-23675 dt_portfolio type-dt_portfolio status-publish has-post-thumbnail hentry\" data-name=\"HABITATGE AMB M\u00d2DULS PREFABRICATS\" data-date=\"2024-02-16T20:00:54+02:00\">\n\n<div class=\"post-thumbnail-wrap  \">\n\t<div class=\"post-thumbnail\">\n\n\t\t<a href=\"https:\/\/delatorrearquitectura.com\/ca\/project\/test-2-2-14\/\" class=\"post-thumbnail-rollover layzr-bg\" target=\"\"  aria-label=\"Post image\"><img decoding=\"async\" class=\"iso-lazy-load preload-me iso-lazy-load aspect\" src=\"data:image\/svg+xml,%3Csvg%20xmlns%3D&#39;http%3A%2F%2Fwww.w3.org%2F2000%2Fsvg&#39;%20viewBox%3D&#39;0%200%20768%20768&#39;%2F%3E\" data-src=\"https:\/\/delatorrearquitectura.com\/wp-content\/uploads\/2024\/02\/portada2-1-768x768.jpg\" data-srcset=\"https:\/\/delatorrearquitectura.com\/wp-content\/uploads\/2024\/02\/portada2-1-768x768.jpg 768w, https:\/\/delatorrearquitectura.com\/wp-content\/uploads\/2024\/02\/portada2-1-1152x1152.jpg 1152w\" loading=\"eager\" style=\"--ratio: 768 \/ 768\" sizes=\"(max-width: 768px) 100vw, 768px\" alt=\"\" title=\"portada2\" width=\"768\" height=\"768\"  \/><\/a><div class=\"project-links-container\"><a href=\"https:\/\/delatorrearquitectura.com\/wp-content\/uploads\/2024\/02\/portada2-1.jpg\" class=\"project-zoom dt-pswp-item dt-single-pswp-popup\" title=\"portada2\" data-dt-img-description=\"\" data-large_image_width=\"2302\" data-large_image_height=\"2178\" aria-label=\"Portfolio zoom icon\"><span class=\"icon-portfolio-p203\"><\/span><\/a><a href=\"https:\/\/delatorrearquitectura.com\/ca\/project\/test-2-2-14\/\" target=\"\" class=\"project-details\" aria-label=\"Details link\"><span class=\"icon-portfolio-p205\"><\/span><\/a><\/div>\n\t<\/div>\n<\/div>\n\n\n<div class=\"post-entry-content\">\n\n\t<h3 class=\"entry-title\">\n\t\t<a href=\"https:\/\/delatorrearquitectura.com\/ca\/project\/test-2-2-14\/\" target=\"\" title=\"HABITATGE AMB M\u00d2DULS PREFABRICATS\" rel=\"bookmark\">HABITATGE AMB M\u00d2DULS PREFABRICATS<\/a>\n\t<\/h3>\n\n\t\n\t\n\t<a class=\"post-details details-type-link\" href=\"https:\/\/delatorrearquitectura.com\/ca\/project\/test-2-2-14\/\" target=\"\">Llegir m\u00e9s<i class=\"dt-icon-the7-arrow-03\" aria-hidden=\"true\"><\/i><\/a>\n<\/div><\/article><\/div><div class=\"visible wf-cell\" data-post-id=\"21440\" data-date=\"2024-02-16T19:56:18+02:00\" data-name=\"REFORMA I AMPLIACI\u00d3 D&#039;EDIFICI\"><article class=\"post visible post-21440 dt_portfolio type-dt_portfolio status-publish has-post-thumbnail hentry\" data-name=\"REFORMA I AMPLIACI\u00d3 D&#8217;EDIFICI\" data-date=\"2024-02-16T19:56:18+02:00\">\n\n<div class=\"post-thumbnail-wrap  \">\n\t<div class=\"post-thumbnail\">\n\n\t\t<a href=\"https:\/\/delatorrearquitectura.com\/ca\/project\/test-2-2-4\/\" class=\"post-thumbnail-rollover layzr-bg\" target=\"\"  aria-label=\"Post image\"><img decoding=\"async\" class=\"iso-lazy-load preload-me iso-lazy-load aspect\" src=\"data:image\/svg+xml,%3Csvg%20xmlns%3D&#39;http%3A%2F%2Fwww.w3.org%2F2000%2Fsvg&#39;%20viewBox%3D&#39;0%200%20768%20768&#39;%2F%3E\" data-src=\"https:\/\/delatorrearquitectura.com\/wp-content\/uploads\/2024\/02\/portada-2-768x768.jpg\" data-srcset=\"https:\/\/delatorrearquitectura.com\/wp-content\/uploads\/2024\/02\/portada-2-768x768.jpg 768w, https:\/\/delatorrearquitectura.com\/wp-content\/uploads\/2024\/02\/portada-2-1152x1152.jpg 1152w\" loading=\"eager\" style=\"--ratio: 768 \/ 768\" sizes=\"(max-width: 768px) 100vw, 768px\" alt=\"\" title=\"portada\" width=\"768\" height=\"768\"  \/><\/a><div class=\"project-links-container\"><a href=\"https:\/\/delatorrearquitectura.com\/wp-content\/uploads\/2024\/02\/portada-2.jpg\" class=\"project-zoom dt-pswp-item dt-single-pswp-popup\" title=\"portada\" data-dt-img-description=\"\" data-large_image_width=\"2189\" data-large_image_height=\"2163\" aria-label=\"Portfolio zoom icon\"><span class=\"icon-portfolio-p203\"><\/span><\/a><a href=\"https:\/\/delatorrearquitectura.com\/ca\/project\/test-2-2-4\/\" target=\"\" class=\"project-details\" aria-label=\"Details link\"><span class=\"icon-portfolio-p205\"><\/span><\/a><\/div>\n\t<\/div>\n<\/div>\n\n\n<div class=\"post-entry-content\">\n\n\t<h3 class=\"entry-title\">\n\t\t<a href=\"https:\/\/delatorrearquitectura.com\/ca\/project\/test-2-2-4\/\" target=\"\" title=\"REFORMA I AMPLIACI\u00d3 D&#8217;EDIFICI\" rel=\"bookmark\">REFORMA I AMPLIACI\u00d3 D&#8217;EDIFICI<\/a>\n\t<\/h3>\n\n\t\n\t\n\t<a class=\"post-details details-type-link\" href=\"https:\/\/delatorrearquitectura.com\/ca\/project\/test-2-2-4\/\" target=\"\">Llegir m\u00e9s<i class=\"dt-icon-the7-arrow-03\" aria-hidden=\"true\"><\/i><\/a>\n<\/div><\/article><\/div><div class=\"visible wf-cell\" data-post-id=\"21505\" data-date=\"2024-02-15T19:04:42+02:00\" data-name=\"HABITATGE A CAMPINS\"><article class=\"post visible post-21505 dt_portfolio type-dt_portfolio status-publish has-post-thumbnail hentry\" data-name=\"HABITATGE A CAMPINS\" data-date=\"2024-02-15T19:04:42+02:00\">\n\n<div class=\"post-thumbnail-wrap  \">\n\t<div class=\"post-thumbnail\">\n\n\t\t<a href=\"https:\/\/delatorrearquitectura.com\/ca\/project\/test-3-4-2\/\" class=\"post-thumbnail-rollover layzr-bg\" target=\"\"  aria-label=\"Post image\"><img decoding=\"async\" class=\"iso-lazy-load preload-me iso-lazy-load aspect\" src=\"data:image\/svg+xml,%3Csvg%20xmlns%3D&#39;http%3A%2F%2Fwww.w3.org%2F2000%2Fsvg&#39;%20viewBox%3D&#39;0%200%20768%20768&#39;%2F%3E\" data-src=\"https:\/\/delatorrearquitectura.com\/wp-content\/uploads\/2024\/03\/0-3-768x768.jpg\" data-srcset=\"https:\/\/delatorrearquitectura.com\/wp-content\/uploads\/2024\/03\/0-3-768x768.jpg 768w, https:\/\/delatorrearquitectura.com\/wp-content\/uploads\/2024\/03\/0-3-912x912.jpg 912w\" loading=\"eager\" style=\"--ratio: 768 \/ 768\" sizes=\"(max-width: 768px) 100vw, 768px\" alt=\"\"  width=\"768\" height=\"768\"  \/><\/a><div class=\"project-links-container\"><a href=\"https:\/\/delatorrearquitectura.com\/wp-content\/uploads\/2024\/03\/0-3.jpg\" class=\"project-zoom dt-pswp-item dt-single-pswp-popup\" title=\"0\" data-dt-img-description=\"\" data-large_image_width=\"1038\" data-large_image_height=\"912\" aria-label=\"Portfolio zoom icon\"><span class=\"icon-portfolio-p203\"><\/span><\/a><a href=\"https:\/\/delatorrearquitectura.com\/ca\/project\/test-3-4-2\/\" target=\"\" class=\"project-details\" aria-label=\"Details link\"><span class=\"icon-portfolio-p205\"><\/span><\/a><\/div>\n\t<\/div>\n<\/div>\n\n\n<div class=\"post-entry-content\">\n\n\t<h3 class=\"entry-title\">\n\t\t<a href=\"https:\/\/delatorrearquitectura.com\/ca\/project\/test-3-4-2\/\" target=\"\" title=\"HABITATGE A CAMPINS\" rel=\"bookmark\">HABITATGE A CAMPINS<\/a>\n\t<\/h3>\n\n\t\n\t\n\t<a class=\"post-details details-type-link\" href=\"https:\/\/delatorrearquitectura.com\/ca\/project\/test-3-4-2\/\" target=\"\">Llegir m\u00e9s<i class=\"dt-icon-the7-arrow-03\" aria-hidden=\"true\"><\/i><\/a>\n<\/div><\/article><\/div><div class=\"visible wf-cell\" data-post-id=\"21513\" data-date=\"2024-02-14T11:08:21+02:00\" data-name=\"HABITATGE A STA. MARIA DE PALAUTORDERA\"><article class=\"post visible post-21513 dt_portfolio type-dt_portfolio status-publish has-post-thumbnail hentry\" data-name=\"HABITATGE A STA. MARIA DE PALAUTORDERA\" data-date=\"2024-02-14T11:08:21+02:00\">\n\n<div class=\"post-thumbnail-wrap  \">\n\t<div class=\"post-thumbnail\">\n\n\t\t<a href=\"https:\/\/delatorrearquitectura.com\/ca\/project\/test-3-6\/\" class=\"post-thumbnail-rollover layzr-bg\" target=\"\"  aria-label=\"Post image\"><img decoding=\"async\" class=\"iso-lazy-load preload-me iso-lazy-load aspect\" src=\"data:image\/svg+xml,%3Csvg%20xmlns%3D&#39;http%3A%2F%2Fwww.w3.org%2F2000%2Fsvg&#39;%20viewBox%3D&#39;0%200%20768%20768&#39;%2F%3E\" data-src=\"https:\/\/delatorrearquitectura.com\/wp-content\/uploads\/2024\/02\/portada2C-scaled-768x768.jpg\" data-srcset=\"https:\/\/delatorrearquitectura.com\/wp-content\/uploads\/2024\/02\/portada2C-scaled-768x768.jpg 768w, https:\/\/delatorrearquitectura.com\/wp-content\/uploads\/2024\/02\/portada2C-scaled-1152x1152.jpg 1152w\" loading=\"eager\" style=\"--ratio: 768 \/ 768\" sizes=\"(max-width: 768px) 100vw, 768px\" alt=\"\" title=\"portada2C\" width=\"768\" height=\"768\"  \/><\/a><div class=\"project-links-container\"><a href=\"https:\/\/delatorrearquitectura.com\/wp-content\/uploads\/2024\/02\/portada2C-scaled.jpg\" class=\"project-zoom dt-pswp-item dt-single-pswp-popup\" title=\"portada2C\" data-dt-img-description=\"\" data-large_image_width=\"2560\" data-large_image_height=\"2280\" aria-label=\"Portfolio zoom icon\"><span class=\"icon-portfolio-p203\"><\/span><\/a><a href=\"https:\/\/delatorrearquitectura.com\/ca\/project\/test-3-6\/\" target=\"\" class=\"project-details\" aria-label=\"Details link\"><span class=\"icon-portfolio-p205\"><\/span><\/a><\/div>\n\t<\/div>\n<\/div>\n\n\n<div class=\"post-entry-content\">\n\n\t<h3 class=\"entry-title\">\n\t\t<a href=\"https:\/\/delatorrearquitectura.com\/ca\/project\/test-3-6\/\" target=\"\" title=\"HABITATGE A STA. MARIA DE PALAUTORDERA\" rel=\"bookmark\">HABITATGE A STA. MARIA DE PALAUTORDERA<\/a>\n\t<\/h3>\n\n\t\n\t\n\t<a class=\"post-details details-type-link\" href=\"https:\/\/delatorrearquitectura.com\/ca\/project\/test-3-6\/\" target=\"\">Llegir m\u00e9s<i class=\"dt-icon-the7-arrow-03\" aria-hidden=\"true\"><\/i><\/a>\n<\/div><\/article><\/div><div class=\"visible wf-cell\" data-post-id=\"21631\" data-date=\"2024-02-13T14:44:27+02:00\" data-name=\"HABITATGE A VALLGORGUINA\"><article class=\"post visible post-21631 dt_portfolio type-dt_portfolio status-publish has-post-thumbnail hentry\" data-name=\"HABITATGE A VALLGORGUINA\" data-date=\"2024-02-13T14:44:27+02:00\">\n\n<div class=\"post-thumbnail-wrap  \">\n\t<div class=\"post-thumbnail\">\n\n\t\t<a href=\"https:\/\/delatorrearquitectura.com\/ca\/project\/test-2-2-2-3-2-2-2-4\/\" class=\"post-thumbnail-rollover layzr-bg\" target=\"\"  aria-label=\"Post image\"><img decoding=\"async\" class=\"iso-lazy-load preload-me iso-lazy-load aspect\" src=\"data:image\/svg+xml,%3Csvg%20xmlns%3D&#39;http%3A%2F%2Fwww.w3.org%2F2000%2Fsvg&#39;%20viewBox%3D&#39;0%200%20768%20768&#39;%2F%3E\" data-src=\"https:\/\/delatorrearquitectura.com\/wp-content\/uploads\/2024\/02\/RENDER1-B2-768x768.jpg\" data-srcset=\"https:\/\/delatorrearquitectura.com\/wp-content\/uploads\/2024\/02\/RENDER1-B2-768x768.jpg 768w, https:\/\/delatorrearquitectura.com\/wp-content\/uploads\/2024\/02\/RENDER1-B2-800x800.jpg 800w\" loading=\"eager\" style=\"--ratio: 768 \/ 768\" sizes=\"(max-width: 768px) 100vw, 768px\" alt=\"\" title=\"RENDER1-B2\" width=\"768\" height=\"768\"  \/><\/a><div class=\"project-links-container\"><a href=\"https:\/\/delatorrearquitectura.com\/wp-content\/uploads\/2024\/02\/RENDER1-B2.jpg\" class=\"project-zoom dt-pswp-item dt-single-pswp-popup\" title=\"RENDER1-B2\" data-dt-img-description=\"\" data-large_image_width=\"1000\" data-large_image_height=\"800\" aria-label=\"Portfolio zoom icon\"><span class=\"icon-portfolio-p203\"><\/span><\/a><a href=\"https:\/\/delatorrearquitectura.com\/ca\/project\/test-2-2-2-3-2-2-2-4\/\" target=\"\" class=\"project-details\" aria-label=\"Details link\"><span class=\"icon-portfolio-p205\"><\/span><\/a><\/div>\n\t<\/div>\n<\/div>\n\n\n<div class=\"post-entry-content\">\n\n\t<h3 class=\"entry-title\">\n\t\t<a href=\"https:\/\/delatorrearquitectura.com\/ca\/project\/test-2-2-2-3-2-2-2-4\/\" target=\"\" title=\"HABITATGE A VALLGORGUINA\" rel=\"bookmark\">HABITATGE A VALLGORGUINA<\/a>\n\t<\/h3>\n\n\t\n\t\n\t<a class=\"post-details details-type-link\" href=\"https:\/\/delatorrearquitectura.com\/ca\/project\/test-2-2-2-3-2-2-2-4\/\" target=\"\">Llegir m\u00e9s<i class=\"dt-icon-the7-arrow-03\" aria-hidden=\"true\"><\/i><\/a>\n<\/div><\/article><\/div><div class=\"visible wf-cell\" data-post-id=\"21568\" data-date=\"2024-02-13T12:23:11+02:00\" data-name=\"HABITATGE A VALLGORGUINA\"><article class=\"post visible post-21568 dt_portfolio type-dt_portfolio status-publish has-post-thumbnail hentry\" data-name=\"HABITATGE A VALLGORGUINA\" data-date=\"2024-02-13T12:23:11+02:00\">\n\n<div class=\"post-thumbnail-wrap  \">\n\t<div class=\"post-thumbnail\">\n\n\t\t<a href=\"https:\/\/delatorrearquitectura.com\/ca\/project\/test-3-6-2\/\" class=\"post-thumbnail-rollover layzr-bg\" target=\"\"  aria-label=\"Post image\"><img decoding=\"async\" class=\"iso-lazy-load preload-me iso-lazy-load aspect\" src=\"data:image\/svg+xml,%3Csvg%20xmlns%3D&#39;http%3A%2F%2Fwww.w3.org%2F2000%2Fsvg&#39;%20viewBox%3D&#39;0%200%20768%20768&#39;%2F%3E\" data-src=\"https:\/\/delatorrearquitectura.com\/wp-content\/uploads\/2024\/02\/PORTADA-7-768x768.jpg\" data-srcset=\"https:\/\/delatorrearquitectura.com\/wp-content\/uploads\/2024\/02\/PORTADA-7-768x768.jpg 768w, https:\/\/delatorrearquitectura.com\/wp-content\/uploads\/2024\/02\/PORTADA-7-1104x1104.jpg 1104w\" loading=\"eager\" style=\"--ratio: 768 \/ 768\" sizes=\"(max-width: 768px) 100vw, 768px\" alt=\"\" title=\"PORTADA\" width=\"768\" height=\"768\"  \/><\/a><div class=\"project-links-container\"><a href=\"https:\/\/delatorrearquitectura.com\/wp-content\/uploads\/2024\/02\/PORTADA-7.jpg\" class=\"project-zoom dt-pswp-item dt-single-pswp-popup\" title=\"PORTADA\" data-dt-img-description=\"\" data-large_image_width=\"1220\" data-large_image_height=\"1104\" aria-label=\"Portfolio zoom icon\"><span class=\"icon-portfolio-p203\"><\/span><\/a><a href=\"https:\/\/delatorrearquitectura.com\/ca\/project\/test-3-6-2\/\" target=\"\" class=\"project-details\" aria-label=\"Details link\"><span class=\"icon-portfolio-p205\"><\/span><\/a><\/div>\n\t<\/div>\n<\/div>\n\n\n<div class=\"post-entry-content\">\n\n\t<h3 class=\"entry-title\">\n\t\t<a href=\"https:\/\/delatorrearquitectura.com\/ca\/project\/test-3-6-2\/\" target=\"\" title=\"HABITATGE A VALLGORGUINA\" rel=\"bookmark\">HABITATGE A VALLGORGUINA<\/a>\n\t<\/h3>\n\n\t\n\t\n\t<a class=\"post-details details-type-link\" href=\"https:\/\/delatorrearquitectura.com\/ca\/project\/test-3-6-2\/\" target=\"\">Llegir m\u00e9s<i class=\"dt-icon-the7-arrow-03\" aria-hidden=\"true\"><\/i><\/a>\n<\/div><\/article><\/div><div class=\"visible wf-cell\" data-post-id=\"21801\" data-date=\"2024-02-12T20:02:44+02:00\" data-name=\"REFORMA DE L&#039;EDIFICI PUIGDOLLERS\"><article class=\"post visible post-21801 dt_portfolio type-dt_portfolio status-publish has-post-thumbnail hentry\" data-name=\"REFORMA DE L&#8217;EDIFICI PUIGDOLLERS\" data-date=\"2024-02-12T20:02:44+02:00\">\n\n<div class=\"post-thumbnail-wrap  \">\n\t<div class=\"post-thumbnail\">\n\n\t\t<a href=\"https:\/\/delatorrearquitectura.com\/ca\/project\/test-2-2-2-5\/\" class=\"post-thumbnail-rollover layzr-bg\" target=\"\"  aria-label=\"Post image\"><img decoding=\"async\" class=\"iso-lazy-load preload-me iso-lazy-load aspect\" src=\"data:image\/svg+xml,%3Csvg%20xmlns%3D&#39;http%3A%2F%2Fwww.w3.org%2F2000%2Fsvg&#39;%20viewBox%3D&#39;0%200%20768%20768&#39;%2F%3E\" data-src=\"https:\/\/delatorrearquitectura.com\/wp-content\/uploads\/2024\/03\/PORTADA-6-768x768.jpg\" data-srcset=\"https:\/\/delatorrearquitectura.com\/wp-content\/uploads\/2024\/03\/PORTADA-6-768x768.jpg 768w, https:\/\/delatorrearquitectura.com\/wp-content\/uploads\/2024\/03\/PORTADA-6-1152x1152.jpg 1152w\" loading=\"eager\" style=\"--ratio: 768 \/ 768\" sizes=\"(max-width: 768px) 100vw, 768px\" alt=\"\" title=\"PORTADA\" width=\"768\" height=\"768\"  \/><\/a><div class=\"project-links-container\"><a href=\"https:\/\/delatorrearquitectura.com\/wp-content\/uploads\/2024\/03\/PORTADA-6.jpg\" class=\"project-zoom dt-pswp-item dt-single-pswp-popup\" title=\"PORTADA\" data-dt-img-description=\"\" data-large_image_width=\"2000\" data-large_image_height=\"1780\" aria-label=\"Portfolio zoom icon\"><span class=\"icon-portfolio-p203\"><\/span><\/a><a href=\"https:\/\/delatorrearquitectura.com\/ca\/project\/test-2-2-2-5\/\" target=\"\" class=\"project-details\" aria-label=\"Details link\"><span class=\"icon-portfolio-p205\"><\/span><\/a><\/div>\n\t<\/div>\n<\/div>\n\n\n<div class=\"post-entry-content\">\n\n\t<h3 class=\"entry-title\">\n\t\t<a href=\"https:\/\/delatorrearquitectura.com\/ca\/project\/test-2-2-2-5\/\" target=\"\" title=\"REFORMA DE L&#8217;EDIFICI PUIGDOLLERS\" rel=\"bookmark\">REFORMA DE L&#8217;EDIFICI PUIGDOLLERS<\/a>\n\t<\/h3>\n\n\t\n\t\n\t<a class=\"post-details details-type-link\" href=\"https:\/\/delatorrearquitectura.com\/ca\/project\/test-2-2-2-5\/\" target=\"\">Llegir m\u00e9s<i class=\"dt-icon-the7-arrow-03\" aria-hidden=\"true\"><\/i><\/a>\n<\/div><\/article><\/div><div class=\"visible wf-cell\" data-post-id=\"21960\" data-date=\"2024-02-12T14:50:14+02:00\" data-name=\"HABITATGE A CORBERA DE LLOBREGAT\"><article class=\"post visible post-21960 dt_portfolio type-dt_portfolio status-publish has-post-thumbnail hentry\" data-name=\"HABITATGE A CORBERA DE LLOBREGAT\" data-date=\"2024-02-12T14:50:14+02:00\">\n\n<div class=\"post-thumbnail-wrap  \">\n\t<div class=\"post-thumbnail\">\n\n\t\t<a href=\"https:\/\/delatorrearquitectura.com\/ca\/project\/test-2-2-2-7\/\" class=\"post-thumbnail-rollover layzr-bg\" target=\"\"  aria-label=\"Post image\"><img decoding=\"async\" class=\"iso-lazy-load preload-me iso-lazy-load aspect\" src=\"data:image\/svg+xml,%3Csvg%20xmlns%3D&#39;http%3A%2F%2Fwww.w3.org%2F2000%2Fsvg&#39;%20viewBox%3D&#39;0%200%20768%20768&#39;%2F%3E\" data-src=\"https:\/\/delatorrearquitectura.com\/wp-content\/uploads\/2024\/03\/portada2-scaled-768x768.jpg\" data-srcset=\"https:\/\/delatorrearquitectura.com\/wp-content\/uploads\/2024\/03\/portada2-scaled-768x768.jpg 768w, https:\/\/delatorrearquitectura.com\/wp-content\/uploads\/2024\/03\/portada2-scaled-1152x1152.jpg 1152w\" loading=\"eager\" style=\"--ratio: 768 \/ 768\" sizes=\"(max-width: 768px) 100vw, 768px\" alt=\"\" title=\"portada2\" width=\"768\" height=\"768\"  \/><\/a><div class=\"project-links-container\"><a href=\"https:\/\/delatorrearquitectura.com\/wp-content\/uploads\/2024\/03\/portada2-scaled.jpg\" class=\"project-zoom dt-pswp-item dt-single-pswp-popup\" title=\"portada2\" data-dt-img-description=\"\" data-large_image_width=\"2560\" data-large_image_height=\"2330\" aria-label=\"Portfolio zoom icon\"><span class=\"icon-portfolio-p203\"><\/span><\/a><a href=\"https:\/\/delatorrearquitectura.com\/ca\/project\/test-2-2-2-7\/\" target=\"\" class=\"project-details\" aria-label=\"Details link\"><span class=\"icon-portfolio-p205\"><\/span><\/a><\/div>\n\t<\/div>\n<\/div>\n\n\n<div class=\"post-entry-content\">\n\n\t<h3 class=\"entry-title\">\n\t\t<a href=\"https:\/\/delatorrearquitectura.com\/ca\/project\/test-2-2-2-7\/\" target=\"\" title=\"HABITATGE A CORBERA DE LLOBREGAT\" rel=\"bookmark\">HABITATGE A CORBERA DE LLOBREGAT<\/a>\n\t<\/h3>\n\n\t\n\t\n\t<a class=\"post-details details-type-link\" href=\"https:\/\/delatorrearquitectura.com\/ca\/project\/test-2-2-2-7\/\" target=\"\">Llegir m\u00e9s<i class=\"dt-icon-the7-arrow-03\" aria-hidden=\"true\"><\/i><\/a>\n<\/div><\/article><\/div><div class=\"visible wf-cell\" data-post-id=\"21906\" data-date=\"2024-02-11T19:44:33+02:00\" data-name=\"CENTRE DE RETIRS A LA COSTA BRAVA\"><article class=\"post visible post-21906 dt_portfolio type-dt_portfolio status-publish has-post-thumbnail hentry\" data-name=\"CENTRE DE RETIRS A LA COSTA BRAVA\" data-date=\"2024-02-11T19:44:33+02:00\">\n\n<div class=\"post-thumbnail-wrap  \">\n\t<div class=\"post-thumbnail\">\n\n\t\t<a href=\"https:\/\/delatorrearquitectura.com\/ca\/project\/test-2-2-5\/\" class=\"post-thumbnail-rollover layzr-bg\" target=\"\"  aria-label=\"Post image\"><img decoding=\"async\" class=\"iso-lazy-load preload-me iso-lazy-load aspect\" src=\"data:image\/svg+xml,%3Csvg%20xmlns%3D&#39;http%3A%2F%2Fwww.w3.org%2F2000%2Fsvg&#39;%20viewBox%3D&#39;0%200%20768%20768&#39;%2F%3E\" data-src=\"https:\/\/delatorrearquitectura.com\/wp-content\/uploads\/2024\/03\/PORTADA-8-768x768.jpg\" data-srcset=\"https:\/\/delatorrearquitectura.com\/wp-content\/uploads\/2024\/03\/PORTADA-8-768x768.jpg 768w, https:\/\/delatorrearquitectura.com\/wp-content\/uploads\/2024\/03\/PORTADA-8-1152x1152.jpg 1152w\" loading=\"eager\" style=\"--ratio: 768 \/ 768\" sizes=\"(max-width: 768px) 100vw, 768px\" alt=\"\" title=\"PORTADA\" width=\"768\" height=\"768\"  \/><\/a><div class=\"project-links-container\"><a href=\"https:\/\/delatorrearquitectura.com\/wp-content\/uploads\/2024\/03\/PORTADA-8.jpg\" class=\"project-zoom dt-pswp-item dt-single-pswp-popup\" title=\"PORTADA\" data-dt-img-description=\"\" data-large_image_width=\"1228\" data-large_image_height=\"1192\" aria-label=\"Portfolio zoom icon\"><span class=\"icon-portfolio-p203\"><\/span><\/a><a href=\"https:\/\/delatorrearquitectura.com\/ca\/project\/test-2-2-5\/\" target=\"\" class=\"project-details\" aria-label=\"Details link\"><span class=\"icon-portfolio-p205\"><\/span><\/a><\/div>\n\t<\/div>\n<\/div>\n\n\n<div class=\"post-entry-content\">\n\n\t<h3 class=\"entry-title\">\n\t\t<a href=\"https:\/\/delatorrearquitectura.com\/ca\/project\/test-2-2-5\/\" target=\"\" title=\"CENTRE DE RETIRS A LA COSTA BRAVA\" rel=\"bookmark\">CENTRE DE RETIRS A LA COSTA BRAVA<\/a>\n\t<\/h3>\n\n\t\n\t\n\t<a class=\"post-details details-type-link\" href=\"https:\/\/delatorrearquitectura.com\/ca\/project\/test-2-2-5\/\" target=\"\">Llegir m\u00e9s<i class=\"dt-icon-the7-arrow-03\" aria-hidden=\"true\"><\/i><\/a>\n<\/div><\/article><\/div><div class=\"visible wf-cell\" data-post-id=\"21826\" data-date=\"2024-02-11T18:40:33+02:00\" data-name=\"REFORMA I AMPLIACI\u00d3 D&#039;UN HABITATGE\"><article class=\"post visible post-21826 dt_portfolio type-dt_portfolio status-publish has-post-thumbnail hentry\" data-name=\"REFORMA I AMPLIACI\u00d3 D&#8217;UN HABITATGE\" data-date=\"2024-02-11T18:40:33+02:00\">\n\n<div class=\"post-thumbnail-wrap  \">\n\t<div class=\"post-thumbnail\">\n\n\t\t<a href=\"https:\/\/delatorrearquitectura.com\/ca\/project\/test-2-2-2-6\/\" class=\"post-thumbnail-rollover layzr-bg\" target=\"\"  aria-label=\"Post image\"><img decoding=\"async\" class=\"iso-lazy-load preload-me iso-lazy-load aspect\" src=\"data:image\/svg+xml,%3Csvg%20xmlns%3D&#39;http%3A%2F%2Fwww.w3.org%2F2000%2Fsvg&#39;%20viewBox%3D&#39;0%200%20768%20768&#39;%2F%3E\" data-src=\"https:\/\/delatorrearquitectura.com\/wp-content\/uploads\/2024\/03\/portada-7-scaled-768x768.jpg\" data-srcset=\"https:\/\/delatorrearquitectura.com\/wp-content\/uploads\/2024\/03\/portada-7-scaled-768x768.jpg 768w, https:\/\/delatorrearquitectura.com\/wp-content\/uploads\/2024\/03\/portada-7-scaled-1152x1152.jpg 1152w\" loading=\"eager\" style=\"--ratio: 768 \/ 768\" sizes=\"(max-width: 768px) 100vw, 768px\" alt=\"\" title=\"portada\" width=\"768\" height=\"768\"  \/><\/a><div class=\"project-links-container\"><a href=\"https:\/\/delatorrearquitectura.com\/wp-content\/uploads\/2024\/03\/portada-7-scaled.jpg\" class=\"project-zoom dt-pswp-item dt-single-pswp-popup\" title=\"portada\" data-dt-img-description=\"\" data-large_image_width=\"2523\" data-large_image_height=\"2560\" aria-label=\"Portfolio zoom icon\"><span class=\"icon-portfolio-p203\"><\/span><\/a><a href=\"https:\/\/delatorrearquitectura.com\/ca\/project\/test-2-2-2-6\/\" target=\"\" class=\"project-details\" aria-label=\"Details link\"><span class=\"icon-portfolio-p205\"><\/span><\/a><\/div>\n\t<\/div>\n<\/div>\n\n\n<div class=\"post-entry-content\">\n\n\t<h3 class=\"entry-title\">\n\t\t<a href=\"https:\/\/delatorrearquitectura.com\/ca\/project\/test-2-2-2-6\/\" target=\"\" title=\"REFORMA I AMPLIACI\u00d3 D&#8217;UN HABITATGE\" rel=\"bookmark\">REFORMA I AMPLIACI\u00d3 D&#8217;UN HABITATGE<\/a>\n\t<\/h3>\n\n\t\n\t\n\t<a class=\"post-details details-type-link\" href=\"https:\/\/delatorrearquitectura.com\/ca\/project\/test-2-2-2-6\/\" target=\"\">Llegir m\u00e9s<i class=\"dt-icon-the7-arrow-03\" aria-hidden=\"true\"><\/i><\/a>\n<\/div><\/article><\/div><div class=\"visible wf-cell\" data-post-id=\"22197\" data-date=\"2024-02-10T17:54:49+02:00\" data-name=\"PAVELL\u00d3 PER AL JARD\u00cd D&#039;UNA FINCA\"><article class=\"post visible post-22197 dt_portfolio type-dt_portfolio status-publish has-post-thumbnail hentry\" data-name=\"PAVELL\u00d3 PER AL JARD\u00cd D&#8217;UNA FINCA\" data-date=\"2024-02-10T17:54:49+02:00\">\n\n<div class=\"post-thumbnail-wrap  \">\n\t<div class=\"post-thumbnail\">\n\n\t\t<a href=\"https:\/\/delatorrearquitectura.com\/ca\/project\/test-3-7\/\" class=\"post-thumbnail-rollover layzr-bg\" target=\"\"  aria-label=\"Post image\"><img decoding=\"async\" class=\"iso-lazy-load preload-me iso-lazy-load aspect\" src=\"data:image\/svg+xml,%3Csvg%20xmlns%3D&#39;http%3A%2F%2Fwww.w3.org%2F2000%2Fsvg&#39;%20viewBox%3D&#39;0%200%20768%20768&#39;%2F%3E\" data-src=\"https:\/\/delatorrearquitectura.com\/wp-content\/uploads\/2024\/02\/portada-6-768x768.jpg\" data-srcset=\"https:\/\/delatorrearquitectura.com\/wp-content\/uploads\/2024\/02\/portada-6-768x768.jpg 768w, https:\/\/delatorrearquitectura.com\/wp-content\/uploads\/2024\/02\/portada-6-1152x1152.jpg 1152w\" loading=\"eager\" style=\"--ratio: 768 \/ 768\" sizes=\"(max-width: 768px) 100vw, 768px\" alt=\"\" title=\"portada\" width=\"768\" height=\"768\"  \/><\/a><div class=\"project-links-container\"><a href=\"https:\/\/delatorrearquitectura.com\/wp-content\/uploads\/2024\/02\/portada-6.jpg\" class=\"project-zoom dt-pswp-item dt-single-pswp-popup\" title=\"portada\" data-dt-img-description=\"\" data-large_image_width=\"2328\" data-large_image_height=\"2190\" aria-label=\"Portfolio zoom icon\"><span class=\"icon-portfolio-p203\"><\/span><\/a><a href=\"https:\/\/delatorrearquitectura.com\/ca\/project\/test-3-7\/\" target=\"\" class=\"project-details\" aria-label=\"Details link\"><span class=\"icon-portfolio-p205\"><\/span><\/a><\/div>\n\t<\/div>\n<\/div>\n\n\n<div class=\"post-entry-content\">\n\n\t<h3 class=\"entry-title\">\n\t\t<a href=\"https:\/\/delatorrearquitectura.com\/ca\/project\/test-3-7\/\" target=\"\" title=\"PAVELL\u00d3 PER AL JARD\u00cd D&#8217;UNA FINCA\" rel=\"bookmark\">PAVELL\u00d3 PER AL JARD\u00cd D&#8217;UNA FINCA<\/a>\n\t<\/h3>\n\n\t\n\t\n\t<a class=\"post-details details-type-link\" href=\"https:\/\/delatorrearquitectura.com\/ca\/project\/test-3-7\/\" target=\"\">Llegir m\u00e9s<i class=\"dt-icon-the7-arrow-03\" aria-hidden=\"true\"><\/i><\/a>\n<\/div><\/article><\/div><div class=\"visible wf-cell\" data-post-id=\"22308\" data-date=\"2024-02-10T17:15:09+02:00\" data-name=\"HABITATGE A CERVELL\u00d3\"><article class=\"post visible post-22308 dt_portfolio type-dt_portfolio status-publish has-post-thumbnail hentry\" data-name=\"HABITATGE A CERVELL\u00d3\" data-date=\"2024-02-10T17:15:09+02:00\">\n\n<div class=\"post-thumbnail-wrap  \">\n\t<div class=\"post-thumbnail\">\n\n\t\t<a href=\"https:\/\/delatorrearquitectura.com\/ca\/project\/test-3-8\/\" class=\"post-thumbnail-rollover layzr-bg\" target=\"\"  aria-label=\"Post image\"><img decoding=\"async\" class=\"iso-lazy-load preload-me iso-lazy-load aspect\" src=\"data:image\/svg+xml,%3Csvg%20xmlns%3D&#39;http%3A%2F%2Fwww.w3.org%2F2000%2Fsvg&#39;%20viewBox%3D&#39;0%200%20768%20768&#39;%2F%3E\" data-src=\"https:\/\/delatorrearquitectura.com\/wp-content\/uploads\/2024\/02\/p02-scaled-768x768.jpg\" data-srcset=\"https:\/\/delatorrearquitectura.com\/wp-content\/uploads\/2024\/02\/p02-scaled-768x768.jpg 768w, https:\/\/delatorrearquitectura.com\/wp-content\/uploads\/2024\/02\/p02-scaled-1152x1152.jpg 1152w\" loading=\"eager\" style=\"--ratio: 768 \/ 768\" sizes=\"(max-width: 768px) 100vw, 768px\" alt=\"\" title=\"p02\" width=\"768\" height=\"768\"  \/><\/a><div class=\"project-links-container\"><a href=\"https:\/\/delatorrearquitectura.com\/wp-content\/uploads\/2024\/02\/p02-scaled.jpg\" class=\"project-zoom dt-pswp-item dt-single-pswp-popup\" title=\"p02\" data-dt-img-description=\"\" data-large_image_width=\"2560\" data-large_image_height=\"2451\" aria-label=\"Portfolio zoom icon\"><span class=\"icon-portfolio-p203\"><\/span><\/a><a href=\"https:\/\/delatorrearquitectura.com\/ca\/project\/test-3-8\/\" target=\"\" class=\"project-details\" aria-label=\"Details link\"><span class=\"icon-portfolio-p205\"><\/span><\/a><\/div>\n\t<\/div>\n<\/div>\n\n\n<div class=\"post-entry-content\">\n\n\t<h3 class=\"entry-title\">\n\t\t<a href=\"https:\/\/delatorrearquitectura.com\/ca\/project\/test-3-8\/\" target=\"\" title=\"HABITATGE A CERVELL\u00d3\" rel=\"bookmark\">HABITATGE A CERVELL\u00d3<\/a>\n\t<\/h3>\n\n\t\n\t\n\t<a class=\"post-details details-type-link\" href=\"https:\/\/delatorrearquitectura.com\/ca\/project\/test-3-8\/\" target=\"\">Llegir m\u00e9s<i class=\"dt-icon-the7-arrow-03\" aria-hidden=\"true\"><\/i><\/a>\n<\/div><\/article><\/div><div class=\"visible wf-cell\" data-post-id=\"22179\" data-date=\"2024-02-10T17:11:04+02:00\" data-name=\"REHABILITACI\u00d3 DE REFUGI ANTIAERI\"><article class=\"post visible post-22179 dt_portfolio type-dt_portfolio status-publish has-post-thumbnail hentry\" data-name=\"REHABILITACI\u00d3 DE REFUGI ANTIAERI\" data-date=\"2024-02-10T17:11:04+02:00\">\n\n<div class=\"post-thumbnail-wrap  \">\n\t<div class=\"post-thumbnail\">\n\n\t\t<a href=\"https:\/\/delatorrearquitectura.com\/ca\/project\/test-2-2-6\/\" class=\"post-thumbnail-rollover layzr-bg\" target=\"\"  aria-label=\"Post image\"><img decoding=\"async\" class=\"iso-lazy-load preload-me iso-lazy-load aspect\" src=\"data:image\/svg+xml,%3Csvg%20xmlns%3D&#39;http%3A%2F%2Fwww.w3.org%2F2000%2Fsvg&#39;%20viewBox%3D&#39;0%200%20768%20768&#39;%2F%3E\" data-src=\"https:\/\/delatorrearquitectura.com\/wp-content\/uploads\/2024\/04\/refugi-10-1-scaled-768x768.jpg\" data-srcset=\"https:\/\/delatorrearquitectura.com\/wp-content\/uploads\/2024\/04\/refugi-10-1-scaled-768x768.jpg 768w, https:\/\/delatorrearquitectura.com\/wp-content\/uploads\/2024\/04\/refugi-10-1-scaled-1152x1152.jpg 1152w\" loading=\"eager\" style=\"--ratio: 768 \/ 768\" sizes=\"(max-width: 768px) 100vw, 768px\" alt=\"\" title=\"refugi (10)\" width=\"768\" height=\"768\"  \/><\/a><div class=\"project-links-container\"><a href=\"https:\/\/delatorrearquitectura.com\/wp-content\/uploads\/2024\/04\/refugi-10-1-scaled.jpg\" class=\"project-zoom dt-pswp-item dt-single-pswp-popup\" title=\"refugi (10)\" data-dt-img-description=\"\" data-large_image_width=\"2560\" data-large_image_height=\"1927\" aria-label=\"Portfolio zoom icon\"><span class=\"icon-portfolio-p203\"><\/span><\/a><a href=\"https:\/\/delatorrearquitectura.com\/ca\/project\/test-2-2-6\/\" target=\"\" class=\"project-details\" aria-label=\"Details link\"><span class=\"icon-portfolio-p205\"><\/span><\/a><\/div>\n\t<\/div>\n<\/div>\n\n\n<div class=\"post-entry-content\">\n\n\t<h3 class=\"entry-title\">\n\t\t<a href=\"https:\/\/delatorrearquitectura.com\/ca\/project\/test-2-2-6\/\" target=\"\" title=\"REHABILITACI\u00d3 DE REFUGI ANTIAERI\" rel=\"bookmark\">REHABILITACI\u00d3 DE REFUGI ANTIAERI<\/a>\n\t<\/h3>\n\n\t\n\t\n\t<a class=\"post-details details-type-link\" href=\"https:\/\/delatorrearquitectura.com\/ca\/project\/test-2-2-6\/\" target=\"\">Llegir m\u00e9s<i class=\"dt-icon-the7-arrow-03\" aria-hidden=\"true\"><\/i><\/a>\n<\/div><\/article><\/div><div class=\"visible wf-cell\" data-post-id=\"22123\" data-date=\"2024-02-10T16:37:21+02:00\" data-name=\"HABITATGE A SENTMENAT\"><article class=\"post visible post-22123 dt_portfolio type-dt_portfolio status-publish has-post-thumbnail hentry\" data-name=\"HABITATGE A SENTMENAT\" data-date=\"2024-02-10T16:37:21+02:00\">\n\n<div class=\"post-thumbnail-wrap  \">\n\t<div class=\"post-thumbnail\">\n\n\t\t<a href=\"https:\/\/delatorrearquitectura.com\/ca\/project\/test-2-2-2-6-2\/\" class=\"post-thumbnail-rollover layzr-bg\" target=\"\"  aria-label=\"Post image\"><img decoding=\"async\" class=\"iso-lazy-load preload-me iso-lazy-load aspect\" src=\"data:image\/svg+xml,%3Csvg%20xmlns%3D&#39;http%3A%2F%2Fwww.w3.org%2F2000%2Fsvg&#39;%20viewBox%3D&#39;0%200%20768%20768&#39;%2F%3E\" data-src=\"https:\/\/delatorrearquitectura.com\/wp-content\/uploads\/2024\/04\/google-768x768.jpg\" data-srcset=\"https:\/\/delatorrearquitectura.com\/wp-content\/uploads\/2024\/04\/google-768x768.jpg 768w, https:\/\/delatorrearquitectura.com\/wp-content\/uploads\/2024\/04\/google-849x849.jpg 849w\" loading=\"eager\" style=\"--ratio: 768 \/ 768\" sizes=\"(max-width: 768px) 100vw, 768px\" alt=\"\" title=\"google\" width=\"768\" height=\"768\"  \/><\/a><div class=\"project-links-container\"><a href=\"https:\/\/delatorrearquitectura.com\/wp-content\/uploads\/2024\/04\/google.jpg\" class=\"project-zoom dt-pswp-item dt-single-pswp-popup\" title=\"google\" data-dt-img-description=\"\" data-large_image_width=\"921\" data-large_image_height=\"849\" aria-label=\"Portfolio zoom icon\"><span class=\"icon-portfolio-p203\"><\/span><\/a><a href=\"https:\/\/delatorrearquitectura.com\/ca\/project\/test-2-2-2-6-2\/\" target=\"\" class=\"project-details\" aria-label=\"Details link\"><span class=\"icon-portfolio-p205\"><\/span><\/a><\/div>\n\t<\/div>\n<\/div>\n\n\n<div class=\"post-entry-content\">\n\n\t<h3 class=\"entry-title\">\n\t\t<a href=\"https:\/\/delatorrearquitectura.com\/ca\/project\/test-2-2-2-6-2\/\" target=\"\" title=\"HABITATGE A SENTMENAT\" rel=\"bookmark\">HABITATGE A SENTMENAT<\/a>\n\t<\/h3>\n\n\t\n\t\n\t<a class=\"post-details details-type-link\" href=\"https:\/\/delatorrearquitectura.com\/ca\/project\/test-2-2-2-6-2\/\" target=\"\">Llegir m\u00e9s<i class=\"dt-icon-the7-arrow-03\" aria-hidden=\"true\"><\/i><\/a>\n<\/div><\/article><\/div><div class=\"visible wf-cell\" data-post-id=\"22320\" data-date=\"2024-02-01T13:32:51+02:00\" data-name=\"REFORMA DE VEST\u00cdBUL I DE NUCLI D&#039;ESCALA\"><article class=\"post visible post-22320 dt_portfolio type-dt_portfolio status-publish has-post-thumbnail hentry\" data-name=\"REFORMA DE VEST\u00cdBUL I DE NUCLI D&#8217;ESCALA\" data-date=\"2024-02-01T13:32:51+02:00\">\n\n<div class=\"post-thumbnail-wrap  \">\n\t<div class=\"post-thumbnail\">\n\n\t\t<a href=\"https:\/\/delatorrearquitectura.com\/ca\/project\/test-3-9\/\" class=\"post-thumbnail-rollover layzr-bg\" target=\"\"  aria-label=\"Post image\"><img decoding=\"async\" class=\"iso-lazy-load preload-me iso-lazy-load aspect\" src=\"data:image\/svg+xml,%3Csvg%20xmlns%3D&#39;http%3A%2F%2Fwww.w3.org%2F2000%2Fsvg&#39;%20viewBox%3D&#39;0%200%20768%20768&#39;%2F%3E\" data-src=\"https:\/\/delatorrearquitectura.com\/wp-content\/uploads\/2024\/04\/0-768x768.jpg\" data-srcset=\"https:\/\/delatorrearquitectura.com\/wp-content\/uploads\/2024\/04\/0-768x768.jpg 768w, https:\/\/delatorrearquitectura.com\/wp-content\/uploads\/2024\/04\/0-1152x1152.jpg 1152w\" loading=\"eager\" style=\"--ratio: 768 \/ 768\" sizes=\"(max-width: 768px) 100vw, 768px\" alt=\"\"  width=\"768\" height=\"768\"  \/><\/a><div class=\"project-links-container\"><a href=\"https:\/\/delatorrearquitectura.com\/wp-content\/uploads\/2024\/04\/0.jpg\" class=\"project-zoom dt-pswp-item dt-single-pswp-popup\" title=\"0\" data-dt-img-description=\"\" data-large_image_width=\"1200\" data-large_image_height=\"1200\" aria-label=\"Portfolio zoom icon\"><span class=\"icon-portfolio-p203\"><\/span><\/a><a href=\"https:\/\/delatorrearquitectura.com\/ca\/project\/test-3-9\/\" target=\"\" class=\"project-details\" aria-label=\"Details link\"><span class=\"icon-portfolio-p205\"><\/span><\/a><\/div>\n\t<\/div>\n<\/div>\n\n\n<div class=\"post-entry-content\">\n\n\t<h3 class=\"entry-title\">\n\t\t<a href=\"https:\/\/delatorrearquitectura.com\/ca\/project\/test-3-9\/\" target=\"\" title=\"REFORMA DE VEST\u00cdBUL I DE NUCLI D&#8217;ESCALA\" rel=\"bookmark\">REFORMA DE VEST\u00cdBUL I DE NUCLI D&#8217;ESCALA<\/a>\n\t<\/h3>\n\n\t\n\t\n\t<a class=\"post-details details-type-link\" href=\"https:\/\/delatorrearquitectura.com\/ca\/project\/test-3-9\/\" target=\"\">Llegir m\u00e9s<i class=\"dt-icon-the7-arrow-03\" aria-hidden=\"true\"><\/i><\/a>\n<\/div><\/article><\/div><div class=\"visible wf-cell\" data-post-id=\"22555\" data-date=\"2024-01-31T13:47:37+02:00\" data-name=\"PROMOCI\u00d3 DE NOUS HABITATGES EN UNES ANTIGUES OFICINES\"><article class=\"post visible post-22555 dt_portfolio type-dt_portfolio status-publish has-post-thumbnail hentry\" data-name=\"PROMOCI\u00d3 DE NOUS HABITATGES EN UNES ANTIGUES OFICINES\" data-date=\"2024-01-31T13:47:37+02:00\">\n\n<div class=\"post-thumbnail-wrap  \">\n\t<div class=\"post-thumbnail\">\n\n\t\t<a href=\"https:\/\/delatorrearquitectura.com\/ca\/project\/test-3-11\/\" class=\"post-thumbnail-rollover layzr-bg\" target=\"\"  aria-label=\"Post image\"><img decoding=\"async\" class=\"iso-lazy-load preload-me iso-lazy-load aspect\" src=\"data:image\/svg+xml,%3Csvg%20xmlns%3D&#39;http%3A%2F%2Fwww.w3.org%2F2000%2Fsvg&#39;%20viewBox%3D&#39;0%200%20768%20768&#39;%2F%3E\" data-src=\"https:\/\/delatorrearquitectura.com\/wp-content\/uploads\/2024\/04\/ZZ-scaled-768x768.jpg\" data-srcset=\"https:\/\/delatorrearquitectura.com\/wp-content\/uploads\/2024\/04\/ZZ-scaled-768x768.jpg 768w, https:\/\/delatorrearquitectura.com\/wp-content\/uploads\/2024\/04\/ZZ-scaled-1152x1152.jpg 1152w\" loading=\"eager\" style=\"--ratio: 768 \/ 768\" sizes=\"(max-width: 768px) 100vw, 768px\" alt=\"\" title=\"ZZ\" width=\"768\" height=\"768\"  \/><\/a><div class=\"project-links-container\"><a href=\"https:\/\/delatorrearquitectura.com\/wp-content\/uploads\/2024\/04\/ZZ-scaled.jpg\" class=\"project-zoom dt-pswp-item dt-single-pswp-popup\" title=\"ZZ\" data-dt-img-description=\"\" data-large_image_width=\"2560\" data-large_image_height=\"2500\" aria-label=\"Portfolio zoom icon\"><span class=\"icon-portfolio-p203\"><\/span><\/a><a href=\"https:\/\/delatorrearquitectura.com\/ca\/project\/test-3-11\/\" target=\"\" class=\"project-details\" aria-label=\"Details link\"><span class=\"icon-portfolio-p205\"><\/span><\/a><\/div>\n\t<\/div>\n<\/div>\n\n\n<div class=\"post-entry-content\">\n\n\t<h3 class=\"entry-title\">\n\t\t<a href=\"https:\/\/delatorrearquitectura.com\/ca\/project\/test-3-11\/\" target=\"\" title=\"PROMOCI\u00d3 DE NOUS HABITATGES EN UNES ANTIGUES OFICINES\" rel=\"bookmark\">PROMOCI\u00d3 DE NOUS HABITATGES EN UNES ANTIGUES OFICINES<\/a>\n\t<\/h3>\n\n\t\n\t\n\t<a class=\"post-details details-type-link\" href=\"https:\/\/delatorrearquitectura.com\/ca\/project\/test-3-11\/\" target=\"\">Llegir m\u00e9s<i class=\"dt-icon-the7-arrow-03\" aria-hidden=\"true\"><\/i><\/a>\n<\/div><\/article><\/div><div class=\"visible wf-cell\" data-post-id=\"22533\" data-date=\"2024-01-31T13:37:55+02:00\" data-name=\"REFORMA D&#039;UN HABITATGE\"><article class=\"post visible post-22533 dt_portfolio type-dt_portfolio status-publish has-post-thumbnail hentry\" data-name=\"REFORMA D&#8217;UN HABITATGE\" data-date=\"2024-01-31T13:37:55+02:00\">\n\n<div class=\"post-thumbnail-wrap  \">\n\t<div class=\"post-thumbnail\">\n\n\t\t<a href=\"https:\/\/delatorrearquitectura.com\/ca\/project\/test-2-2-7-2\/\" class=\"post-thumbnail-rollover layzr-bg\" target=\"\"  aria-label=\"Post image\"><img decoding=\"async\" class=\"iso-lazy-load preload-me iso-lazy-load aspect\" src=\"data:image\/svg+xml,%3Csvg%20xmlns%3D&#39;http%3A%2F%2Fwww.w3.org%2F2000%2Fsvg&#39;%20viewBox%3D&#39;0%200%20768%20768&#39;%2F%3E\" data-src=\"https:\/\/delatorrearquitectura.com\/wp-content\/uploads\/2024\/04\/girona-2-768x768.jpg\" data-srcset=\"https:\/\/delatorrearquitectura.com\/wp-content\/uploads\/2024\/04\/girona-2-768x768.jpg 768w, https:\/\/delatorrearquitectura.com\/wp-content\/uploads\/2024\/04\/girona-2-1152x1152.jpg 1152w\" loading=\"eager\" style=\"--ratio: 768 \/ 768\" sizes=\"(max-width: 768px) 100vw, 768px\" alt=\"\" title=\"girona (2)\" width=\"768\" height=\"768\"  \/><\/a><div class=\"project-links-container\"><a href=\"https:\/\/delatorrearquitectura.com\/wp-content\/uploads\/2024\/04\/girona-2.jpg\" class=\"project-zoom dt-pswp-item dt-single-pswp-popup\" title=\"girona (2)\" data-dt-img-description=\"\" data-large_image_width=\"1200\" data-large_image_height=\"1200\" aria-label=\"Portfolio zoom icon\"><span class=\"icon-portfolio-p203\"><\/span><\/a><a href=\"https:\/\/delatorrearquitectura.com\/ca\/project\/test-2-2-7-2\/\" target=\"\" class=\"project-details\" aria-label=\"Details link\"><span class=\"icon-portfolio-p205\"><\/span><\/a><\/div>\n\t<\/div>\n<\/div>\n\n\n<div class=\"post-entry-content\">\n\n\t<h3 class=\"entry-title\">\n\t\t<a href=\"https:\/\/delatorrearquitectura.com\/ca\/project\/test-2-2-7-2\/\" target=\"\" title=\"REFORMA D&#8217;UN HABITATGE\" rel=\"bookmark\">REFORMA D&#8217;UN HABITATGE<\/a>\n\t<\/h3>\n\n\t\n\t\n\t<a class=\"post-details details-type-link\" href=\"https:\/\/delatorrearquitectura.com\/ca\/project\/test-2-2-7-2\/\" target=\"\">Llegir m\u00e9s<i class=\"dt-icon-the7-arrow-03\" aria-hidden=\"true\"><\/i><\/a>\n<\/div><\/article><\/div><div class=\"visible wf-cell\" data-post-id=\"22457\" data-date=\"2024-01-31T11:46:02+02:00\" data-name=\"REFORMA INTEGRAL D&#039;UN HABITATGE\"><article class=\"post visible post-22457 dt_portfolio type-dt_portfolio status-publish has-post-thumbnail hentry\" data-name=\"REFORMA INTEGRAL D&#8217;UN HABITATGE\" data-date=\"2024-01-31T11:46:02+02:00\">\n\n<div class=\"post-thumbnail-wrap  \">\n\t<div class=\"post-thumbnail\">\n\n\t\t<a href=\"https:\/\/delatorrearquitectura.com\/ca\/project\/test-3-10\/\" class=\"post-thumbnail-rollover layzr-bg\" target=\"\"  aria-label=\"Post image\"><img decoding=\"async\" class=\"iso-lazy-load preload-me iso-lazy-load aspect\" src=\"data:image\/svg+xml,%3Csvg%20xmlns%3D&#39;http%3A%2F%2Fwww.w3.org%2F2000%2Fsvg&#39;%20viewBox%3D&#39;0%200%20768%20768&#39;%2F%3E\" data-src=\"https:\/\/delatorrearquitectura.com\/wp-content\/uploads\/2024\/04\/PORTADA-768x768.jpg\" data-srcset=\"https:\/\/delatorrearquitectura.com\/wp-content\/uploads\/2024\/04\/PORTADA-768x768.jpg 768w, https:\/\/delatorrearquitectura.com\/wp-content\/uploads\/2024\/04\/PORTADA-1152x1152.jpg 1152w\" loading=\"eager\" style=\"--ratio: 768 \/ 768\" sizes=\"(max-width: 768px) 100vw, 768px\" alt=\"\" title=\"PORTADA\" width=\"768\" height=\"768\"  \/><\/a><div class=\"project-links-container\"><a href=\"https:\/\/delatorrearquitectura.com\/wp-content\/uploads\/2024\/04\/PORTADA.jpg\" class=\"project-zoom dt-pswp-item dt-single-pswp-popup\" title=\"PORTADA\" data-dt-img-description=\"\" data-large_image_width=\"1870\" data-large_image_height=\"1700\" aria-label=\"Portfolio zoom icon\"><span class=\"icon-portfolio-p203\"><\/span><\/a><a href=\"https:\/\/delatorrearquitectura.com\/ca\/project\/test-3-10\/\" target=\"\" class=\"project-details\" aria-label=\"Details link\"><span class=\"icon-portfolio-p205\"><\/span><\/a><\/div>\n\t<\/div>\n<\/div>\n\n\n<div class=\"post-entry-content\">\n\n\t<h3 class=\"entry-title\">\n\t\t<a href=\"https:\/\/delatorrearquitectura.com\/ca\/project\/test-3-10\/\" target=\"\" title=\"REFORMA INTEGRAL D&#8217;UN HABITATGE\" rel=\"bookmark\">REFORMA INTEGRAL D&#8217;UN HABITATGE<\/a>\n\t<\/h3>\n\n\t\n\t\n\t<a class=\"post-details details-type-link\" href=\"https:\/\/delatorrearquitectura.com\/ca\/project\/test-3-10\/\" target=\"\">Llegir m\u00e9s<i class=\"dt-icon-the7-arrow-03\" aria-hidden=\"true\"><\/i><\/a>\n<\/div><\/article><\/div><div class=\"visible wf-cell\" data-post-id=\"22610\" data-date=\"2024-01-30T10:50:35+02:00\" data-name=\"MODEL D&#039;HABITATGE PREFABRICAT\"><article class=\"post visible post-22610 dt_portfolio type-dt_portfolio status-publish has-post-thumbnail hentry\" data-name=\"MODEL D&#8217;HABITATGE PREFABRICAT\" data-date=\"2024-01-30T10:50:35+02:00\">\n\n<div class=\"post-thumbnail-wrap  \">\n\t<div class=\"post-thumbnail\">\n\n\t\t<a href=\"https:\/\/delatorrearquitectura.com\/ca\/project\/test-2-2-7\/\" class=\"post-thumbnail-rollover layzr-bg\" target=\"\"  aria-label=\"Post image\"><img decoding=\"async\" class=\"iso-lazy-load preload-me iso-lazy-load aspect\" src=\"data:image\/svg+xml,%3Csvg%20xmlns%3D&#39;http%3A%2F%2Fwww.w3.org%2F2000%2Fsvg&#39;%20viewBox%3D&#39;0%200%20768%20768&#39;%2F%3E\" data-src=\"https:\/\/delatorrearquitectura.com\/wp-content\/uploads\/2024\/04\/PORTADA-1-768x768.jpg\" data-srcset=\"https:\/\/delatorrearquitectura.com\/wp-content\/uploads\/2024\/04\/PORTADA-1-768x768.jpg 768w, https:\/\/delatorrearquitectura.com\/wp-content\/uploads\/2024\/04\/PORTADA-1-1098x1098.jpg 1098w\" loading=\"eager\" style=\"--ratio: 768 \/ 768\" sizes=\"(max-width: 768px) 100vw, 768px\" alt=\"\" title=\"PORTADA\" width=\"768\" height=\"768\"  \/><\/a><div class=\"project-links-container\"><a href=\"https:\/\/delatorrearquitectura.com\/wp-content\/uploads\/2024\/04\/PORTADA-1.jpg\" class=\"project-zoom dt-pswp-item dt-single-pswp-popup\" title=\"PORTADA\" data-dt-img-description=\"\" data-large_image_width=\"1200\" data-large_image_height=\"1098\" aria-label=\"Portfolio zoom icon\"><span class=\"icon-portfolio-p203\"><\/span><\/a><a href=\"https:\/\/delatorrearquitectura.com\/ca\/project\/test-2-2-7\/\" target=\"\" class=\"project-details\" aria-label=\"Details link\"><span class=\"icon-portfolio-p205\"><\/span><\/a><\/div>\n\t<\/div>\n<\/div>\n\n\n<div class=\"post-entry-content\">\n\n\t<h3 class=\"entry-title\">\n\t\t<a href=\"https:\/\/delatorrearquitectura.com\/ca\/project\/test-2-2-7\/\" target=\"\" title=\"MODEL D&#8217;HABITATGE PREFABRICAT\" rel=\"bookmark\">MODEL D&#8217;HABITATGE PREFABRICAT<\/a>\n\t<\/h3>\n\n\t\n\t\n\t<a class=\"post-details details-type-link\" href=\"https:\/\/delatorrearquitectura.com\/ca\/project\/test-2-2-7\/\" target=\"\">Llegir m\u00e9s<i class=\"dt-icon-the7-arrow-03\" aria-hidden=\"true\"><\/i><\/a>\n<\/div><\/article><\/div><div class=\"visible wf-cell\" data-post-id=\"22607\" data-date=\"2024-01-30T09:53:43+02:00\" data-name=\"REFORMA D&#039;UN APARTAMENT\"><article class=\"post visible post-22607 dt_portfolio type-dt_portfolio status-publish has-post-thumbnail hentry\" data-name=\"REFORMA D&#8217;UN APARTAMENT\" data-date=\"2024-01-30T09:53:43+02:00\">\n\n<div class=\"post-thumbnail-wrap  \">\n\t<div class=\"post-thumbnail\">\n\n\t\t<a href=\"https:\/\/delatorrearquitectura.com\/ca\/project\/test-2-2-7-2-2\/\" class=\"post-thumbnail-rollover layzr-bg\" target=\"\"  aria-label=\"Post image\"><img decoding=\"async\" class=\"iso-lazy-load preload-me iso-lazy-load aspect\" src=\"data:image\/svg+xml,%3Csvg%20xmlns%3D&#39;http%3A%2F%2Fwww.w3.org%2F2000%2Fsvg&#39;%20viewBox%3D&#39;0%200%20768%20768&#39;%2F%3E\" data-src=\"https:\/\/delatorrearquitectura.com\/wp-content\/uploads\/2024\/04\/1b2-768x768.jpg\" data-srcset=\"https:\/\/delatorrearquitectura.com\/wp-content\/uploads\/2024\/04\/1b2-768x768.jpg 768w, https:\/\/delatorrearquitectura.com\/wp-content\/uploads\/2024\/04\/1b2-1152x1152.jpg 1152w\" loading=\"eager\" style=\"--ratio: 768 \/ 768\" sizes=\"(max-width: 768px) 100vw, 768px\" alt=\"\" title=\"1b2\" width=\"768\" height=\"768\"  \/><\/a><div class=\"project-links-container\"><a href=\"https:\/\/delatorrearquitectura.com\/wp-content\/uploads\/2024\/04\/1b2.jpg\" class=\"project-zoom dt-pswp-item dt-single-pswp-popup\" title=\"1b2\" data-dt-img-description=\"\" data-large_image_width=\"1500\" data-large_image_height=\"1500\" aria-label=\"Portfolio zoom icon\"><span class=\"icon-portfolio-p203\"><\/span><\/a><a href=\"https:\/\/delatorrearquitectura.com\/ca\/project\/test-2-2-7-2-2\/\" target=\"\" class=\"project-details\" aria-label=\"Details link\"><span class=\"icon-portfolio-p205\"><\/span><\/a><\/div>\n\t<\/div>\n<\/div>\n\n\n<div class=\"post-entry-content\">\n\n\t<h3 class=\"entry-title\">\n\t\t<a href=\"https:\/\/delatorrearquitectura.com\/ca\/project\/test-2-2-7-2-2\/\" target=\"\" title=\"REFORMA D&#8217;UN APARTAMENT\" rel=\"bookmark\">REFORMA D&#8217;UN APARTAMENT<\/a>\n\t<\/h3>\n\n\t\n\t\n\t<a class=\"post-details details-type-link\" href=\"https:\/\/delatorrearquitectura.com\/ca\/project\/test-2-2-7-2-2\/\" target=\"\">Llegir m\u00e9s<i class=\"dt-icon-the7-arrow-03\" aria-hidden=\"true\"><\/i><\/a>\n<\/div><\/article><\/div><div class=\"visible wf-cell\" data-post-id=\"22655\" data-date=\"2024-01-29T18:50:23+02:00\" data-name=\"HABITATGE UNIFAMILIAR ENTRE MITGERES\"><article class=\"post visible post-22655 dt_portfolio type-dt_portfolio status-publish has-post-thumbnail hentry\" data-name=\"HABITATGE UNIFAMILIAR ENTRE MITGERES\" data-date=\"2024-01-29T18:50:23+02:00\">\n\n<div class=\"post-thumbnail-wrap  \">\n\t<div class=\"post-thumbnail\">\n\n\t\t<a href=\"https:\/\/delatorrearquitectura.com\/ca\/project\/test-2-2-7-2-3\/\" class=\"post-thumbnail-rollover layzr-bg\" target=\"\"  aria-label=\"Post image\"><img decoding=\"async\" class=\"iso-lazy-load preload-me iso-lazy-load aspect\" src=\"data:image\/svg+xml,%3Csvg%20xmlns%3D&#39;http%3A%2F%2Fwww.w3.org%2F2000%2Fsvg&#39;%20viewBox%3D&#39;0%200%20768%20768&#39;%2F%3E\" data-src=\"https:\/\/delatorrearquitectura.com\/wp-content\/uploads\/2024\/04\/2c-768x768.jpg\" data-srcset=\"https:\/\/delatorrearquitectura.com\/wp-content\/uploads\/2024\/04\/2c-768x768.jpg 768w, https:\/\/delatorrearquitectura.com\/wp-content\/uploads\/2024\/04\/2c-988x988.jpg 988w\" loading=\"eager\" style=\"--ratio: 768 \/ 768\" sizes=\"(max-width: 768px) 100vw, 768px\" alt=\"\" title=\"2c\" width=\"768\" height=\"768\"  \/><\/a><div class=\"project-links-container\"><a href=\"https:\/\/delatorrearquitectura.com\/wp-content\/uploads\/2024\/04\/2c.jpg\" class=\"project-zoom dt-pswp-item dt-single-pswp-popup\" title=\"2c\" data-dt-img-description=\"\" data-large_image_width=\"988\" data-large_image_height=\"1052\" aria-label=\"Portfolio zoom icon\"><span class=\"icon-portfolio-p203\"><\/span><\/a><a href=\"https:\/\/delatorrearquitectura.com\/ca\/project\/test-2-2-7-2-3\/\" target=\"\" class=\"project-details\" aria-label=\"Details link\"><span class=\"icon-portfolio-p205\"><\/span><\/a><\/div>\n\t<\/div>\n<\/div>\n\n\n<div class=\"post-entry-content\">\n\n\t<h3 class=\"entry-title\">\n\t\t<a href=\"https:\/\/delatorrearquitectura.com\/ca\/project\/test-2-2-7-2-3\/\" target=\"\" title=\"HABITATGE UNIFAMILIAR ENTRE MITGERES\" rel=\"bookmark\">HABITATGE UNIFAMILIAR ENTRE MITGERES<\/a>\n\t<\/h3>\n\n\t\n\t\n\t<a class=\"post-details details-type-link\" href=\"https:\/\/delatorrearquitectura.com\/ca\/project\/test-2-2-7-2-3\/\" target=\"\">Llegir m\u00e9s<i class=\"dt-icon-the7-arrow-03\" aria-hidden=\"true\"><\/i><\/a>\n<\/div><\/article><\/div><div class=\"visible wf-cell\" data-post-id=\"22666\" data-date=\"2024-01-29T09:34:19+02:00\" data-name=\"HABITATGE UNIFAMILIAR\"><article class=\"post visible post-22666 dt_portfolio type-dt_portfolio status-publish has-post-thumbnail hentry\" data-name=\"HABITATGE UNIFAMILIAR\" data-date=\"2024-01-29T09:34:19+02:00\">\n\n<div class=\"post-thumbnail-wrap  \">\n\t<div class=\"post-thumbnail\">\n\n\t\t<a href=\"https:\/\/delatorrearquitectura.com\/ca\/project\/test-2-3\/\" class=\"post-thumbnail-rollover layzr-bg\" target=\"\"  aria-label=\"Post image\"><img decoding=\"async\" class=\"iso-lazy-load preload-me iso-lazy-load aspect\" src=\"data:image\/svg+xml,%3Csvg%20xmlns%3D&#39;http%3A%2F%2Fwww.w3.org%2F2000%2Fsvg&#39;%20viewBox%3D&#39;0%200%20768%20768&#39;%2F%3E\" data-src=\"https:\/\/delatorrearquitectura.com\/wp-content\/uploads\/2024\/01\/portada-1-768x768.jpg\" data-srcset=\"https:\/\/delatorrearquitectura.com\/wp-content\/uploads\/2024\/01\/portada-1-768x768.jpg 768w, https:\/\/delatorrearquitectura.com\/wp-content\/uploads\/2024\/01\/portada-1-1152x1152.jpg 1152w\" loading=\"eager\" style=\"--ratio: 768 \/ 768\" sizes=\"(max-width: 768px) 100vw, 768px\" alt=\"\" title=\"portada\" width=\"768\" height=\"768\"  \/><\/a><div class=\"project-links-container\"><a href=\"https:\/\/delatorrearquitectura.com\/wp-content\/uploads\/2024\/01\/portada-1.jpg\" class=\"project-zoom dt-pswp-item dt-single-pswp-popup\" title=\"portada\" data-dt-img-description=\"\" data-large_image_width=\"1220\" data-large_image_height=\"1152\" aria-label=\"Portfolio zoom icon\"><span class=\"icon-portfolio-p203\"><\/span><\/a><a href=\"https:\/\/delatorrearquitectura.com\/ca\/project\/test-2-3\/\" target=\"\" class=\"project-details\" aria-label=\"Details link\"><span class=\"icon-portfolio-p205\"><\/span><\/a><\/div>\n\t<\/div>\n<\/div>\n\n\n<div class=\"post-entry-content\">\n\n\t<h3 class=\"entry-title\">\n\t\t<a href=\"https:\/\/delatorrearquitectura.com\/ca\/project\/test-2-3\/\" target=\"\" title=\"HABITATGE UNIFAMILIAR\" rel=\"bookmark\">HABITATGE UNIFAMILIAR<\/a>\n\t<\/h3>\n\n\t\n\t\n\t<a class=\"post-details details-type-link\" href=\"https:\/\/delatorrearquitectura.com\/ca\/project\/test-2-3\/\" target=\"\">Llegir m\u00e9s<i class=\"dt-icon-the7-arrow-03\" aria-hidden=\"true\"><\/i><\/a>\n<\/div><\/article><\/div><div class=\"visible wf-cell\" data-post-id=\"22791\" data-date=\"2024-01-28T11:05:59+02:00\" data-name=\"PROMOCI\u00d3 D&#039;UN NOU EDIFICI PLURIFAMILIAR\"><article class=\"post visible post-22791 dt_portfolio type-dt_portfolio status-publish has-post-thumbnail hentry\" data-name=\"PROMOCI\u00d3 D&#8217;UN NOU EDIFICI PLURIFAMILIAR\" data-date=\"2024-01-28T11:05:59+02:00\">\n\n<div class=\"post-thumbnail-wrap  \">\n\t<div class=\"post-thumbnail\">\n\n\t\t<a href=\"https:\/\/delatorrearquitectura.com\/ca\/project\/test-2-5\/\" class=\"post-thumbnail-rollover layzr-bg\" target=\"\"  aria-label=\"Post image\"><img decoding=\"async\" class=\"iso-lazy-load preload-me iso-lazy-load aspect\" src=\"data:image\/svg+xml,%3Csvg%20xmlns%3D&#39;http%3A%2F%2Fwww.w3.org%2F2000%2Fsvg&#39;%20viewBox%3D&#39;0%200%20768%20768&#39;%2F%3E\" data-src=\"https:\/\/delatorrearquitectura.com\/wp-content\/uploads\/2024\/04\/portada-4-768x768.jpg\" data-srcset=\"https:\/\/delatorrearquitectura.com\/wp-content\/uploads\/2024\/04\/portada-4-768x768.jpg 768w, https:\/\/delatorrearquitectura.com\/wp-content\/uploads\/2024\/04\/portada-4-1152x1152.jpg 1152w\" loading=\"eager\" style=\"--ratio: 768 \/ 768\" sizes=\"(max-width: 768px) 100vw, 768px\" alt=\"\" title=\"portada\" width=\"768\" height=\"768\"  \/><\/a><div class=\"project-links-container\"><a href=\"https:\/\/delatorrearquitectura.com\/wp-content\/uploads\/2024\/04\/portada-4.jpg\" class=\"project-zoom dt-pswp-item dt-single-pswp-popup\" title=\"portada\" data-dt-img-description=\"\" data-large_image_width=\"1772\" data-large_image_height=\"1660\" aria-label=\"Portfolio zoom icon\"><span class=\"icon-portfolio-p203\"><\/span><\/a><a href=\"https:\/\/delatorrearquitectura.com\/ca\/project\/test-2-5\/\" target=\"\" class=\"project-details\" aria-label=\"Details link\"><span class=\"icon-portfolio-p205\"><\/span><\/a><\/div>\n\t<\/div>\n<\/div>\n\n\n<div class=\"post-entry-content\">\n\n\t<h3 class=\"entry-title\">\n\t\t<a href=\"https:\/\/delatorrearquitectura.com\/ca\/project\/test-2-5\/\" target=\"\" title=\"PROMOCI\u00d3 D&#8217;UN NOU EDIFICI PLURIFAMILIAR\" rel=\"bookmark\">PROMOCI\u00d3 D&#8217;UN NOU EDIFICI PLURIFAMILIAR<\/a>\n\t<\/h3>\n\n\t\n\t\n\t<a class=\"post-details details-type-link\" href=\"https:\/\/delatorrearquitectura.com\/ca\/project\/test-2-5\/\" target=\"\">Llegir m\u00e9s<i class=\"dt-icon-the7-arrow-03\" aria-hidden=\"true\"><\/i><\/a>\n<\/div><\/article><\/div><div class=\"visible wf-cell\" data-post-id=\"22759\" data-date=\"2024-01-28T09:36:23+02:00\" data-name=\"HABITATGE UNIFAMILIAR\"><article class=\"post visible post-22759 dt_portfolio type-dt_portfolio status-publish has-post-thumbnail hentry\" data-name=\"HABITATGE UNIFAMILIAR\" data-date=\"2024-01-28T09:36:23+02:00\">\n\n<div class=\"post-thumbnail-wrap  \">\n\t<div class=\"post-thumbnail\">\n\n\t\t<a href=\"https:\/\/delatorrearquitectura.com\/ca\/project\/test-2-4\/\" class=\"post-thumbnail-rollover layzr-bg\" target=\"\"  aria-label=\"Post image\"><img decoding=\"async\" class=\"iso-lazy-load preload-me iso-lazy-load aspect\" src=\"data:image\/svg+xml,%3Csvg%20xmlns%3D&#39;http%3A%2F%2Fwww.w3.org%2F2000%2Fsvg&#39;%20viewBox%3D&#39;0%200%20768%20768&#39;%2F%3E\" data-src=\"https:\/\/delatorrearquitectura.com\/wp-content\/uploads\/2024\/01\/portada-768x768.jpg\" data-srcset=\"https:\/\/delatorrearquitectura.com\/wp-content\/uploads\/2024\/01\/portada-768x768.jpg 768w, https:\/\/delatorrearquitectura.com\/wp-content\/uploads\/2024\/01\/portada-1152x1152.jpg 1152w\" loading=\"eager\" style=\"--ratio: 768 \/ 768\" sizes=\"(max-width: 768px) 100vw, 768px\" alt=\"\" title=\"portada\" width=\"768\" height=\"768\"  \/><\/a><div class=\"project-links-container\"><a href=\"https:\/\/delatorrearquitectura.com\/wp-content\/uploads\/2024\/01\/portada.jpg\" class=\"project-zoom dt-pswp-item dt-single-pswp-popup\" title=\"portada\" data-dt-img-description=\"\" data-large_image_width=\"1353\" data-large_image_height=\"1259\" aria-label=\"Portfolio zoom icon\"><span class=\"icon-portfolio-p203\"><\/span><\/a><a href=\"https:\/\/delatorrearquitectura.com\/ca\/project\/test-2-4\/\" target=\"\" class=\"project-details\" aria-label=\"Details link\"><span class=\"icon-portfolio-p205\"><\/span><\/a><\/div>\n\t<\/div>\n<\/div>\n\n\n<div class=\"post-entry-content\">\n\n\t<h3 class=\"entry-title\">\n\t\t<a href=\"https:\/\/delatorrearquitectura.com\/ca\/project\/test-2-4\/\" target=\"\" title=\"HABITATGE UNIFAMILIAR\" rel=\"bookmark\">HABITATGE UNIFAMILIAR<\/a>\n\t<\/h3>\n\n\t\n\t\n\t<a class=\"post-details details-type-link\" href=\"https:\/\/delatorrearquitectura.com\/ca\/project\/test-2-4\/\" target=\"\">Llegir m\u00e9s<i class=\"dt-icon-the7-arrow-03\" aria-hidden=\"true\"><\/i><\/a>\n<\/div><\/article><\/div><div class=\"visible wf-cell\" data-post-id=\"22906\" data-date=\"2024-01-28T09:30:21+02:00\" data-name=\"REFORMA D&#039;UN HABITATGE\"><article class=\"post visible post-22906 dt_portfolio type-dt_portfolio status-publish has-post-thumbnail hentry\" data-name=\"REFORMA D&#8217;UN HABITATGE\" data-date=\"2024-01-28T09:30:21+02:00\">\n\n<div class=\"post-thumbnail-wrap  \">\n\t<div class=\"post-thumbnail\">\n\n\t\t<a href=\"https:\/\/delatorrearquitectura.com\/ca\/project\/test-2-2-2-7-2\/\" class=\"post-thumbnail-rollover layzr-bg\" target=\"\"  aria-label=\"Post image\"><img decoding=\"async\" class=\"iso-lazy-load preload-me iso-lazy-load aspect\" src=\"data:image\/svg+xml,%3Csvg%20xmlns%3D&#39;http%3A%2F%2Fwww.w3.org%2F2000%2Fsvg&#39;%20viewBox%3D&#39;0%200%20768%20768&#39;%2F%3E\" data-src=\"https:\/\/delatorrearquitectura.com\/wp-content\/uploads\/2024\/04\/portada-5-768x768.jpg\" data-srcset=\"https:\/\/delatorrearquitectura.com\/wp-content\/uploads\/2024\/04\/portada-5-768x768.jpg 768w, https:\/\/delatorrearquitectura.com\/wp-content\/uploads\/2024\/04\/portada-5-1152x1152.jpg 1152w\" loading=\"eager\" style=\"--ratio: 768 \/ 768\" sizes=\"(max-width: 768px) 100vw, 768px\" alt=\"\" title=\"portada\" width=\"768\" height=\"768\"  \/><\/a><div class=\"project-links-container\"><a href=\"https:\/\/delatorrearquitectura.com\/wp-content\/uploads\/2024\/04\/portada-5.jpg\" class=\"project-zoom dt-pswp-item dt-single-pswp-popup\" title=\"portada\" data-dt-img-description=\"\" data-large_image_width=\"2048\" data-large_image_height=\"1916\" aria-label=\"Portfolio zoom icon\"><span class=\"icon-portfolio-p203\"><\/span><\/a><a href=\"https:\/\/delatorrearquitectura.com\/ca\/project\/test-2-2-2-7-2\/\" target=\"\" class=\"project-details\" aria-label=\"Details link\"><span class=\"icon-portfolio-p205\"><\/span><\/a><\/div>\n\t<\/div>\n<\/div>\n\n\n<div class=\"post-entry-content\">\n\n\t<h3 class=\"entry-title\">\n\t\t<a href=\"https:\/\/delatorrearquitectura.com\/ca\/project\/test-2-2-2-7-2\/\" target=\"\" title=\"REFORMA D&#8217;UN HABITATGE\" rel=\"bookmark\">REFORMA D&#8217;UN HABITATGE<\/a>\n\t<\/h3>\n\n\t\n\t\n\t<a class=\"post-details details-type-link\" href=\"https:\/\/delatorrearquitectura.com\/ca\/project\/test-2-2-2-7-2\/\" target=\"\">Llegir m\u00e9s<i class=\"dt-icon-the7-arrow-03\" aria-hidden=\"true\"><\/i><\/a>\n<\/div><\/article><\/div><div class=\"visible wf-cell\" data-post-id=\"22926\" data-date=\"2024-01-27T10:57:23+02:00\" data-name=\"RECAL\u00c7AMENT D&#039;EDIFICI PER CREACI\u00d3 D&#039;UNA PLANTA SOTERRANI\"><article class=\"post visible post-22926 dt_portfolio type-dt_portfolio status-publish has-post-thumbnail hentry\" data-name=\"RECAL\u00c7AMENT D&#8217;EDIFICI PER CREACI\u00d3 D&#8217;UNA PLANTA SOTERRANI\" data-date=\"2024-01-27T10:57:23+02:00\">\n\n<div class=\"post-thumbnail-wrap  \">\n\t<div class=\"post-thumbnail\">\n\n\t\t<a href=\"https:\/\/delatorrearquitectura.com\/ca\/project\/test-3-12\/\" class=\"post-thumbnail-rollover layzr-bg\" target=\"\"  aria-label=\"Post image\"><img decoding=\"async\" class=\"iso-lazy-load preload-me iso-lazy-load aspect\" src=\"data:image\/svg+xml,%3Csvg%20xmlns%3D&#39;http%3A%2F%2Fwww.w3.org%2F2000%2Fsvg&#39;%20viewBox%3D&#39;0%200%20634%20634&#39;%2F%3E\" data-src=\"https:\/\/delatorrearquitectura.com\/wp-content\/uploads\/2024\/04\/PORTADA-7-634x634.jpg\" data-srcset=\"https:\/\/delatorrearquitectura.com\/wp-content\/uploads\/2024\/04\/PORTADA-7-634x634.jpg 634w\" loading=\"eager\" style=\"--ratio: 634 \/ 634\" sizes=\"(max-width: 634px) 100vw, 634px\" alt=\"\" title=\"PORTADA\" width=\"634\" height=\"634\"  \/><\/a><div class=\"project-links-container\"><a href=\"https:\/\/delatorrearquitectura.com\/wp-content\/uploads\/2024\/04\/PORTADA-7.jpg\" class=\"project-zoom dt-pswp-item dt-single-pswp-popup\" title=\"PORTADA\" data-dt-img-description=\"\" data-large_image_width=\"710\" data-large_image_height=\"634\" aria-label=\"Portfolio zoom icon\"><span class=\"icon-portfolio-p203\"><\/span><\/a><a href=\"https:\/\/delatorrearquitectura.com\/ca\/project\/test-3-12\/\" target=\"\" class=\"project-details\" aria-label=\"Details link\"><span class=\"icon-portfolio-p205\"><\/span><\/a><\/div>\n\t<\/div>\n<\/div>\n\n\n<div class=\"post-entry-content\">\n\n\t<h3 class=\"entry-title\">\n\t\t<a href=\"https:\/\/delatorrearquitectura.com\/ca\/project\/test-3-12\/\" target=\"\" title=\"RECAL\u00c7AMENT D&#8217;EDIFICI PER CREACI\u00d3 D&#8217;UNA PLANTA SOTERRANI\" rel=\"bookmark\">RECAL\u00c7AMENT D&#8217;EDIFICI PER CREACI\u00d3 D&#8217;UNA PLANTA SOTERRANI<\/a>\n\t<\/h3>\n\n\t\n\t\n\t<a class=\"post-details details-type-link\" href=\"https:\/\/delatorrearquitectura.com\/ca\/project\/test-3-12\/\" target=\"\">Llegir m\u00e9s<i class=\"dt-icon-the7-arrow-03\" aria-hidden=\"true\"><\/i><\/a>\n<\/div><\/article><\/div><div class=\"visible wf-cell\" data-post-id=\"22924\" data-date=\"2024-01-27T10:08:01+02:00\" data-name=\"REFORMA I CANVI D&#039;\u00daS D&#039;UN EDIFICI\"><article class=\"post visible post-22924 dt_portfolio type-dt_portfolio status-publish has-post-thumbnail hentry\" data-name=\"REFORMA I CANVI D&#8217;\u00daS D&#8217;UN EDIFICI\" data-date=\"2024-01-27T10:08:01+02:00\">\n\n<div class=\"post-thumbnail-wrap  \">\n\t<div class=\"post-thumbnail\">\n\n\t\t<a href=\"https:\/\/delatorrearquitectura.com\/ca\/project\/test-2-6\/\" class=\"post-thumbnail-rollover layzr-bg\" target=\"\"  aria-label=\"Post image\"><img decoding=\"async\" class=\"iso-lazy-load preload-me iso-lazy-load aspect\" src=\"data:image\/svg+xml,%3Csvg%20xmlns%3D&#39;http%3A%2F%2Fwww.w3.org%2F2000%2Fsvg&#39;%20viewBox%3D&#39;0%200%20768%20768&#39;%2F%3E\" data-src=\"https:\/\/delatorrearquitectura.com\/wp-content\/uploads\/2024\/04\/PORTADA-6-768x768.jpg\" data-srcset=\"https:\/\/delatorrearquitectura.com\/wp-content\/uploads\/2024\/04\/PORTADA-6-768x768.jpg 768w, https:\/\/delatorrearquitectura.com\/wp-content\/uploads\/2024\/04\/PORTADA-6-1078x1078.jpg 1078w\" loading=\"eager\" style=\"--ratio: 768 \/ 768\" sizes=\"(max-width: 768px) 100vw, 768px\" alt=\"\" title=\"PORTADA\" width=\"768\" height=\"768\"  \/><\/a><div class=\"project-links-container\"><a href=\"https:\/\/delatorrearquitectura.com\/wp-content\/uploads\/2024\/04\/PORTADA-6.jpg\" class=\"project-zoom dt-pswp-item dt-single-pswp-popup\" title=\"PORTADA\" data-dt-img-description=\"\" data-large_image_width=\"1078\" data-large_image_height=\"1087\" aria-label=\"Portfolio zoom icon\"><span class=\"icon-portfolio-p203\"><\/span><\/a><a href=\"https:\/\/delatorrearquitectura.com\/ca\/project\/test-2-6\/\" target=\"\" class=\"project-details\" aria-label=\"Details link\"><span class=\"icon-portfolio-p205\"><\/span><\/a><\/div>\n\t<\/div>\n<\/div>\n\n\n<div class=\"post-entry-content\">\n\n\t<h3 class=\"entry-title\">\n\t\t<a href=\"https:\/\/delatorrearquitectura.com\/ca\/project\/test-2-6\/\" target=\"\" title=\"REFORMA I CANVI D&#8217;\u00daS D&#8217;UN EDIFICI\" rel=\"bookmark\">REFORMA I CANVI D&#8217;\u00daS D&#8217;UN EDIFICI<\/a>\n\t<\/h3>\n\n\t\n\t\n\t<a class=\"post-details details-type-link\" href=\"https:\/\/delatorrearquitectura.com\/ca\/project\/test-2-6\/\" target=\"\">Llegir m\u00e9s<i class=\"dt-icon-the7-arrow-03\" aria-hidden=\"true\"><\/i><\/a>\n<\/div><\/article><\/div><div class=\"visible wf-cell\" data-post-id=\"23044\" data-date=\"2024-01-26T09:53:38+02:00\" data-name=\"HABITATGE UNIFAMILIAR\"><article class=\"post visible post-23044 dt_portfolio type-dt_portfolio status-publish has-post-thumbnail hentry\" data-name=\"HABITATGE UNIFAMILIAR\" data-date=\"2024-01-26T09:53:38+02:00\">\n\n<div class=\"post-thumbnail-wrap  \">\n\t<div class=\"post-thumbnail\">\n\n\t\t<a href=\"https:\/\/delatorrearquitectura.com\/ca\/project\/test-2-2-5-2\/\" class=\"post-thumbnail-rollover layzr-bg\" target=\"\"  aria-label=\"Post image\"><img decoding=\"async\" class=\"iso-lazy-load preload-me iso-lazy-load aspect\" src=\"data:image\/svg+xml,%3Csvg%20xmlns%3D&#39;http%3A%2F%2Fwww.w3.org%2F2000%2Fsvg&#39;%20viewBox%3D&#39;0%200%20768%20768&#39;%2F%3E\" data-src=\"https:\/\/delatorrearquitectura.com\/wp-content\/uploads\/2024\/04\/portada-9-768x768.jpg\" data-srcset=\"https:\/\/delatorrearquitectura.com\/wp-content\/uploads\/2024\/04\/portada-9-768x768.jpg 768w, https:\/\/delatorrearquitectura.com\/wp-content\/uploads\/2024\/04\/portada-9-1152x1152.jpg 1152w\" loading=\"eager\" style=\"--ratio: 768 \/ 768\" sizes=\"(max-width: 768px) 100vw, 768px\" alt=\"\" title=\"portada\" width=\"768\" height=\"768\"  \/><\/a><div class=\"project-links-container\"><a href=\"https:\/\/delatorrearquitectura.com\/wp-content\/uploads\/2024\/04\/portada-9.jpg\" class=\"project-zoom dt-pswp-item dt-single-pswp-popup\" title=\"portada\" data-dt-img-description=\"\" data-large_image_width=\"1889\" data-large_image_height=\"1721\" aria-label=\"Portfolio zoom icon\"><span class=\"icon-portfolio-p203\"><\/span><\/a><a href=\"https:\/\/delatorrearquitectura.com\/ca\/project\/test-2-2-5-2\/\" target=\"\" class=\"project-details\" aria-label=\"Details link\"><span class=\"icon-portfolio-p205\"><\/span><\/a><\/div>\n\t<\/div>\n<\/div>\n\n\n<div class=\"post-entry-content\">\n\n\t<h3 class=\"entry-title\">\n\t\t<a href=\"https:\/\/delatorrearquitectura.com\/ca\/project\/test-2-2-5-2\/\" target=\"\" title=\"HABITATGE UNIFAMILIAR\" rel=\"bookmark\">HABITATGE UNIFAMILIAR<\/a>\n\t<\/h3>\n\n\t\n\t\n\t<a class=\"post-details details-type-link\" href=\"https:\/\/delatorrearquitectura.com\/ca\/project\/test-2-2-5-2\/\" target=\"\">Llegir m\u00e9s<i class=\"dt-icon-the7-arrow-03\" aria-hidden=\"true\"><\/i><\/a>\n<\/div><\/article><\/div><div class=\"visible wf-cell\" data-post-id=\"23183\" data-date=\"2024-01-25T09:13:40+02:00\" data-name=\"HABITATGE UNIFAMILIAR\"><article class=\"post visible post-23183 dt_portfolio type-dt_portfolio status-publish has-post-thumbnail hentry\" data-name=\"HABITATGE UNIFAMILIAR\" data-date=\"2024-01-25T09:13:40+02:00\">\n\n<div class=\"post-thumbnail-wrap  \">\n\t<div class=\"post-thumbnail\">\n\n\t\t<a href=\"https:\/\/delatorrearquitectura.com\/ca\/project\/test-2-2-2-8\/\" class=\"post-thumbnail-rollover layzr-bg\" target=\"\"  aria-label=\"Post image\"><img decoding=\"async\" class=\"iso-lazy-load preload-me iso-lazy-load aspect\" src=\"data:image\/svg+xml,%3Csvg%20xmlns%3D&#39;http%3A%2F%2Fwww.w3.org%2F2000%2Fsvg&#39;%20viewBox%3D&#39;0%200%20768%20768&#39;%2F%3E\" data-src=\"https:\/\/delatorrearquitectura.com\/wp-content\/uploads\/2024\/04\/PORTADA-10-768x768.jpg\" data-srcset=\"https:\/\/delatorrearquitectura.com\/wp-content\/uploads\/2024\/04\/PORTADA-10-768x768.jpg 768w, https:\/\/delatorrearquitectura.com\/wp-content\/uploads\/2024\/04\/PORTADA-10-1152x1152.jpg 1152w\" loading=\"eager\" style=\"--ratio: 768 \/ 768\" sizes=\"(max-width: 768px) 100vw, 768px\" alt=\"\" title=\"PORTADA\" width=\"768\" height=\"768\"  \/><\/a><div class=\"project-links-container\"><a href=\"https:\/\/delatorrearquitectura.com\/wp-content\/uploads\/2024\/04\/PORTADA-10.jpg\" class=\"project-zoom dt-pswp-item dt-single-pswp-popup\" title=\"PORTADA\" data-dt-img-description=\"\" data-large_image_width=\"1522\" data-large_image_height=\"1375\" aria-label=\"Portfolio zoom icon\"><span class=\"icon-portfolio-p203\"><\/span><\/a><a href=\"https:\/\/delatorrearquitectura.com\/ca\/project\/test-2-2-2-8\/\" target=\"\" class=\"project-details\" aria-label=\"Details link\"><span class=\"icon-portfolio-p205\"><\/span><\/a><\/div>\n\t<\/div>\n<\/div>\n\n\n<div class=\"post-entry-content\">\n\n\t<h3 class=\"entry-title\">\n\t\t<a href=\"https:\/\/delatorrearquitectura.com\/ca\/project\/test-2-2-2-8\/\" target=\"\" title=\"HABITATGE UNIFAMILIAR\" rel=\"bookmark\">HABITATGE UNIFAMILIAR<\/a>\n\t<\/h3>\n\n\t\n\t\n\t<a class=\"post-details details-type-link\" href=\"https:\/\/delatorrearquitectura.com\/ca\/project\/test-2-2-2-8\/\" target=\"\">Llegir m\u00e9s<i class=\"dt-icon-the7-arrow-03\" aria-hidden=\"true\"><\/i><\/a>\n<\/div><\/article><\/div><div class=\"visible wf-cell\" data-post-id=\"23185\" data-date=\"2024-01-24T09:16:35+02:00\" data-name=\"REFORMA I AMPLIACI\u00d3 D&#039;HABITATGE\"><article class=\"post visible post-23185 dt_portfolio type-dt_portfolio status-publish has-post-thumbnail hentry\" data-name=\"REFORMA I AMPLIACI\u00d3 D&#8217;HABITATGE\" data-date=\"2024-01-24T09:16:35+02:00\">\n\n<div class=\"post-thumbnail-wrap  \">\n\t<div class=\"post-thumbnail\">\n\n\t\t<a href=\"https:\/\/delatorrearquitectura.com\/ca\/project\/test-2-2-2-9\/\" class=\"post-thumbnail-rollover layzr-bg\" target=\"\"  aria-label=\"Post image\"><img decoding=\"async\" class=\"iso-lazy-load preload-me iso-lazy-load aspect\" src=\"data:image\/svg+xml,%3Csvg%20xmlns%3D&#39;http%3A%2F%2Fwww.w3.org%2F2000%2Fsvg&#39;%20viewBox%3D&#39;0%200%20768%20768&#39;%2F%3E\" data-src=\"https:\/\/delatorrearquitectura.com\/wp-content\/uploads\/2024\/04\/portada-12-scaled-768x768.jpg\" data-srcset=\"https:\/\/delatorrearquitectura.com\/wp-content\/uploads\/2024\/04\/portada-12-scaled-768x768.jpg 768w, https:\/\/delatorrearquitectura.com\/wp-content\/uploads\/2024\/04\/portada-12-scaled-1152x1152.jpg 1152w\" loading=\"eager\" style=\"--ratio: 768 \/ 768\" sizes=\"(max-width: 768px) 100vw, 768px\" alt=\"\" title=\"portada\" width=\"768\" height=\"768\"  \/><\/a><div class=\"project-links-container\"><a href=\"https:\/\/delatorrearquitectura.com\/wp-content\/uploads\/2024\/04\/portada-12-scaled.jpg\" class=\"project-zoom dt-pswp-item dt-single-pswp-popup\" title=\"portada\" data-dt-img-description=\"\" data-large_image_width=\"2560\" data-large_image_height=\"2297\" aria-label=\"Portfolio zoom icon\"><span class=\"icon-portfolio-p203\"><\/span><\/a><a href=\"https:\/\/delatorrearquitectura.com\/ca\/project\/test-2-2-2-9\/\" target=\"\" class=\"project-details\" aria-label=\"Details link\"><span class=\"icon-portfolio-p205\"><\/span><\/a><\/div>\n\t<\/div>\n<\/div>\n\n\n<div class=\"post-entry-content\">\n\n\t<h3 class=\"entry-title\">\n\t\t<a href=\"https:\/\/delatorrearquitectura.com\/ca\/project\/test-2-2-2-9\/\" target=\"\" title=\"REFORMA I AMPLIACI\u00d3 D&#8217;HABITATGE\" rel=\"bookmark\">REFORMA I AMPLIACI\u00d3 D&#8217;HABITATGE<\/a>\n\t<\/h3>\n\n\t\n\t\n\t<a class=\"post-details details-type-link\" href=\"https:\/\/delatorrearquitectura.com\/ca\/project\/test-2-2-2-9\/\" target=\"\">Llegir m\u00e9s<i class=\"dt-icon-the7-arrow-03\" aria-hidden=\"true\"><\/i><\/a>\n<\/div><\/article><\/div><div class=\"visible wf-cell\" data-post-id=\"23188\" data-date=\"2024-01-23T09:21:43+02:00\" data-name=\"AMPLIACI\u00d3 D&#039;UN HABITATGE\"><article class=\"post visible post-23188 dt_portfolio type-dt_portfolio status-publish has-post-thumbnail hentry\" data-name=\"AMPLIACI\u00d3 D&#8217;UN HABITATGE\" data-date=\"2024-01-23T09:21:43+02:00\">\n\n<div class=\"post-thumbnail-wrap  \">\n\t<div class=\"post-thumbnail\">\n\n\t\t<a href=\"https:\/\/delatorrearquitectura.com\/ca\/project\/test-2-2-2-10\/\" class=\"post-thumbnail-rollover layzr-bg\" target=\"\"  aria-label=\"Post image\"><img decoding=\"async\" class=\"iso-lazy-load preload-me iso-lazy-load aspect\" src=\"data:image\/svg+xml,%3Csvg%20xmlns%3D&#39;http%3A%2F%2Fwww.w3.org%2F2000%2Fsvg&#39;%20viewBox%3D&#39;0%200%20768%20768&#39;%2F%3E\" data-src=\"https:\/\/delatorrearquitectura.com\/wp-content\/uploads\/2024\/04\/portada-11-scaled-768x768.jpg\" data-srcset=\"https:\/\/delatorrearquitectura.com\/wp-content\/uploads\/2024\/04\/portada-11-scaled-768x768.jpg 768w, https:\/\/delatorrearquitectura.com\/wp-content\/uploads\/2024\/04\/portada-11-scaled-1152x1152.jpg 1152w\" loading=\"eager\" style=\"--ratio: 768 \/ 768\" sizes=\"(max-width: 768px) 100vw, 768px\" alt=\"\" title=\"portada\" width=\"768\" height=\"768\"  \/><\/a><div class=\"project-links-container\"><a href=\"https:\/\/delatorrearquitectura.com\/wp-content\/uploads\/2024\/04\/portada-11-scaled.jpg\" class=\"project-zoom dt-pswp-item dt-single-pswp-popup\" title=\"portada\" data-dt-img-description=\"\" data-large_image_width=\"2560\" data-large_image_height=\"2384\" aria-label=\"Portfolio zoom icon\"><span class=\"icon-portfolio-p203\"><\/span><\/a><a href=\"https:\/\/delatorrearquitectura.com\/ca\/project\/test-2-2-2-10\/\" target=\"\" class=\"project-details\" aria-label=\"Details link\"><span class=\"icon-portfolio-p205\"><\/span><\/a><\/div>\n\t<\/div>\n<\/div>\n\n\n<div class=\"post-entry-content\">\n\n\t<h3 class=\"entry-title\">\n\t\t<a href=\"https:\/\/delatorrearquitectura.com\/ca\/project\/test-2-2-2-10\/\" target=\"\" title=\"AMPLIACI\u00d3 D&#8217;UN HABITATGE\" rel=\"bookmark\">AMPLIACI\u00d3 D&#8217;UN HABITATGE<\/a>\n\t<\/h3>\n\n\t\n\t\n\t<a class=\"post-details details-type-link\" href=\"https:\/\/delatorrearquitectura.com\/ca\/project\/test-2-2-2-10\/\" target=\"\">Llegir m\u00e9s<i class=\"dt-icon-the7-arrow-03\" aria-hidden=\"true\"><\/i><\/a>\n<\/div><\/article><\/div><div class=\"visible wf-cell\" data-post-id=\"22991\" data-date=\"2024-01-23T08:58:59+02:00\" data-name=\"HABITATGE UNIFAMILIAR\"><article class=\"post visible post-22991 dt_portfolio type-dt_portfolio status-publish has-post-thumbnail hentry\" data-name=\"HABITATGE UNIFAMILIAR\" data-date=\"2024-01-23T08:58:59+02:00\">\n\n<div class=\"post-thumbnail-wrap  \">\n\t<div class=\"post-thumbnail\">\n\n\t\t<a href=\"https:\/\/delatorrearquitectura.com\/ca\/project\/test-2-2-4-2\/\" class=\"post-thumbnail-rollover layzr-bg\" target=\"\"  aria-label=\"Post image\"><img decoding=\"async\" class=\"iso-lazy-load preload-me iso-lazy-load aspect\" src=\"data:image\/svg+xml,%3Csvg%20xmlns%3D&#39;http%3A%2F%2Fwww.w3.org%2F2000%2Fsvg&#39;%20viewBox%3D&#39;0%200%20768%20768&#39;%2F%3E\" data-src=\"https:\/\/delatorrearquitectura.com\/wp-content\/uploads\/2024\/01\/portada5-1-scaled-768x768.jpg\" data-srcset=\"https:\/\/delatorrearquitectura.com\/wp-content\/uploads\/2024\/01\/portada5-1-scaled-768x768.jpg 768w, https:\/\/delatorrearquitectura.com\/wp-content\/uploads\/2024\/01\/portada5-1-scaled-1152x1152.jpg 1152w\" loading=\"eager\" style=\"--ratio: 768 \/ 768\" sizes=\"(max-width: 768px) 100vw, 768px\" alt=\"\" title=\"portada5\" width=\"768\" height=\"768\"  \/><\/a><div class=\"project-links-container\"><a href=\"https:\/\/delatorrearquitectura.com\/wp-content\/uploads\/2024\/01\/portada5-1-scaled.jpg\" class=\"project-zoom dt-pswp-item dt-single-pswp-popup\" title=\"portada5\" data-dt-img-description=\"\" data-large_image_width=\"2560\" data-large_image_height=\"2389\" aria-label=\"Portfolio zoom icon\"><span class=\"icon-portfolio-p203\"><\/span><\/a><a href=\"https:\/\/delatorrearquitectura.com\/ca\/project\/test-2-2-4-2\/\" target=\"\" class=\"project-details\" aria-label=\"Details link\"><span class=\"icon-portfolio-p205\"><\/span><\/a><\/div>\n\t<\/div>\n<\/div>\n\n\n<div class=\"post-entry-content\">\n\n\t<h3 class=\"entry-title\">\n\t\t<a href=\"https:\/\/delatorrearquitectura.com\/ca\/project\/test-2-2-4-2\/\" target=\"\" title=\"HABITATGE UNIFAMILIAR\" rel=\"bookmark\">HABITATGE UNIFAMILIAR<\/a>\n\t<\/h3>\n\n\t\n\t\n\t<a class=\"post-details details-type-link\" href=\"https:\/\/delatorrearquitectura.com\/ca\/project\/test-2-2-4-2\/\" target=\"\">Llegir m\u00e9s<i class=\"dt-icon-the7-arrow-03\" aria-hidden=\"true\"><\/i><\/a>\n<\/div><\/article><\/div><div class=\"visible wf-cell\" data-post-id=\"23217\" data-date=\"2024-01-22T10:04:31+02:00\" data-name=\"HABITATGE ENTRE MITJANERES\"><article class=\"post visible post-23217 dt_portfolio type-dt_portfolio status-publish has-post-thumbnail hentry\" data-name=\"HABITATGE ENTRE MITJANERES\" data-date=\"2024-01-22T10:04:31+02:00\">\n\n<div class=\"post-thumbnail-wrap  \">\n\t<div class=\"post-thumbnail\">\n\n\t\t<a href=\"https:\/\/delatorrearquitectura.com\/ca\/project\/test-2-2-8\/\" class=\"post-thumbnail-rollover layzr-bg\" target=\"\"  aria-label=\"Post image\"><img decoding=\"async\" class=\"iso-lazy-load preload-me iso-lazy-load aspect\" src=\"data:image\/svg+xml,%3Csvg%20xmlns%3D&#39;http%3A%2F%2Fwww.w3.org%2F2000%2Fsvg&#39;%20viewBox%3D&#39;0%200%20768%20768&#39;%2F%3E\" data-src=\"https:\/\/delatorrearquitectura.com\/wp-content\/uploads\/2024\/04\/portada-13-768x768.jpg\" data-srcset=\"https:\/\/delatorrearquitectura.com\/wp-content\/uploads\/2024\/04\/portada-13-768x768.jpg 768w, https:\/\/delatorrearquitectura.com\/wp-content\/uploads\/2024\/04\/portada-13-1152x1152.jpg 1152w\" loading=\"eager\" style=\"--ratio: 768 \/ 768\" sizes=\"(max-width: 768px) 100vw, 768px\" alt=\"\" title=\"portada\" width=\"768\" height=\"768\"  \/><\/a><div class=\"project-links-container\"><a href=\"https:\/\/delatorrearquitectura.com\/wp-content\/uploads\/2024\/04\/portada-13.jpg\" class=\"project-zoom dt-pswp-item dt-single-pswp-popup\" title=\"portada\" data-dt-img-description=\"\" data-large_image_width=\"1432\" data-large_image_height=\"1429\" aria-label=\"Portfolio zoom icon\"><span class=\"icon-portfolio-p203\"><\/span><\/a><a href=\"https:\/\/delatorrearquitectura.com\/ca\/project\/test-2-2-8\/\" target=\"\" class=\"project-details\" aria-label=\"Details link\"><span class=\"icon-portfolio-p205\"><\/span><\/a><\/div>\n\t<\/div>\n<\/div>\n\n\n<div class=\"post-entry-content\">\n\n\t<h3 class=\"entry-title\">\n\t\t<a href=\"https:\/\/delatorrearquitectura.com\/ca\/project\/test-2-2-8\/\" target=\"\" title=\"HABITATGE ENTRE MITJANERES\" rel=\"bookmark\">HABITATGE ENTRE MITJANERES<\/a>\n\t<\/h3>\n\n\t\n\t\n\t<a class=\"post-details details-type-link\" href=\"https:\/\/delatorrearquitectura.com\/ca\/project\/test-2-2-8\/\" target=\"\">Llegir m\u00e9s<i class=\"dt-icon-the7-arrow-03\" aria-hidden=\"true\"><\/i><\/a>\n<\/div><\/article><\/div><div class=\"visible wf-cell\" data-post-id=\"23273\" data-date=\"2024-01-21T18:46:14+02:00\" data-name=\"ACTUACIONS A UN EDIFICI PLURIFAMILIAR\"><article class=\"post visible post-23273 dt_portfolio type-dt_portfolio status-publish has-post-thumbnail hentry\" data-name=\"ACTUACIONS A UN EDIFICI PLURIFAMILIAR\" data-date=\"2024-01-21T18:46:14+02:00\">\n\n<div class=\"post-thumbnail-wrap  \">\n\t<div class=\"post-thumbnail\">\n\n\t\t<a href=\"https:\/\/delatorrearquitectura.com\/ca\/project\/test-2-2-9\/\" class=\"post-thumbnail-rollover layzr-bg\" target=\"\"  aria-label=\"Post image\"><img decoding=\"async\" class=\"iso-lazy-load preload-me iso-lazy-load aspect\" src=\"data:image\/svg+xml,%3Csvg%20xmlns%3D&#39;http%3A%2F%2Fwww.w3.org%2F2000%2Fsvg&#39;%20viewBox%3D&#39;0%200%20740%20740&#39;%2F%3E\" data-src=\"https:\/\/delatorrearquitectura.com\/wp-content\/uploads\/2024\/04\/PORTADA-15-740x740.jpg\" data-srcset=\"https:\/\/delatorrearquitectura.com\/wp-content\/uploads\/2024\/04\/PORTADA-15-740x740.jpg 740w\" loading=\"eager\" style=\"--ratio: 740 \/ 740\" sizes=\"(max-width: 740px) 100vw, 740px\" alt=\"\" title=\"PORTADA\" width=\"740\" height=\"740\"  \/><\/a><div class=\"project-links-container\"><a href=\"https:\/\/delatorrearquitectura.com\/wp-content\/uploads\/2024\/04\/PORTADA-15.jpg\" class=\"project-zoom dt-pswp-item dt-single-pswp-popup\" title=\"PORTADA\" data-dt-img-description=\"\" data-large_image_width=\"800\" data-large_image_height=\"740\" aria-label=\"Portfolio zoom icon\"><span class=\"icon-portfolio-p203\"><\/span><\/a><a href=\"https:\/\/delatorrearquitectura.com\/ca\/project\/test-2-2-9\/\" target=\"\" class=\"project-details\" aria-label=\"Details link\"><span class=\"icon-portfolio-p205\"><\/span><\/a><\/div>\n\t<\/div>\n<\/div>\n\n\n<div class=\"post-entry-content\">\n\n\t<h3 class=\"entry-title\">\n\t\t<a href=\"https:\/\/delatorrearquitectura.com\/ca\/project\/test-2-2-9\/\" target=\"\" title=\"ACTUACIONS A UN EDIFICI PLURIFAMILIAR\" rel=\"bookmark\">ACTUACIONS A UN EDIFICI PLURIFAMILIAR<\/a>\n\t<\/h3>\n\n\t\n\t\n\t<a class=\"post-details details-type-link\" href=\"https:\/\/delatorrearquitectura.com\/ca\/project\/test-2-2-9\/\" target=\"\">Llegir m\u00e9s<i class=\"dt-icon-the7-arrow-03\" aria-hidden=\"true\"><\/i><\/a>\n<\/div><\/article><\/div><div class=\"visible wf-cell\" data-post-id=\"23236\" data-date=\"2024-01-21T18:19:11+02:00\" data-name=\"REFORMA INTERIOR DEL CENTRE D&#039;EST\u00c8TICA\"><article class=\"post visible post-23236 dt_portfolio type-dt_portfolio status-publish has-post-thumbnail hentry\" data-name=\"REFORMA INTERIOR DEL CENTRE D&#8217;EST\u00c8TICA\" data-date=\"2024-01-21T18:19:11+02:00\">\n\n<div class=\"post-thumbnail-wrap  \">\n\t<div class=\"post-thumbnail\">\n\n\t\t<a href=\"https:\/\/delatorrearquitectura.com\/ca\/project\/test-2-2-9-2\/\" class=\"post-thumbnail-rollover layzr-bg\" target=\"\"  aria-label=\"Post image\"><img decoding=\"async\" class=\"iso-lazy-load preload-me iso-lazy-load aspect\" src=\"data:image\/svg+xml,%3Csvg%20xmlns%3D&#39;http%3A%2F%2Fwww.w3.org%2F2000%2Fsvg&#39;%20viewBox%3D&#39;0%200%20768%20768&#39;%2F%3E\" data-src=\"https:\/\/delatorrearquitectura.com\/wp-content\/uploads\/2024\/04\/portada-14-scaled-768x768.jpg\" data-srcset=\"https:\/\/delatorrearquitectura.com\/wp-content\/uploads\/2024\/04\/portada-14-scaled-768x768.jpg 768w, https:\/\/delatorrearquitectura.com\/wp-content\/uploads\/2024\/04\/portada-14-scaled-1152x1152.jpg 1152w\" loading=\"eager\" style=\"--ratio: 768 \/ 768\" sizes=\"(max-width: 768px) 100vw, 768px\" alt=\"\" title=\"Model\" width=\"768\" height=\"768\"  \/><\/a><div class=\"project-links-container\"><a href=\"https:\/\/delatorrearquitectura.com\/wp-content\/uploads\/2024\/04\/portada-14-scaled.jpg\" class=\"project-zoom dt-pswp-item dt-single-pswp-popup\" title=\"Model\" data-dt-img-description=\"\" data-large_image_width=\"2560\" data-large_image_height=\"2429\" aria-label=\"Portfolio zoom icon\"><span class=\"icon-portfolio-p203\"><\/span><\/a><a href=\"https:\/\/delatorrearquitectura.com\/ca\/project\/test-2-2-9-2\/\" target=\"\" class=\"project-details\" aria-label=\"Details link\"><span class=\"icon-portfolio-p205\"><\/span><\/a><\/div>\n\t<\/div>\n<\/div>\n\n\n<div class=\"post-entry-content\">\n\n\t<h3 class=\"entry-title\">\n\t\t<a href=\"https:\/\/delatorrearquitectura.com\/ca\/project\/test-2-2-9-2\/\" target=\"\" title=\"REFORMA INTERIOR DEL CENTRE D&#8217;EST\u00c8TICA\" rel=\"bookmark\">REFORMA INTERIOR DEL CENTRE D&#8217;EST\u00c8TICA<\/a>\n\t<\/h3>\n\n\t\n\t\n\t<a class=\"post-details details-type-link\" href=\"https:\/\/delatorrearquitectura.com\/ca\/project\/test-2-2-9-2\/\" target=\"\">Llegir m\u00e9s<i class=\"dt-icon-the7-arrow-03\" aria-hidden=\"true\"><\/i><\/a>\n<\/div><\/article><\/div><div class=\"visible wf-cell\" data-post-id=\"23514\" data-date=\"2024-01-20T18:15:01+02:00\" data-name=\"HABITATGE UNIFAMILIAR\"><article class=\"post visible post-23514 dt_portfolio type-dt_portfolio status-publish has-post-thumbnail hentry\" data-name=\"HABITATGE UNIFAMILIAR\" data-date=\"2024-01-20T18:15:01+02:00\">\n\n<div class=\"post-thumbnail-wrap  \">\n\t<div class=\"post-thumbnail\">\n\n\t\t<a href=\"https:\/\/delatorrearquitectura.com\/ca\/project\/test-2-2-11-2\/\" class=\"post-thumbnail-rollover layzr-bg\" target=\"\"  aria-label=\"Post image\"><img decoding=\"async\" class=\"iso-lazy-load preload-me iso-lazy-load aspect\" src=\"data:image\/svg+xml,%3Csvg%20xmlns%3D&#39;http%3A%2F%2Fwww.w3.org%2F2000%2Fsvg&#39;%20viewBox%3D&#39;0%200%20768%20768&#39;%2F%3E\" data-src=\"https:\/\/delatorrearquitectura.com\/wp-content\/uploads\/2024\/05\/portada2-768x768.jpg\" data-srcset=\"https:\/\/delatorrearquitectura.com\/wp-content\/uploads\/2024\/05\/portada2-768x768.jpg 768w, https:\/\/delatorrearquitectura.com\/wp-content\/uploads\/2024\/05\/portada2-1116x1116.jpg 1116w\" loading=\"eager\" style=\"--ratio: 768 \/ 768\" sizes=\"(max-width: 768px) 100vw, 768px\" alt=\"\" title=\"portada2\" width=\"768\" height=\"768\"  \/><\/a><div class=\"project-links-container\"><a href=\"https:\/\/delatorrearquitectura.com\/wp-content\/uploads\/2024\/05\/portada2.jpg\" class=\"project-zoom dt-pswp-item dt-single-pswp-popup\" title=\"portada2\" data-dt-img-description=\"\" data-large_image_width=\"1214\" data-large_image_height=\"1116\" aria-label=\"Portfolio zoom icon\"><span class=\"icon-portfolio-p203\"><\/span><\/a><a href=\"https:\/\/delatorrearquitectura.com\/ca\/project\/test-2-2-11-2\/\" target=\"\" class=\"project-details\" aria-label=\"Details link\"><span class=\"icon-portfolio-p205\"><\/span><\/a><\/div>\n\t<\/div>\n<\/div>\n\n\n<div class=\"post-entry-content\">\n\n\t<h3 class=\"entry-title\">\n\t\t<a href=\"https:\/\/delatorrearquitectura.com\/ca\/project\/test-2-2-11-2\/\" target=\"\" title=\"HABITATGE UNIFAMILIAR\" rel=\"bookmark\">HABITATGE UNIFAMILIAR<\/a>\n\t<\/h3>\n\n\t\n\t\n\t<a class=\"post-details details-type-link\" href=\"https:\/\/delatorrearquitectura.com\/ca\/project\/test-2-2-11-2\/\" target=\"\">Llegir m\u00e9s<i class=\"dt-icon-the7-arrow-03\" aria-hidden=\"true\"><\/i><\/a>\n<\/div><\/article><\/div><div class=\"visible wf-cell\" data-post-id=\"23326\" data-date=\"2024-01-20T18:12:15+02:00\" data-name=\"REFORMA D&#039;UN HABITATGE\"><article class=\"post visible post-23326 dt_portfolio type-dt_portfolio status-publish has-post-thumbnail hentry\" data-name=\"REFORMA D&#8217;UN HABITATGE\" data-date=\"2024-01-20T18:12:15+02:00\">\n\n<div class=\"post-thumbnail-wrap  \">\n\t<div class=\"post-thumbnail\">\n\n\t\t<a href=\"https:\/\/delatorrearquitectura.com\/ca\/project\/test-2-2-10\/\" class=\"post-thumbnail-rollover layzr-bg\" target=\"\"  aria-label=\"Post image\"><img decoding=\"async\" class=\"iso-lazy-load preload-me iso-lazy-load aspect\" src=\"data:image\/svg+xml,%3Csvg%20xmlns%3D&#39;http%3A%2F%2Fwww.w3.org%2F2000%2Fsvg&#39;%20viewBox%3D&#39;0%200%20768%20768&#39;%2F%3E\" data-src=\"https:\/\/delatorrearquitectura.com\/wp-content\/uploads\/2024\/04\/portada-16-scaled-768x768.jpg\" data-srcset=\"https:\/\/delatorrearquitectura.com\/wp-content\/uploads\/2024\/04\/portada-16-scaled-768x768.jpg 768w, https:\/\/delatorrearquitectura.com\/wp-content\/uploads\/2024\/04\/portada-16-scaled-1152x1152.jpg 1152w\" loading=\"eager\" style=\"--ratio: 768 \/ 768\" sizes=\"(max-width: 768px) 100vw, 768px\" alt=\"\" title=\"portada\" width=\"768\" height=\"768\"  \/><\/a><div class=\"project-links-container\"><a href=\"https:\/\/delatorrearquitectura.com\/wp-content\/uploads\/2024\/04\/portada-16-scaled.jpg\" class=\"project-zoom dt-pswp-item dt-single-pswp-popup\" title=\"portada\" data-dt-img-description=\"\" data-large_image_width=\"2560\" data-large_image_height=\"2418\" aria-label=\"Portfolio zoom icon\"><span class=\"icon-portfolio-p203\"><\/span><\/a><a href=\"https:\/\/delatorrearquitectura.com\/ca\/project\/test-2-2-10\/\" target=\"\" class=\"project-details\" aria-label=\"Details link\"><span class=\"icon-portfolio-p205\"><\/span><\/a><\/div>\n\t<\/div>\n<\/div>\n\n\n<div class=\"post-entry-content\">\n\n\t<h3 class=\"entry-title\">\n\t\t<a href=\"https:\/\/delatorrearquitectura.com\/ca\/project\/test-2-2-10\/\" target=\"\" title=\"REFORMA D&#8217;UN HABITATGE\" rel=\"bookmark\">REFORMA D&#8217;UN HABITATGE<\/a>\n\t<\/h3>\n\n\t\n\t\n\t<a class=\"post-details details-type-link\" href=\"https:\/\/delatorrearquitectura.com\/ca\/project\/test-2-2-10\/\" target=\"\">Llegir m\u00e9s<i class=\"dt-icon-the7-arrow-03\" aria-hidden=\"true\"><\/i><\/a>\n<\/div><\/article><\/div><div class=\"visible wf-cell\" data-post-id=\"23516\" data-date=\"2024-01-18T17:58:31+02:00\" data-name=\"REFORMA I AMPLIACI\u00d3 D&#039;HABITATGE\"><article class=\"post visible post-23516 dt_portfolio type-dt_portfolio status-publish has-post-thumbnail hentry\" data-name=\"REFORMA I AMPLIACI\u00d3 D&#8217;HABITATGE\" data-date=\"2024-01-18T17:58:31+02:00\">\n\n<div class=\"post-thumbnail-wrap  \">\n\t<div class=\"post-thumbnail\">\n\n\t\t<a href=\"https:\/\/delatorrearquitectura.com\/ca\/project\/test-2-2-12\/\" class=\"post-thumbnail-rollover layzr-bg\" target=\"\"  aria-label=\"Post image\"><img decoding=\"async\" class=\"iso-lazy-load preload-me iso-lazy-load aspect\" src=\"data:image\/svg+xml,%3Csvg%20xmlns%3D&#39;http%3A%2F%2Fwww.w3.org%2F2000%2Fsvg&#39;%20viewBox%3D&#39;0%200%20768%20768&#39;%2F%3E\" data-src=\"https:\/\/delatorrearquitectura.com\/wp-content\/uploads\/2024\/05\/PORTADA-1-768x768.jpg\" data-srcset=\"https:\/\/delatorrearquitectura.com\/wp-content\/uploads\/2024\/05\/PORTADA-1-768x768.jpg 768w, https:\/\/delatorrearquitectura.com\/wp-content\/uploads\/2024\/05\/PORTADA-1-1152x1152.jpg 1152w\" loading=\"eager\" style=\"--ratio: 768 \/ 768\" sizes=\"(max-width: 768px) 100vw, 768px\" alt=\"\" title=\"Model\" width=\"768\" height=\"768\"  \/><\/a><div class=\"project-links-container\"><a href=\"https:\/\/delatorrearquitectura.com\/wp-content\/uploads\/2024\/05\/PORTADA-1.jpg\" class=\"project-zoom dt-pswp-item dt-single-pswp-popup\" title=\"Model\" data-dt-img-description=\"\" data-large_image_width=\"2324\" data-large_image_height=\"2119\" aria-label=\"Portfolio zoom icon\"><span class=\"icon-portfolio-p203\"><\/span><\/a><a href=\"https:\/\/delatorrearquitectura.com\/ca\/project\/test-2-2-12\/\" target=\"\" class=\"project-details\" aria-label=\"Details link\"><span class=\"icon-portfolio-p205\"><\/span><\/a><\/div>\n\t<\/div>\n<\/div>\n\n\n<div class=\"post-entry-content\">\n\n\t<h3 class=\"entry-title\">\n\t\t<a href=\"https:\/\/delatorrearquitectura.com\/ca\/project\/test-2-2-12\/\" target=\"\" title=\"REFORMA I AMPLIACI\u00d3 D&#8217;HABITATGE\" rel=\"bookmark\">REFORMA I AMPLIACI\u00d3 D&#8217;HABITATGE<\/a>\n\t<\/h3>\n\n\t\n\t\n\t<a class=\"post-details details-type-link\" href=\"https:\/\/delatorrearquitectura.com\/ca\/project\/test-2-2-12\/\" target=\"\">Llegir m\u00e9s<i class=\"dt-icon-the7-arrow-03\" aria-hidden=\"true\"><\/i><\/a>\n<\/div><\/article><\/div><div class=\"visible wf-cell\" data-post-id=\"23637\" data-date=\"2024-01-18T10:22:39+02:00\" data-name=\"REFORMA DE MASIA PER ACOLLIR ACTIVITAT DE TURISME RURAL\"><article class=\"post visible post-23637 dt_portfolio type-dt_portfolio status-publish has-post-thumbnail hentry\" data-name=\"REFORMA DE MASIA PER ACOLLIR ACTIVITAT DE TURISME RURAL\" data-date=\"2024-01-18T10:22:39+02:00\">\n\n<div class=\"post-thumbnail-wrap  \">\n\t<div class=\"post-thumbnail\">\n\n\t\t<a href=\"https:\/\/delatorrearquitectura.com\/ca\/project\/test-2-2-13\/\" class=\"post-thumbnail-rollover layzr-bg\" target=\"\"  aria-label=\"Post image\"><img decoding=\"async\" class=\"iso-lazy-load preload-me iso-lazy-load aspect\" src=\"data:image\/svg+xml,%3Csvg%20xmlns%3D&#39;http%3A%2F%2Fwww.w3.org%2F2000%2Fsvg&#39;%20viewBox%3D&#39;0%200%20768%20768&#39;%2F%3E\" data-src=\"https:\/\/delatorrearquitectura.com\/wp-content\/uploads\/2024\/05\/PORTADA-2-768x768.jpg\" data-srcset=\"https:\/\/delatorrearquitectura.com\/wp-content\/uploads\/2024\/05\/PORTADA-2-768x768.jpg 768w, https:\/\/delatorrearquitectura.com\/wp-content\/uploads\/2024\/05\/PORTADA-2-887x887.jpg 887w\" loading=\"eager\" style=\"--ratio: 768 \/ 768\" sizes=\"(max-width: 768px) 100vw, 768px\" alt=\"\" title=\"PORTADA\" width=\"768\" height=\"768\"  \/><\/a><div class=\"project-links-container\"><a href=\"https:\/\/delatorrearquitectura.com\/wp-content\/uploads\/2024\/05\/PORTADA-2.jpg\" class=\"project-zoom dt-pswp-item dt-single-pswp-popup\" title=\"PORTADA\" data-dt-img-description=\"\" data-large_image_width=\"962\" data-large_image_height=\"887\" aria-label=\"Portfolio zoom icon\"><span class=\"icon-portfolio-p203\"><\/span><\/a><a href=\"https:\/\/delatorrearquitectura.com\/ca\/project\/test-2-2-13\/\" target=\"\" class=\"project-details\" aria-label=\"Details link\"><span class=\"icon-portfolio-p205\"><\/span><\/a><\/div>\n\t<\/div>\n<\/div>\n\n\n<div class=\"post-entry-content\">\n\n\t<h3 class=\"entry-title\">\n\t\t<a href=\"https:\/\/delatorrearquitectura.com\/ca\/project\/test-2-2-13\/\" target=\"\" title=\"REFORMA DE MASIA PER ACOLLIR ACTIVITAT DE TURISME RURAL\" rel=\"bookmark\">REFORMA DE MASIA PER ACOLLIR ACTIVITAT DE TURISME RURAL<\/a>\n\t<\/h3>\n\n\t\n\t\n\t<a class=\"post-details details-type-link\" href=\"https:\/\/delatorrearquitectura.com\/ca\/project\/test-2-2-13\/\" target=\"\">Llegir m\u00e9s<i class=\"dt-icon-the7-arrow-03\" aria-hidden=\"true\"><\/i><\/a>\n<\/div><\/article><\/div><div class=\"visible wf-cell\" data-post-id=\"23558\" data-date=\"2024-01-17T18:39:14+02:00\" data-name=\"REFORMA DE LOCAL PER ACOLLIR UN CENTRE DE CULTE\"><article class=\"post visible post-23558 dt_portfolio type-dt_portfolio status-publish has-post-thumbnail hentry\" data-name=\"REFORMA DE LOCAL PER ACOLLIR UN CENTRE DE CULTE\" data-date=\"2024-01-17T18:39:14+02:00\">\n\n<div class=\"post-thumbnail-wrap  \">\n\t<div class=\"post-thumbnail\">\n\n\t\t<a href=\"https:\/\/delatorrearquitectura.com\/ca\/project\/test-3-13\/\" class=\"post-thumbnail-rollover layzr-bg\" target=\"\"  aria-label=\"Post image\"><img decoding=\"async\" class=\"iso-lazy-load preload-me iso-lazy-load aspect\" src=\"data:image\/svg+xml,%3Csvg%20xmlns%3D&#39;http%3A%2F%2Fwww.w3.org%2F2000%2Fsvg&#39;%20viewBox%3D&#39;0%200%20768%20768&#39;%2F%3E\" data-src=\"https:\/\/delatorrearquitectura.com\/wp-content\/uploads\/2024\/05\/portada0-768x768.jpg\" data-srcset=\"https:\/\/delatorrearquitectura.com\/wp-content\/uploads\/2024\/05\/portada0-768x768.jpg 768w, https:\/\/delatorrearquitectura.com\/wp-content\/uploads\/2024\/05\/portada0-1152x1152.jpg 1152w\" loading=\"eager\" style=\"--ratio: 768 \/ 768\" sizes=\"(max-width: 768px) 100vw, 768px\" alt=\"\" title=\"A16_ER_Vistes\" width=\"768\" height=\"768\"  \/><\/a><div class=\"project-links-container\"><a href=\"https:\/\/delatorrearquitectura.com\/wp-content\/uploads\/2024\/05\/portada0.jpg\" class=\"project-zoom dt-pswp-item dt-single-pswp-popup\" title=\"A16_ER_Vistes\" data-dt-img-description=\"\" data-large_image_width=\"1837\" data-large_image_height=\"1772\" aria-label=\"Portfolio zoom icon\"><span class=\"icon-portfolio-p203\"><\/span><\/a><a href=\"https:\/\/delatorrearquitectura.com\/ca\/project\/test-3-13\/\" target=\"\" class=\"project-details\" aria-label=\"Details link\"><span class=\"icon-portfolio-p205\"><\/span><\/a><\/div>\n\t<\/div>\n<\/div>\n\n\n<div class=\"post-entry-content\">\n\n\t<h3 class=\"entry-title\">\n\t\t<a href=\"https:\/\/delatorrearquitectura.com\/ca\/project\/test-3-13\/\" target=\"\" title=\"REFORMA DE LOCAL PER ACOLLIR UN CENTRE DE CULTE\" rel=\"bookmark\">REFORMA DE LOCAL PER ACOLLIR UN CENTRE DE CULTE<\/a>\n\t<\/h3>\n\n\t\n\t\n\t<a class=\"post-details details-type-link\" href=\"https:\/\/delatorrearquitectura.com\/ca\/project\/test-3-13\/\" target=\"\">Llegir m\u00e9s<i class=\"dt-icon-the7-arrow-03\" aria-hidden=\"true\"><\/i><\/a>\n<\/div><\/article><\/div><div class=\"visible wf-cell\" data-post-id=\"23734\" data-date=\"2024-01-17T12:08:05+02:00\" data-name=\"PLANTA DE FABRICACI\u00d3 PURATOS\"><article class=\"post visible post-23734 dt_portfolio type-dt_portfolio status-publish has-post-thumbnail hentry\" data-name=\"PLANTA DE FABRICACI\u00d3 PURATOS\" data-date=\"2024-01-17T12:08:05+02:00\">\n\n<div class=\"post-thumbnail-wrap  \">\n\t<div class=\"post-thumbnail\">\n\n\t\t<a href=\"https:\/\/delatorrearquitectura.com\/ca\/project\/test-3-14\/\" class=\"post-thumbnail-rollover layzr-bg\" target=\"\"  aria-label=\"Post image\"><img decoding=\"async\" class=\"iso-lazy-load preload-me iso-lazy-load aspect\" src=\"data:image\/svg+xml,%3Csvg%20xmlns%3D&#39;http%3A%2F%2Fwww.w3.org%2F2000%2Fsvg&#39;%20viewBox%3D&#39;0%200%20653%20653&#39;%2F%3E\" data-src=\"https:\/\/delatorrearquitectura.com\/wp-content\/uploads\/2024\/05\/portada-5-653x653.jpg\" data-srcset=\"https:\/\/delatorrearquitectura.com\/wp-content\/uploads\/2024\/05\/portada-5-653x653.jpg 653w\" loading=\"eager\" style=\"--ratio: 653 \/ 653\" sizes=\"(max-width: 653px) 100vw, 653px\" alt=\"\" title=\"portada\" width=\"653\" height=\"653\"  \/><\/a><div class=\"project-links-container\"><a href=\"https:\/\/delatorrearquitectura.com\/wp-content\/uploads\/2024\/05\/portada-5.jpg\" class=\"project-zoom dt-pswp-item dt-single-pswp-popup\" title=\"portada\" data-dt-img-description=\"\" data-large_image_width=\"725\" data-large_image_height=\"653\" aria-label=\"Portfolio zoom icon\"><span class=\"icon-portfolio-p203\"><\/span><\/a><a href=\"https:\/\/delatorrearquitectura.com\/ca\/project\/test-3-14\/\" target=\"\" class=\"project-details\" aria-label=\"Details link\"><span class=\"icon-portfolio-p205\"><\/span><\/a><\/div>\n\t<\/div>\n<\/div>\n\n\n<div class=\"post-entry-content\">\n\n\t<h3 class=\"entry-title\">\n\t\t<a href=\"https:\/\/delatorrearquitectura.com\/ca\/project\/test-3-14\/\" target=\"\" title=\"PLANTA DE FABRICACI\u00d3 PURATOS\" rel=\"bookmark\">PLANTA DE FABRICACI\u00d3 PURATOS<\/a>\n\t<\/h3>\n\n\t\n\t\n\t<a class=\"post-details details-type-link\" href=\"https:\/\/delatorrearquitectura.com\/ca\/project\/test-3-14\/\" target=\"\">Llegir m\u00e9s<i class=\"dt-icon-the7-arrow-03\" aria-hidden=\"true\"><\/i><\/a>\n<\/div><\/article><\/div><div class=\"visible wf-cell\" data-post-id=\"23692\" data-date=\"2024-01-16T18:36:39+02:00\" data-name=\"HOTEL TORRE SALVANA\"><article class=\"post visible post-23692 dt_portfolio type-dt_portfolio status-publish has-post-thumbnail hentry\" data-name=\"HOTEL TORRE SALVANA\" data-date=\"2024-01-16T18:36:39+02:00\">\n\n<div class=\"post-thumbnail-wrap  \">\n\t<div class=\"post-thumbnail\">\n\n\t\t<a href=\"https:\/\/delatorrearquitectura.com\/ca\/project\/test-2-2-15\/\" class=\"post-thumbnail-rollover layzr-bg\" target=\"\"  aria-label=\"Post image\"><img decoding=\"async\" class=\"iso-lazy-load preload-me iso-lazy-load aspect\" src=\"data:image\/svg+xml,%3Csvg%20xmlns%3D&#39;http%3A%2F%2Fwww.w3.org%2F2000%2Fsvg&#39;%20viewBox%3D&#39;0%200%20639%20639&#39;%2F%3E\" data-src=\"https:\/\/delatorrearquitectura.com\/wp-content\/uploads\/2024\/05\/portada-4-639x639.jpg\" data-srcset=\"https:\/\/delatorrearquitectura.com\/wp-content\/uploads\/2024\/05\/portada-4-639x639.jpg 639w\" loading=\"eager\" style=\"--ratio: 639 \/ 639\" sizes=\"(max-width: 639px) 100vw, 639px\" alt=\"\" title=\"portada\" width=\"639\" height=\"639\"  \/><\/a><div class=\"project-links-container\"><a href=\"https:\/\/delatorrearquitectura.com\/wp-content\/uploads\/2024\/05\/portada-4.jpg\" class=\"project-zoom dt-pswp-item dt-single-pswp-popup\" title=\"portada\" data-dt-img-description=\"\" data-large_image_width=\"683\" data-large_image_height=\"639\" aria-label=\"Portfolio zoom icon\"><span class=\"icon-portfolio-p203\"><\/span><\/a><a href=\"https:\/\/delatorrearquitectura.com\/ca\/project\/test-2-2-15\/\" target=\"\" class=\"project-details\" aria-label=\"Details link\"><span class=\"icon-portfolio-p205\"><\/span><\/a><\/div>\n\t<\/div>\n<\/div>\n\n\n<div class=\"post-entry-content\">\n\n\t<h3 class=\"entry-title\">\n\t\t<a href=\"https:\/\/delatorrearquitectura.com\/ca\/project\/test-2-2-15\/\" target=\"\" title=\"HOTEL TORRE SALVANA\" rel=\"bookmark\">HOTEL TORRE SALVANA<\/a>\n\t<\/h3>\n\n\t\n\t\n\t<a class=\"post-details details-type-link\" href=\"https:\/\/delatorrearquitectura.com\/ca\/project\/test-2-2-15\/\" target=\"\">Llegir m\u00e9s<i class=\"dt-icon-the7-arrow-03\" aria-hidden=\"true\"><\/i><\/a>\n<\/div><\/article><\/div><div class=\"visible wf-cell\" data-post-id=\"23774\" data-date=\"2024-01-16T12:31:31+02:00\" data-name=\"Centre d&#039;Envasat Carburs Met\u00e0l\u00b7lics\"><article class=\"post visible post-23774 dt_portfolio type-dt_portfolio status-publish has-post-thumbnail hentry\" data-name=\"Centre d&#8217;Envasat Carburs Met\u00e0l\u00b7lics\" data-date=\"2024-01-16T12:31:31+02:00\">\n\n<div class=\"post-thumbnail-wrap  \">\n\t<div class=\"post-thumbnail\">\n\n\t\t<a href=\"https:\/\/delatorrearquitectura.com\/ca\/project\/test-3-15\/\" class=\"post-thumbnail-rollover layzr-bg\" target=\"\"  aria-label=\"Post image\"><img decoding=\"async\" class=\"iso-lazy-load preload-me iso-lazy-load aspect\" src=\"data:image\/svg+xml,%3Csvg%20xmlns%3D&#39;http%3A%2F%2Fwww.w3.org%2F2000%2Fsvg&#39;%20viewBox%3D&#39;0%200%20669%20669&#39;%2F%3E\" data-src=\"https:\/\/delatorrearquitectura.com\/wp-content\/uploads\/2024\/05\/portada-6-669x669.jpg\" data-srcset=\"https:\/\/delatorrearquitectura.com\/wp-content\/uploads\/2024\/05\/portada-6-669x669.jpg 669w\" loading=\"eager\" style=\"--ratio: 669 \/ 669\" sizes=\"(max-width: 669px) 100vw, 669px\" alt=\"\" title=\"portada\" width=\"669\" height=\"669\"  \/><\/a><div class=\"project-links-container\"><a href=\"https:\/\/delatorrearquitectura.com\/wp-content\/uploads\/2024\/05\/portada-6.jpg\" class=\"project-zoom dt-pswp-item dt-single-pswp-popup\" title=\"portada\" data-dt-img-description=\"\" data-large_image_width=\"711\" data-large_image_height=\"669\" aria-label=\"Portfolio zoom icon\"><span class=\"icon-portfolio-p203\"><\/span><\/a><a href=\"https:\/\/delatorrearquitectura.com\/ca\/project\/test-3-15\/\" target=\"\" class=\"project-details\" aria-label=\"Details link\"><span class=\"icon-portfolio-p205\"><\/span><\/a><\/div>\n\t<\/div>\n<\/div>\n\n\n<div class=\"post-entry-content\">\n\n\t<h3 class=\"entry-title\">\n\t\t<a href=\"https:\/\/delatorrearquitectura.com\/ca\/project\/test-3-15\/\" target=\"\" title=\"Centre d&#8217;Envasat Carburs Met\u00e0l\u00b7lics\" rel=\"bookmark\">Centre d&#8217;Envasat Carburs Met\u00e0l\u00b7lics<\/a>\n\t<\/h3>\n\n\t\n\t\n\t<a class=\"post-details details-type-link\" href=\"https:\/\/delatorrearquitectura.com\/ca\/project\/test-3-15\/\" target=\"\">Llegir m\u00e9s<i class=\"dt-icon-the7-arrow-03\" aria-hidden=\"true\"><\/i><\/a>\n<\/div><\/article><\/div><div class=\"visible wf-cell\" data-post-id=\"23821\" data-date=\"2024-01-15T13:10:14+02:00\" data-name=\"HABITATGE UNIFAMILIAR\"><article class=\"post visible post-23821 dt_portfolio type-dt_portfolio status-publish has-post-thumbnail hentry\" data-name=\"HABITATGE UNIFAMILIAR\" data-date=\"2024-01-15T13:10:14+02:00\">\n\n<div class=\"post-thumbnail-wrap  \">\n\t<div class=\"post-thumbnail\">\n\n\t\t<a href=\"https:\/\/delatorrearquitectura.com\/ca\/project\/test-3-17\/\" class=\"post-thumbnail-rollover layzr-bg\" target=\"\"  aria-label=\"Post image\"><img decoding=\"async\" class=\"iso-lazy-load preload-me iso-lazy-load aspect\" src=\"data:image\/svg+xml,%3Csvg%20xmlns%3D&#39;http%3A%2F%2Fwww.w3.org%2F2000%2Fsvg&#39;%20viewBox%3D&#39;0%200%20768%20768&#39;%2F%3E\" data-src=\"https:\/\/delatorrearquitectura.com\/wp-content\/uploads\/2024\/05\/portada-8-768x768.jpg\" data-srcset=\"https:\/\/delatorrearquitectura.com\/wp-content\/uploads\/2024\/05\/portada-8-768x768.jpg 768w, https:\/\/delatorrearquitectura.com\/wp-content\/uploads\/2024\/05\/portada-8-1152x1152.jpg 1152w\" loading=\"eager\" style=\"--ratio: 768 \/ 768\" sizes=\"(max-width: 768px) 100vw, 768px\" alt=\"\" title=\"portada\" width=\"768\" height=\"768\"  \/><\/a><div class=\"project-links-container\"><a href=\"https:\/\/delatorrearquitectura.com\/wp-content\/uploads\/2024\/05\/portada-8.jpg\" class=\"project-zoom dt-pswp-item dt-single-pswp-popup\" title=\"portada\" data-dt-img-description=\"\" data-large_image_width=\"1721\" data-large_image_height=\"1686\" aria-label=\"Portfolio zoom icon\"><span class=\"icon-portfolio-p203\"><\/span><\/a><a href=\"https:\/\/delatorrearquitectura.com\/ca\/project\/test-3-17\/\" target=\"\" class=\"project-details\" aria-label=\"Details link\"><span class=\"icon-portfolio-p205\"><\/span><\/a><\/div>\n\t<\/div>\n<\/div>\n\n\n<div class=\"post-entry-content\">\n\n\t<h3 class=\"entry-title\">\n\t\t<a href=\"https:\/\/delatorrearquitectura.com\/ca\/project\/test-3-17\/\" target=\"\" title=\"HABITATGE UNIFAMILIAR\" rel=\"bookmark\">HABITATGE UNIFAMILIAR<\/a>\n\t<\/h3>\n\n\t\n\t\n\t<a class=\"post-details details-type-link\" href=\"https:\/\/delatorrearquitectura.com\/ca\/project\/test-3-17\/\" target=\"\">Llegir m\u00e9s<i class=\"dt-icon-the7-arrow-03\" aria-hidden=\"true\"><\/i><\/a>\n<\/div><\/article><\/div><div class=\"visible wf-cell\" data-post-id=\"23776\" data-date=\"2024-01-15T12:50:38+02:00\" data-name=\"F\u00c0BRICA DE PINTURA ICI PACKAGING COATINGS\"><article class=\"post visible post-23776 dt_portfolio type-dt_portfolio status-publish has-post-thumbnail hentry\" data-name=\"F\u00c0BRICA DE PINTURA ICI PACKAGING COATINGS\" data-date=\"2024-01-15T12:50:38+02:00\">\n\n<div class=\"post-thumbnail-wrap  \">\n\t<div class=\"post-thumbnail\">\n\n\t\t<a href=\"https:\/\/delatorrearquitectura.com\/ca\/project\/test-3-16\/\" class=\"post-thumbnail-rollover layzr-bg\" target=\"\"  aria-label=\"Post image\"><img decoding=\"async\" class=\"iso-lazy-load preload-me iso-lazy-load aspect\" src=\"data:image\/svg+xml,%3Csvg%20xmlns%3D&#39;http%3A%2F%2Fwww.w3.org%2F2000%2Fsvg&#39;%20viewBox%3D&#39;0%200%20649%20649&#39;%2F%3E\" data-src=\"https:\/\/delatorrearquitectura.com\/wp-content\/uploads\/2024\/05\/portada-7-649x649.jpg\" data-srcset=\"https:\/\/delatorrearquitectura.com\/wp-content\/uploads\/2024\/05\/portada-7-649x649.jpg 649w\" loading=\"eager\" style=\"--ratio: 649 \/ 649\" sizes=\"(max-width: 649px) 100vw, 649px\" alt=\"\" title=\"portada\" width=\"649\" height=\"649\"  \/><\/a><div class=\"project-links-container\"><a href=\"https:\/\/delatorrearquitectura.com\/wp-content\/uploads\/2024\/05\/portada-7.jpg\" class=\"project-zoom dt-pswp-item dt-single-pswp-popup\" title=\"portada\" data-dt-img-description=\"\" data-large_image_width=\"745\" data-large_image_height=\"649\" aria-label=\"Portfolio zoom icon\"><span class=\"icon-portfolio-p203\"><\/span><\/a><a href=\"https:\/\/delatorrearquitectura.com\/ca\/project\/test-3-16\/\" target=\"\" class=\"project-details\" aria-label=\"Details link\"><span class=\"icon-portfolio-p205\"><\/span><\/a><\/div>\n\t<\/div>\n<\/div>\n\n\n<div class=\"post-entry-content\">\n\n\t<h3 class=\"entry-title\">\n\t\t<a href=\"https:\/\/delatorrearquitectura.com\/ca\/project\/test-3-16\/\" target=\"\" title=\"F\u00c0BRICA DE PINTURA ICI PACKAGING COATINGS\" rel=\"bookmark\">F\u00c0BRICA DE PINTURA ICI PACKAGING COATINGS<\/a>\n\t<\/h3>\n\n\t\n\t\n\t<a class=\"post-details details-type-link\" href=\"https:\/\/delatorrearquitectura.com\/ca\/project\/test-3-16\/\" target=\"\">Llegir m\u00e9s<i class=\"dt-icon-the7-arrow-03\" aria-hidden=\"true\"><\/i><\/a>\n<\/div><\/article><\/div><div class=\"visible wf-cell\" data-post-id=\"23851\" data-date=\"2024-01-14T18:02:11+02:00\" data-name=\"ESCOLA DE CONDUCCI\u00d3 SEGURA\"><article class=\"post visible post-23851 dt_portfolio type-dt_portfolio status-publish has-post-thumbnail hentry\" data-name=\"ESCOLA DE CONDUCCI\u00d3 SEGURA\" data-date=\"2024-01-14T18:02:11+02:00\">\n\n<div class=\"post-thumbnail-wrap  \">\n\t<div class=\"post-thumbnail\">\n\n\t\t<a href=\"https:\/\/delatorrearquitectura.com\/ca\/project\/test-3-18\/\" class=\"post-thumbnail-rollover layzr-bg\" target=\"\"  aria-label=\"Post image\"><img decoding=\"async\" class=\"iso-lazy-load preload-me iso-lazy-load aspect\" src=\"data:image\/svg+xml,%3Csvg%20xmlns%3D&#39;http%3A%2F%2Fwww.w3.org%2F2000%2Fsvg&#39;%20viewBox%3D&#39;0%200%20653%20653&#39;%2F%3E\" data-src=\"https:\/\/delatorrearquitectura.com\/wp-content\/uploads\/2024\/05\/portada-9-653x653.jpg\" data-srcset=\"https:\/\/delatorrearquitectura.com\/wp-content\/uploads\/2024\/05\/portada-9-653x653.jpg 653w\" loading=\"eager\" style=\"--ratio: 653 \/ 653\" sizes=\"(max-width: 653px) 100vw, 653px\" alt=\"\" title=\"portada\" width=\"653\" height=\"653\"  \/><\/a><div class=\"project-links-container\"><a href=\"https:\/\/delatorrearquitectura.com\/wp-content\/uploads\/2024\/05\/portada-9.jpg\" class=\"project-zoom dt-pswp-item dt-single-pswp-popup\" title=\"portada\" data-dt-img-description=\"\" data-large_image_width=\"665\" data-large_image_height=\"653\" aria-label=\"Portfolio zoom icon\"><span class=\"icon-portfolio-p203\"><\/span><\/a><a href=\"https:\/\/delatorrearquitectura.com\/ca\/project\/test-3-18\/\" target=\"\" class=\"project-details\" aria-label=\"Details link\"><span class=\"icon-portfolio-p205\"><\/span><\/a><\/div>\n\t<\/div>\n<\/div>\n\n\n<div class=\"post-entry-content\">\n\n\t<h3 class=\"entry-title\">\n\t\t<a href=\"https:\/\/delatorrearquitectura.com\/ca\/project\/test-3-18\/\" target=\"\" title=\"ESCOLA DE CONDUCCI\u00d3 SEGURA\" rel=\"bookmark\">ESCOLA DE CONDUCCI\u00d3 SEGURA<\/a>\n\t<\/h3>\n\n\t\n\t\n\t<a class=\"post-details details-type-link\" href=\"https:\/\/delatorrearquitectura.com\/ca\/project\/test-3-18\/\" target=\"\">Llegir m\u00e9s<i class=\"dt-icon-the7-arrow-03\" aria-hidden=\"true\"><\/i><\/a>\n<\/div><\/article><\/div><div class=\"visible wf-cell\" data-post-id=\"23939\" data-date=\"2024-01-12T19:02:48+02:00\" data-name=\"CENTRE LOG\u00cdSTIC MERCEDES-BENZ\"><article class=\"post visible post-23939 dt_portfolio type-dt_portfolio status-publish has-post-thumbnail hentry\" data-name=\"CENTRE LOG\u00cdSTIC MERCEDES-BENZ\" data-date=\"2024-01-12T19:02:48+02:00\">\n\n<div class=\"post-thumbnail-wrap  \">\n\t<div class=\"post-thumbnail\">\n\n\t\t<a href=\"https:\/\/delatorrearquitectura.com\/ca\/project\/test-3-20\/\" class=\"post-thumbnail-rollover layzr-bg\" target=\"\"  aria-label=\"Post image\"><img decoding=\"async\" class=\"iso-lazy-load preload-me iso-lazy-load aspect\" src=\"data:image\/svg+xml,%3Csvg%20xmlns%3D&#39;http%3A%2F%2Fwww.w3.org%2F2000%2Fsvg&#39;%20viewBox%3D&#39;0%200%20613%20613&#39;%2F%3E\" data-src=\"https:\/\/delatorrearquitectura.com\/wp-content\/uploads\/2024\/05\/portada-12-613x613.jpg\" data-srcset=\"https:\/\/delatorrearquitectura.com\/wp-content\/uploads\/2024\/05\/portada-12-613x613.jpg 613w\" loading=\"eager\" style=\"--ratio: 613 \/ 613\" sizes=\"(max-width: 613px) 100vw, 613px\" alt=\"\" title=\"portada\" width=\"613\" height=\"613\"  \/><\/a><div class=\"project-links-container\"><a href=\"https:\/\/delatorrearquitectura.com\/wp-content\/uploads\/2024\/05\/portada-12.jpg\" class=\"project-zoom dt-pswp-item dt-single-pswp-popup\" title=\"portada\" data-dt-img-description=\"\" data-large_image_width=\"633\" data-large_image_height=\"613\" aria-label=\"Portfolio zoom icon\"><span class=\"icon-portfolio-p203\"><\/span><\/a><a href=\"https:\/\/delatorrearquitectura.com\/ca\/project\/test-3-20\/\" target=\"\" class=\"project-details\" aria-label=\"Details link\"><span class=\"icon-portfolio-p205\"><\/span><\/a><\/div>\n\t<\/div>\n<\/div>\n\n\n<div class=\"post-entry-content\">\n\n\t<h3 class=\"entry-title\">\n\t\t<a href=\"https:\/\/delatorrearquitectura.com\/ca\/project\/test-3-20\/\" target=\"\" title=\"CENTRE LOG\u00cdSTIC MERCEDES-BENZ\" rel=\"bookmark\">CENTRE LOG\u00cdSTIC MERCEDES-BENZ<\/a>\n\t<\/h3>\n\n\t\n\t\n\t<a class=\"post-details details-type-link\" href=\"https:\/\/delatorrearquitectura.com\/ca\/project\/test-3-20\/\" target=\"\">Llegir m\u00e9s<i class=\"dt-icon-the7-arrow-03\" aria-hidden=\"true\"><\/i><\/a>\n<\/div><\/article><\/div><div class=\"visible wf-cell\" data-post-id=\"23876\" data-date=\"2024-01-12T18:30:27+02:00\" data-name=\"EDIFICI CORPORATIU SEAT\"><article class=\"post visible post-23876 dt_portfolio type-dt_portfolio status-publish has-post-thumbnail hentry\" data-name=\"EDIFICI CORPORATIU SEAT\" data-date=\"2024-01-12T18:30:27+02:00\">\n\n<div class=\"post-thumbnail-wrap  \">\n\t<div class=\"post-thumbnail\">\n\n\t\t<a href=\"https:\/\/delatorrearquitectura.com\/ca\/project\/test-3-19\/\" class=\"post-thumbnail-rollover layzr-bg\" target=\"\"  aria-label=\"Post image\"><img decoding=\"async\" class=\"iso-lazy-load preload-me iso-lazy-load aspect\" src=\"data:image\/svg+xml,%3Csvg%20xmlns%3D&#39;http%3A%2F%2Fwww.w3.org%2F2000%2Fsvg&#39;%20viewBox%3D&#39;0%200%20697%20697&#39;%2F%3E\" data-src=\"https:\/\/delatorrearquitectura.com\/wp-content\/uploads\/2024\/05\/portada-11-697x697.jpg\" data-srcset=\"https:\/\/delatorrearquitectura.com\/wp-content\/uploads\/2024\/05\/portada-11-697x697.jpg 697w\" loading=\"eager\" style=\"--ratio: 697 \/ 697\" sizes=\"(max-width: 697px) 100vw, 697px\" alt=\"\" title=\"portada\" width=\"697\" height=\"697\"  \/><\/a><div class=\"project-links-container\"><a href=\"https:\/\/delatorrearquitectura.com\/wp-content\/uploads\/2024\/05\/portada-11.jpg\" class=\"project-zoom dt-pswp-item dt-single-pswp-popup\" title=\"portada\" data-dt-img-description=\"\" data-large_image_width=\"745\" data-large_image_height=\"697\" aria-label=\"Portfolio zoom icon\"><span class=\"icon-portfolio-p203\"><\/span><\/a><a href=\"https:\/\/delatorrearquitectura.com\/ca\/project\/test-3-19\/\" target=\"\" class=\"project-details\" aria-label=\"Details link\"><span class=\"icon-portfolio-p205\"><\/span><\/a><\/div>\n\t<\/div>\n<\/div>\n\n\n<div class=\"post-entry-content\">\n\n\t<h3 class=\"entry-title\">\n\t\t<a href=\"https:\/\/delatorrearquitectura.com\/ca\/project\/test-3-19\/\" target=\"\" title=\"EDIFICI CORPORATIU SEAT\" rel=\"bookmark\">EDIFICI CORPORATIU SEAT<\/a>\n\t<\/h3>\n\n\t\n\t\n\t<a class=\"post-details details-type-link\" href=\"https:\/\/delatorrearquitectura.com\/ca\/project\/test-3-19\/\" target=\"\">Llegir m\u00e9s<i class=\"dt-icon-the7-arrow-03\" aria-hidden=\"true\"><\/i><\/a>\n<\/div><\/article><\/div><div class=\"visible wf-cell\" data-post-id=\"23860\" data-date=\"2024-01-12T18:17:33+02:00\" data-name=\"OFICINA DE LA TESORERIA DE LA SEGURETAT SOCIAL\"><article class=\"post visible post-23860 dt_portfolio type-dt_portfolio status-publish has-post-thumbnail hentry\" data-name=\"OFICINA DE LA TESORERIA DE LA SEGURETAT SOCIAL\" data-date=\"2024-01-12T18:17:33+02:00\">\n\n<div class=\"post-thumbnail-wrap  \">\n\t<div class=\"post-thumbnail\">\n\n\t\t<a href=\"https:\/\/delatorrearquitectura.com\/ca\/project\/test-2-2-2-3-2-4-2\/\" class=\"post-thumbnail-rollover layzr-bg\" target=\"\"  aria-label=\"Post image\"><img decoding=\"async\" class=\"iso-lazy-load preload-me iso-lazy-load aspect\" src=\"data:image\/svg+xml,%3Csvg%20xmlns%3D&#39;http%3A%2F%2Fwww.w3.org%2F2000%2Fsvg&#39;%20viewBox%3D&#39;0%200%20768%20768&#39;%2F%3E\" data-src=\"https:\/\/delatorrearquitectura.com\/wp-content\/uploads\/2024\/05\/PORTADA-10-scaled-768x768.jpg\" data-srcset=\"https:\/\/delatorrearquitectura.com\/wp-content\/uploads\/2024\/05\/PORTADA-10-scaled-768x768.jpg 768w, https:\/\/delatorrearquitectura.com\/wp-content\/uploads\/2024\/05\/PORTADA-10-scaled-1152x1152.jpg 1152w\" loading=\"eager\" style=\"--ratio: 768 \/ 768\" sizes=\"(max-width: 768px) 100vw, 768px\" alt=\"\" title=\"PORTADA\" width=\"768\" height=\"768\"  \/><\/a><div class=\"project-links-container\"><a href=\"https:\/\/delatorrearquitectura.com\/wp-content\/uploads\/2024\/05\/PORTADA-10-scaled.jpg\" class=\"project-zoom dt-pswp-item dt-single-pswp-popup\" title=\"PORTADA\" data-dt-img-description=\"\" data-large_image_width=\"2560\" data-large_image_height=\"2376\" aria-label=\"Portfolio zoom icon\"><span class=\"icon-portfolio-p203\"><\/span><\/a><a href=\"https:\/\/delatorrearquitectura.com\/ca\/project\/test-2-2-2-3-2-4-2\/\" target=\"\" class=\"project-details\" aria-label=\"Details link\"><span class=\"icon-portfolio-p205\"><\/span><\/a><\/div>\n\t<\/div>\n<\/div>\n\n\n<div class=\"post-entry-content\">\n\n\t<h3 class=\"entry-title\">\n\t\t<a href=\"https:\/\/delatorrearquitectura.com\/ca\/project\/test-2-2-2-3-2-4-2\/\" target=\"\" title=\"OFICINA DE LA TESORERIA DE LA SEGURETAT SOCIAL\" rel=\"bookmark\">OFICINA DE LA TESORERIA DE LA SEGURETAT SOCIAL<\/a>\n\t<\/h3>\n\n\t\n\t\n\t<a class=\"post-details details-type-link\" href=\"https:\/\/delatorrearquitectura.com\/ca\/project\/test-2-2-2-3-2-4-2\/\" target=\"\">Llegir m\u00e9s<i class=\"dt-icon-the7-arrow-03\" aria-hidden=\"true\"><\/i><\/a>\n<\/div><\/article><\/div><div class=\"visible wf-cell\" data-post-id=\"24062\" data-date=\"2024-01-11T16:27:56+02:00\" data-name=\"CENTRE DE DISSENY SEAT\"><article class=\"post visible post-24062 dt_portfolio type-dt_portfolio status-publish has-post-thumbnail hentry\" data-name=\"CENTRE DE DISSENY SEAT\" data-date=\"2024-01-11T16:27:56+02:00\">\n\n<div class=\"post-thumbnail-wrap  \">\n\t<div class=\"post-thumbnail\">\n\n\t\t<a href=\"https:\/\/delatorrearquitectura.com\/ca\/project\/test-3-19-2\/\" class=\"post-thumbnail-rollover layzr-bg\" target=\"\"  aria-label=\"Post image\"><img decoding=\"async\" class=\"iso-lazy-load preload-me iso-lazy-load aspect\" src=\"data:image\/svg+xml,%3Csvg%20xmlns%3D&#39;http%3A%2F%2Fwww.w3.org%2F2000%2Fsvg&#39;%20viewBox%3D&#39;0%200%20637%20637&#39;%2F%3E\" data-src=\"https:\/\/delatorrearquitectura.com\/wp-content\/uploads\/2024\/05\/portada-17-637x637.jpg\" data-srcset=\"https:\/\/delatorrearquitectura.com\/wp-content\/uploads\/2024\/05\/portada-17-637x637.jpg 637w\" loading=\"eager\" style=\"--ratio: 637 \/ 637\" sizes=\"(max-width: 637px) 100vw, 637px\" alt=\"\" title=\"portada\" width=\"637\" height=\"637\"  \/><\/a><div class=\"project-links-container\"><a href=\"https:\/\/delatorrearquitectura.com\/wp-content\/uploads\/2024\/05\/portada-17.jpg\" class=\"project-zoom dt-pswp-item dt-single-pswp-popup\" title=\"portada\" data-dt-img-description=\"\" data-large_image_width=\"711\" data-large_image_height=\"637\" aria-label=\"Portfolio zoom icon\"><span class=\"icon-portfolio-p203\"><\/span><\/a><a href=\"https:\/\/delatorrearquitectura.com\/ca\/project\/test-3-19-2\/\" target=\"\" class=\"project-details\" aria-label=\"Details link\"><span class=\"icon-portfolio-p205\"><\/span><\/a><\/div>\n\t<\/div>\n<\/div>\n\n\n<div class=\"post-entry-content\">\n\n\t<h3 class=\"entry-title\">\n\t\t<a href=\"https:\/\/delatorrearquitectura.com\/ca\/project\/test-3-19-2\/\" target=\"\" title=\"CENTRE DE DISSENY SEAT\" rel=\"bookmark\">CENTRE DE DISSENY SEAT<\/a>\n\t<\/h3>\n\n\t\n\t\n\t<a class=\"post-details details-type-link\" href=\"https:\/\/delatorrearquitectura.com\/ca\/project\/test-3-19-2\/\" target=\"\">Llegir m\u00e9s<i class=\"dt-icon-the7-arrow-03\" aria-hidden=\"true\"><\/i><\/a>\n<\/div><\/article><\/div><div class=\"visible wf-cell\" data-post-id=\"24060\" data-date=\"2024-01-11T16:25:50+02:00\" data-name=\"CENTRE LOG\u00cdSTIC CORYSAN\"><article class=\"post visible post-24060 dt_portfolio type-dt_portfolio status-publish has-post-thumbnail hentry\" data-name=\"CENTRE LOG\u00cdSTIC CORYSAN\" data-date=\"2024-01-11T16:25:50+02:00\">\n\n<div class=\"post-thumbnail-wrap  \">\n\t<div class=\"post-thumbnail\">\n\n\t\t<a href=\"https:\/\/delatorrearquitectura.com\/ca\/project\/test-3-14-2\/\" class=\"post-thumbnail-rollover layzr-bg\" target=\"\"  aria-label=\"Post image\"><img decoding=\"async\" class=\"iso-lazy-load preload-me iso-lazy-load aspect\" src=\"data:image\/svg+xml,%3Csvg%20xmlns%3D&#39;http%3A%2F%2Fwww.w3.org%2F2000%2Fsvg&#39;%20viewBox%3D&#39;0%200%20768%20768&#39;%2F%3E\" data-src=\"https:\/\/delatorrearquitectura.com\/wp-content\/uploads\/2024\/01\/PORTADA-5-768x768.jpg\" data-srcset=\"https:\/\/delatorrearquitectura.com\/wp-content\/uploads\/2024\/01\/PORTADA-5-768x768.jpg 768w, https:\/\/delatorrearquitectura.com\/wp-content\/uploads\/2024\/01\/PORTADA-5-1152x1152.jpg 1152w\" loading=\"eager\" style=\"--ratio: 768 \/ 768\" sizes=\"(max-width: 768px) 100vw, 768px\" alt=\"\" title=\"PORTADA\" width=\"768\" height=\"768\"  \/><\/a><div class=\"project-links-container\"><a href=\"https:\/\/delatorrearquitectura.com\/wp-content\/uploads\/2024\/01\/PORTADA-5.jpg\" class=\"project-zoom dt-pswp-item dt-single-pswp-popup\" title=\"PORTADA\" data-dt-img-description=\"\" data-large_image_width=\"1718\" data-large_image_height=\"1654\" aria-label=\"Portfolio zoom icon\"><span class=\"icon-portfolio-p203\"><\/span><\/a><a href=\"https:\/\/delatorrearquitectura.com\/ca\/project\/test-3-14-2\/\" target=\"\" class=\"project-details\" aria-label=\"Details link\"><span class=\"icon-portfolio-p205\"><\/span><\/a><\/div>\n\t<\/div>\n<\/div>\n\n\n<div class=\"post-entry-content\">\n\n\t<h3 class=\"entry-title\">\n\t\t<a href=\"https:\/\/delatorrearquitectura.com\/ca\/project\/test-3-14-2\/\" target=\"\" title=\"CENTRE LOG\u00cdSTIC CORYSAN\" rel=\"bookmark\">CENTRE LOG\u00cdSTIC CORYSAN<\/a>\n\t<\/h3>\n\n\t\n\t\n\t<a class=\"post-details details-type-link\" href=\"https:\/\/delatorrearquitectura.com\/ca\/project\/test-3-14-2\/\" target=\"\">Llegir m\u00e9s<i class=\"dt-icon-the7-arrow-03\" aria-hidden=\"true\"><\/i><\/a>\n<\/div><\/article><\/div><div class=\"visible wf-cell\" data-post-id=\"24326\" data-date=\"2024-01-11T14:03:12+02:00\" data-name=\"EDIFICI D&#039;OFICINES A MANHEIM - ALEMANYA\"><article class=\"post visible post-24326 dt_portfolio type-dt_portfolio status-publish has-post-thumbnail hentry\" data-name=\"EDIFICI D&#8217;OFICINES A MANHEIM &#8211; ALEMANYA\" data-date=\"2024-01-11T14:03:12+02:00\">\n\n<div class=\"post-thumbnail-wrap  \">\n\t<div class=\"post-thumbnail\">\n\n\t\t<a href=\"https:\/\/delatorrearquitectura.com\/ca\/project\/test-3-23-3\/\" class=\"post-thumbnail-rollover layzr-bg\" target=\"\"  aria-label=\"Post image\"><img decoding=\"async\" class=\"iso-lazy-load preload-me iso-lazy-load aspect\" src=\"data:image\/svg+xml,%3Csvg%20xmlns%3D&#39;http%3A%2F%2Fwww.w3.org%2F2000%2Fsvg&#39;%20viewBox%3D&#39;0%200%20660%20660&#39;%2F%3E\" data-src=\"https:\/\/delatorrearquitectura.com\/wp-content\/uploads\/2024\/05\/portada-26-660x660.jpg\" data-srcset=\"https:\/\/delatorrearquitectura.com\/wp-content\/uploads\/2024\/05\/portada-26-660x660.jpg 660w\" loading=\"eager\" style=\"--ratio: 660 \/ 660\" sizes=\"(max-width: 660px) 100vw, 660px\" alt=\"\" title=\"portada\" width=\"660\" height=\"660\"  \/><\/a><div class=\"project-links-container\"><a href=\"https:\/\/delatorrearquitectura.com\/wp-content\/uploads\/2024\/05\/portada-26.jpg\" class=\"project-zoom dt-pswp-item dt-single-pswp-popup\" title=\"portada\" data-dt-img-description=\"\" data-large_image_width=\"706\" data-large_image_height=\"660\" aria-label=\"Portfolio zoom icon\"><span class=\"icon-portfolio-p203\"><\/span><\/a><a href=\"https:\/\/delatorrearquitectura.com\/ca\/project\/test-3-23-3\/\" target=\"\" class=\"project-details\" aria-label=\"Details link\"><span class=\"icon-portfolio-p205\"><\/span><\/a><\/div>\n\t<\/div>\n<\/div>\n\n\n<div class=\"post-entry-content\">\n\n\t<h3 class=\"entry-title\">\n\t\t<a href=\"https:\/\/delatorrearquitectura.com\/ca\/project\/test-3-23-3\/\" target=\"\" title=\"EDIFICI D&#8217;OFICINES A MANHEIM &#8211; ALEMANYA\" rel=\"bookmark\">EDIFICI D&#8217;OFICINES A MANHEIM &#8211; ALEMANYA<\/a>\n\t<\/h3>\n\n\t\n\t\n\t<a class=\"post-details details-type-link\" href=\"https:\/\/delatorrearquitectura.com\/ca\/project\/test-3-23-3\/\" target=\"\">Llegir m\u00e9s<i class=\"dt-icon-the7-arrow-03\" aria-hidden=\"true\"><\/i><\/a>\n<\/div><\/article><\/div><div class=\"visible wf-cell\" data-post-id=\"24010\" data-date=\"2024-01-11T14:00:14+02:00\" data-name=\"EDIFICI D&#039;OFICINES PER UNIMO - HAMBURG\"><article class=\"post visible post-24010 dt_portfolio type-dt_portfolio status-publish has-post-thumbnail hentry\" data-name=\"EDIFICI D&#8217;OFICINES PER UNIMO &#8211; HAMBURG\" data-date=\"2024-01-11T14:00:14+02:00\">\n\n<div class=\"post-thumbnail-wrap  \">\n\t<div class=\"post-thumbnail\">\n\n\t\t<a href=\"https:\/\/delatorrearquitectura.com\/ca\/project\/test-3-23\/\" class=\"post-thumbnail-rollover layzr-bg\" target=\"\"  aria-label=\"Post image\"><img decoding=\"async\" class=\"iso-lazy-load preload-me iso-lazy-load aspect\" src=\"data:image\/svg+xml,%3Csvg%20xmlns%3D&#39;http%3A%2F%2Fwww.w3.org%2F2000%2Fsvg&#39;%20viewBox%3D&#39;0%200%20723%20723&#39;%2F%3E\" data-src=\"https:\/\/delatorrearquitectura.com\/wp-content\/uploads\/2024\/05\/portada-15-723x723.jpg\" data-srcset=\"https:\/\/delatorrearquitectura.com\/wp-content\/uploads\/2024\/05\/portada-15-723x723.jpg 723w\" loading=\"eager\" style=\"--ratio: 723 \/ 723\" sizes=\"(max-width: 723px) 100vw, 723px\" alt=\"\" title=\"portada\" width=\"723\" height=\"723\"  \/><\/a><div class=\"project-links-container\"><a href=\"https:\/\/delatorrearquitectura.com\/wp-content\/uploads\/2024\/05\/portada-15.jpg\" class=\"project-zoom dt-pswp-item dt-single-pswp-popup\" title=\"portada\" data-dt-img-description=\"\" data-large_image_width=\"745\" data-large_image_height=\"723\" aria-label=\"Portfolio zoom icon\"><span class=\"icon-portfolio-p203\"><\/span><\/a><a href=\"https:\/\/delatorrearquitectura.com\/ca\/project\/test-3-23\/\" target=\"\" class=\"project-details\" aria-label=\"Details link\"><span class=\"icon-portfolio-p205\"><\/span><\/a><\/div>\n\t<\/div>\n<\/div>\n\n\n<div class=\"post-entry-content\">\n\n\t<h3 class=\"entry-title\">\n\t\t<a href=\"https:\/\/delatorrearquitectura.com\/ca\/project\/test-3-23\/\" target=\"\" title=\"EDIFICI D&#8217;OFICINES PER UNIMO &#8211; HAMBURG\" rel=\"bookmark\">EDIFICI D&#8217;OFICINES PER UNIMO &#8211; HAMBURG<\/a>\n\t<\/h3>\n\n\t\n\t\n\t<a class=\"post-details details-type-link\" href=\"https:\/\/delatorrearquitectura.com\/ca\/project\/test-3-23\/\" target=\"\">Llegir m\u00e9s<i class=\"dt-icon-the7-arrow-03\" aria-hidden=\"true\"><\/i><\/a>\n<\/div><\/article><\/div><div class=\"visible wf-cell\" data-post-id=\"23989\" data-date=\"2024-01-11T13:46:49+02:00\" data-name=\"AUDITORI PER LA FEDERACI\u00d3 DE MUTUALITATS DE CATALUNYA\"><article class=\"post visible post-23989 dt_portfolio type-dt_portfolio status-publish has-post-thumbnail hentry\" data-name=\"AUDITORI PER LA FEDERACI\u00d3 DE MUTUALITATS DE CATALUNYA\" data-date=\"2024-01-11T13:46:49+02:00\">\n\n<div class=\"post-thumbnail-wrap  \">\n\t<div class=\"post-thumbnail\">\n\n\t\t<a href=\"https:\/\/delatorrearquitectura.com\/ca\/project\/test-3-22\/\" class=\"post-thumbnail-rollover layzr-bg\" target=\"\"  aria-label=\"Post image\"><img decoding=\"async\" class=\"iso-lazy-load preload-me iso-lazy-load aspect\" src=\"data:image\/svg+xml,%3Csvg%20xmlns%3D&#39;http%3A%2F%2Fwww.w3.org%2F2000%2Fsvg&#39;%20viewBox%3D&#39;0%200%20768%20768&#39;%2F%3E\" data-src=\"https:\/\/delatorrearquitectura.com\/wp-content\/uploads\/2024\/05\/ESCANER-_0004-scaled-768x768.jpg\" data-srcset=\"https:\/\/delatorrearquitectura.com\/wp-content\/uploads\/2024\/05\/ESCANER-_0004-scaled-768x768.jpg 768w, https:\/\/delatorrearquitectura.com\/wp-content\/uploads\/2024\/05\/ESCANER-_0004-scaled-1152x1152.jpg 1152w\" loading=\"eager\" style=\"--ratio: 768 \/ 768\" sizes=\"(max-width: 768px) 100vw, 768px\" alt=\"\" title=\"ESCANER _0004\" width=\"768\" height=\"768\"  \/><\/a><div class=\"project-links-container\"><a href=\"https:\/\/delatorrearquitectura.com\/wp-content\/uploads\/2024\/05\/ESCANER-_0004-scaled.jpg\" class=\"project-zoom dt-pswp-item dt-single-pswp-popup\" title=\"ESCANER _0004\" data-dt-img-description=\"\" data-large_image_width=\"2560\" data-large_image_height=\"2416\" aria-label=\"Portfolio zoom icon\"><span class=\"icon-portfolio-p203\"><\/span><\/a><a href=\"https:\/\/delatorrearquitectura.com\/ca\/project\/test-3-22\/\" target=\"\" class=\"project-details\" aria-label=\"Details link\"><span class=\"icon-portfolio-p205\"><\/span><\/a><\/div>\n\t<\/div>\n<\/div>\n\n\n<div class=\"post-entry-content\">\n\n\t<h3 class=\"entry-title\">\n\t\t<a href=\"https:\/\/delatorrearquitectura.com\/ca\/project\/test-3-22\/\" target=\"\" title=\"AUDITORI PER LA FEDERACI\u00d3 DE MUTUALITATS DE CATALUNYA\" rel=\"bookmark\">AUDITORI PER LA FEDERACI\u00d3 DE MUTUALITATS DE CATALUNYA<\/a>\n\t<\/h3>\n\n\t\n\t\n\t<a class=\"post-details details-type-link\" href=\"https:\/\/delatorrearquitectura.com\/ca\/project\/test-3-22\/\" target=\"\">Llegir m\u00e9s<i class=\"dt-icon-the7-arrow-03\" aria-hidden=\"true\"><\/i><\/a>\n<\/div><\/article><\/div><div class=\"visible wf-cell\" data-post-id=\"23961\" data-date=\"2024-01-11T13:36:17+02:00\" data-name=\"REFORMA DE LA PLANTA DE GER\u00c8NCIA D&#039;EUROHUECO\"><article class=\"post visible post-23961 dt_portfolio type-dt_portfolio status-publish has-post-thumbnail hentry\" data-name=\"REFORMA DE LA PLANTA DE GER\u00c8NCIA D&#8217;EUROHUECO\" data-date=\"2024-01-11T13:36:17+02:00\">\n\n<div class=\"post-thumbnail-wrap  \">\n\t<div class=\"post-thumbnail\">\n\n\t\t<a href=\"https:\/\/delatorrearquitectura.com\/ca\/project\/test-3-21\/\" class=\"post-thumbnail-rollover layzr-bg\" target=\"\"  aria-label=\"Post image\"><img decoding=\"async\" class=\"iso-lazy-load preload-me iso-lazy-load aspect\" src=\"data:image\/svg+xml,%3Csvg%20xmlns%3D&#39;http%3A%2F%2Fwww.w3.org%2F2000%2Fsvg&#39;%20viewBox%3D&#39;0%200%20768%20768&#39;%2F%3E\" data-src=\"https:\/\/delatorrearquitectura.com\/wp-content\/uploads\/2024\/05\/PORTADA2-1-scaled-768x768.jpg\" data-srcset=\"https:\/\/delatorrearquitectura.com\/wp-content\/uploads\/2024\/05\/PORTADA2-1-scaled-768x768.jpg 768w, https:\/\/delatorrearquitectura.com\/wp-content\/uploads\/2024\/05\/PORTADA2-1-scaled-1152x1152.jpg 1152w\" loading=\"eager\" style=\"--ratio: 768 \/ 768\" sizes=\"(max-width: 768px) 100vw, 768px\" alt=\"\" title=\"PORTADA2\" width=\"768\" height=\"768\"  \/><\/a><div class=\"project-links-container\"><a href=\"https:\/\/delatorrearquitectura.com\/wp-content\/uploads\/2024\/05\/PORTADA2-1-scaled.jpg\" class=\"project-zoom dt-pswp-item dt-single-pswp-popup\" title=\"PORTADA2\" data-dt-img-description=\"\" data-large_image_width=\"2560\" data-large_image_height=\"2434\" aria-label=\"Portfolio zoom icon\"><span class=\"icon-portfolio-p203\"><\/span><\/a><a href=\"https:\/\/delatorrearquitectura.com\/ca\/project\/test-3-21\/\" target=\"\" class=\"project-details\" aria-label=\"Details link\"><span class=\"icon-portfolio-p205\"><\/span><\/a><\/div>\n\t<\/div>\n<\/div>\n\n\n<div class=\"post-entry-content\">\n\n\t<h3 class=\"entry-title\">\n\t\t<a href=\"https:\/\/delatorrearquitectura.com\/ca\/project\/test-3-21\/\" target=\"\" title=\"REFORMA DE LA PLANTA DE GER\u00c8NCIA D&#8217;EUROHUECO\" rel=\"bookmark\">REFORMA DE LA PLANTA DE GER\u00c8NCIA D&#8217;EUROHUECO<\/a>\n\t<\/h3>\n\n\t\n\t\n\t<a class=\"post-details details-type-link\" href=\"https:\/\/delatorrearquitectura.com\/ca\/project\/test-3-21\/\" target=\"\">Llegir m\u00e9s<i class=\"dt-icon-the7-arrow-03\" aria-hidden=\"true\"><\/i><\/a>\n<\/div><\/article><\/div><div class=\"visible wf-cell\" data-post-id=\"24112\" data-date=\"2024-01-10T16:48:35+02:00\" data-name=\"CENTRE COMERCIAL IMOTEX - ALEMANYA\"><article class=\"post visible post-24112 dt_portfolio type-dt_portfolio status-publish has-post-thumbnail hentry\" data-name=\"CENTRE COMERCIAL IMOTEX &#8211; ALEMANYA\" data-date=\"2024-01-10T16:48:35+02:00\">\n\n<div class=\"post-thumbnail-wrap  \">\n\t<div class=\"post-thumbnail\">\n\n\t\t<a href=\"https:\/\/delatorrearquitectura.com\/ca\/project\/test-3-24\/\" class=\"post-thumbnail-rollover layzr-bg\" target=\"\"  aria-label=\"Post image\"><img decoding=\"async\" class=\"iso-lazy-load preload-me iso-lazy-load aspect\" src=\"data:image\/svg+xml,%3Csvg%20xmlns%3D&#39;http%3A%2F%2Fwww.w3.org%2F2000%2Fsvg&#39;%20viewBox%3D&#39;0%200%20623%20623&#39;%2F%3E\" data-src=\"https:\/\/delatorrearquitectura.com\/wp-content\/uploads\/2024\/01\/PORTADA-6-623x623.jpg\" data-srcset=\"https:\/\/delatorrearquitectura.com\/wp-content\/uploads\/2024\/01\/PORTADA-6-623x623.jpg 623w\" loading=\"eager\" style=\"--ratio: 623 \/ 623\" sizes=\"(max-width: 623px) 100vw, 623px\" alt=\"\" title=\"Architekturb\u0178ro: Teknobau Barcelona 8\/2012\" width=\"623\" height=\"623\"  \/><\/a><div class=\"project-links-container\"><a href=\"https:\/\/delatorrearquitectura.com\/wp-content\/uploads\/2024\/01\/PORTADA-6.jpg\" class=\"project-zoom dt-pswp-item dt-single-pswp-popup\" title=\"Architekturb\u0178ro: Teknobau Barcelona 8\/2012\" data-dt-img-description=\"\" data-large_image_width=\"643\" data-large_image_height=\"623\" aria-label=\"Portfolio zoom icon\"><span class=\"icon-portfolio-p203\"><\/span><\/a><a href=\"https:\/\/delatorrearquitectura.com\/ca\/project\/test-3-24\/\" target=\"\" class=\"project-details\" aria-label=\"Details link\"><span class=\"icon-portfolio-p205\"><\/span><\/a><\/div>\n\t<\/div>\n<\/div>\n\n\n<div class=\"post-entry-content\">\n\n\t<h3 class=\"entry-title\">\n\t\t<a href=\"https:\/\/delatorrearquitectura.com\/ca\/project\/test-3-24\/\" target=\"\" title=\"CENTRE COMERCIAL IMOTEX &#8211; ALEMANYA\" rel=\"bookmark\">CENTRE COMERCIAL IMOTEX &#8211; ALEMANYA<\/a>\n\t<\/h3>\n\n\t\n\t\n\t<a class=\"post-details details-type-link\" href=\"https:\/\/delatorrearquitectura.com\/ca\/project\/test-3-24\/\" target=\"\">Llegir m\u00e9s<i class=\"dt-icon-the7-arrow-03\" aria-hidden=\"true\"><\/i><\/a>\n<\/div><\/article><\/div><div class=\"visible wf-cell\" data-post-id=\"24189\" data-date=\"2024-01-10T09:25:07+02:00\" data-name=\"COBRIMENT DE L&#039;ESTACI\u00d3 CENTRAL DE DANZIG - POLONIA\"><article class=\"post visible post-24189 dt_portfolio type-dt_portfolio status-publish has-post-thumbnail hentry\" data-name=\"COBRIMENT DE L&#8217;ESTACI\u00d3 CENTRAL DE DANZIG &#8211; POLONIA\" data-date=\"2024-01-10T09:25:07+02:00\">\n\n<div class=\"post-thumbnail-wrap  \">\n\t<div class=\"post-thumbnail\">\n\n\t\t<a href=\"https:\/\/delatorrearquitectura.com\/ca\/project\/test-3-23-2\/\" class=\"post-thumbnail-rollover layzr-bg\" target=\"\"  aria-label=\"Post image\"><img decoding=\"async\" class=\"iso-lazy-load preload-me iso-lazy-load aspect\" src=\"data:image\/svg+xml,%3Csvg%20xmlns%3D&#39;http%3A%2F%2Fwww.w3.org%2F2000%2Fsvg&#39;%20viewBox%3D&#39;0%200%20768%20768&#39;%2F%3E\" data-src=\"https:\/\/delatorrearquitectura.com\/wp-content\/uploads\/2024\/05\/PORTADA-21-scaled-768x768.jpg\" data-srcset=\"https:\/\/delatorrearquitectura.com\/wp-content\/uploads\/2024\/05\/PORTADA-21-scaled-768x768.jpg 768w, https:\/\/delatorrearquitectura.com\/wp-content\/uploads\/2024\/05\/PORTADA-21-scaled-1152x1152.jpg 1152w\" loading=\"eager\" style=\"--ratio: 768 \/ 768\" sizes=\"(max-width: 768px) 100vw, 768px\" alt=\"\" title=\"PORTADA\" width=\"768\" height=\"768\"  \/><\/a><div class=\"project-links-container\"><a href=\"https:\/\/delatorrearquitectura.com\/wp-content\/uploads\/2024\/05\/PORTADA-21-scaled.jpg\" class=\"project-zoom dt-pswp-item dt-single-pswp-popup\" title=\"PORTADA\" data-dt-img-description=\"\" data-large_image_width=\"2560\" data-large_image_height=\"2296\" aria-label=\"Portfolio zoom icon\"><span class=\"icon-portfolio-p203\"><\/span><\/a><a href=\"https:\/\/delatorrearquitectura.com\/ca\/project\/test-3-23-2\/\" target=\"\" class=\"project-details\" aria-label=\"Details link\"><span class=\"icon-portfolio-p205\"><\/span><\/a><\/div>\n\t<\/div>\n<\/div>\n\n\n<div class=\"post-entry-content\">\n\n\t<h3 class=\"entry-title\">\n\t\t<a href=\"https:\/\/delatorrearquitectura.com\/ca\/project\/test-3-23-2\/\" target=\"\" title=\"COBRIMENT DE L&#8217;ESTACI\u00d3 CENTRAL DE DANZIG &#8211; POLONIA\" rel=\"bookmark\">COBRIMENT DE L&#8217;ESTACI\u00d3 CENTRAL DE DANZIG &#8211; POLONIA<\/a>\n\t<\/h3>\n\n\t\n\t\n\t<a class=\"post-details details-type-link\" href=\"https:\/\/delatorrearquitectura.com\/ca\/project\/test-3-23-2\/\" target=\"\">Llegir m\u00e9s<i class=\"dt-icon-the7-arrow-03\" aria-hidden=\"true\"><\/i><\/a>\n<\/div><\/article><\/div><div class=\"visible wf-cell\" data-post-id=\"24187\" data-date=\"2024-01-10T09:22:40+02:00\" data-name=\"EDIFICI PLURIFAMILIAR\"><article class=\"post visible post-24187 dt_portfolio type-dt_portfolio status-publish has-post-thumbnail hentry\" data-name=\"EDIFICI PLURIFAMILIAR\" data-date=\"2024-01-10T09:22:40+02:00\">\n\n<div class=\"post-thumbnail-wrap  \">\n\t<div class=\"post-thumbnail\">\n\n\t\t<a href=\"https:\/\/delatorrearquitectura.com\/ca\/project\/test-3-25\/\" class=\"post-thumbnail-rollover layzr-bg\" target=\"\"  aria-label=\"Post image\"><img decoding=\"async\" class=\"iso-lazy-load preload-me iso-lazy-load aspect\" src=\"data:image\/svg+xml,%3Csvg%20xmlns%3D&#39;http%3A%2F%2Fwww.w3.org%2F2000%2Fsvg&#39;%20viewBox%3D&#39;0%200%20768%20768&#39;%2F%3E\" data-src=\"https:\/\/delatorrearquitectura.com\/wp-content\/uploads\/2024\/05\/portada-20-768x768.jpg\" data-srcset=\"https:\/\/delatorrearquitectura.com\/wp-content\/uploads\/2024\/05\/portada-20-768x768.jpg 768w, https:\/\/delatorrearquitectura.com\/wp-content\/uploads\/2024\/05\/portada-20-826x826.jpg 826w\" loading=\"eager\" style=\"--ratio: 768 \/ 768\" sizes=\"(max-width: 768px) 100vw, 768px\" alt=\"\" title=\"portada\" width=\"768\" height=\"768\"  \/><\/a><div class=\"project-links-container\"><a href=\"https:\/\/delatorrearquitectura.com\/wp-content\/uploads\/2024\/05\/portada-20.jpg\" class=\"project-zoom dt-pswp-item dt-single-pswp-popup\" title=\"portada\" data-dt-img-description=\"\" data-large_image_width=\"893\" data-large_image_height=\"826\" aria-label=\"Portfolio zoom icon\"><span class=\"icon-portfolio-p203\"><\/span><\/a><a href=\"https:\/\/delatorrearquitectura.com\/ca\/project\/test-3-25\/\" target=\"\" class=\"project-details\" aria-label=\"Details link\"><span class=\"icon-portfolio-p205\"><\/span><\/a><\/div>\n\t<\/div>\n<\/div>\n\n\n<div class=\"post-entry-content\">\n\n\t<h3 class=\"entry-title\">\n\t\t<a href=\"https:\/\/delatorrearquitectura.com\/ca\/project\/test-3-25\/\" target=\"\" title=\"EDIFICI PLURIFAMILIAR\" rel=\"bookmark\">EDIFICI PLURIFAMILIAR<\/a>\n\t<\/h3>\n\n\t\n\t\n\t<a class=\"post-details details-type-link\" href=\"https:\/\/delatorrearquitectura.com\/ca\/project\/test-3-25\/\" target=\"\">Llegir m\u00e9s<i class=\"dt-icon-the7-arrow-03\" aria-hidden=\"true\"><\/i><\/a>\n<\/div><\/article><\/div><div class=\"visible wf-cell\" data-post-id=\"24219\" data-date=\"2024-01-09T10:47:54+02:00\" data-name=\"ESTACI\u00d3 DE METRO - VILLA OL\u00cdMPICA\"><article class=\"post visible post-24219 dt_portfolio type-dt_portfolio status-publish has-post-thumbnail hentry\" data-name=\"ESTACI\u00d3 DE METRO &#8211; VILLA OL\u00cdMPICA\" data-date=\"2024-01-09T10:47:54+02:00\">\n\n<div class=\"post-thumbnail-wrap  \">\n\t<div class=\"post-thumbnail\">\n\n\t\t<a href=\"https:\/\/delatorrearquitectura.com\/ca\/project\/test-3-25-2\/\" class=\"post-thumbnail-rollover layzr-bg\" target=\"\"  aria-label=\"Post image\"><img decoding=\"async\" class=\"iso-lazy-load preload-me iso-lazy-load aspect\" src=\"data:image\/svg+xml,%3Csvg%20xmlns%3D&#39;http%3A%2F%2Fwww.w3.org%2F2000%2Fsvg&#39;%20viewBox%3D&#39;0%200%20768%20768&#39;%2F%3E\" data-src=\"https:\/\/delatorrearquitectura.com\/wp-content\/uploads\/2024\/01\/portada2-2-768x768.jpg\" data-srcset=\"https:\/\/delatorrearquitectura.com\/wp-content\/uploads\/2024\/01\/portada2-2-768x768.jpg 768w, https:\/\/delatorrearquitectura.com\/wp-content\/uploads\/2024\/01\/portada2-2-1152x1152.jpg 1152w\" loading=\"eager\" style=\"--ratio: 768 \/ 768\" sizes=\"(max-width: 768px) 100vw, 768px\" alt=\"\" title=\"portada2\" width=\"768\" height=\"768\"  \/><\/a><div class=\"project-links-container\"><a href=\"https:\/\/delatorrearquitectura.com\/wp-content\/uploads\/2024\/01\/portada2-2.jpg\" class=\"project-zoom dt-pswp-item dt-single-pswp-popup\" title=\"portada2\" data-dt-img-description=\"\" data-large_image_width=\"1494\" data-large_image_height=\"1510\" aria-label=\"Portfolio zoom icon\"><span class=\"icon-portfolio-p203\"><\/span><\/a><a href=\"https:\/\/delatorrearquitectura.com\/ca\/project\/test-3-25-2\/\" target=\"\" class=\"project-details\" aria-label=\"Details link\"><span class=\"icon-portfolio-p205\"><\/span><\/a><\/div>\n\t<\/div>\n<\/div>\n\n\n<div class=\"post-entry-content\">\n\n\t<h3 class=\"entry-title\">\n\t\t<a href=\"https:\/\/delatorrearquitectura.com\/ca\/project\/test-3-25-2\/\" target=\"\" title=\"ESTACI\u00d3 DE METRO &#8211; VILLA OL\u00cdMPICA\" rel=\"bookmark\">ESTACI\u00d3 DE METRO &#8211; VILLA OL\u00cdMPICA<\/a>\n\t<\/h3>\n\n\t\n\t\n\t<a class=\"post-details details-type-link\" href=\"https:\/\/delatorrearquitectura.com\/ca\/project\/test-3-25-2\/\" target=\"\">Llegir m\u00e9s<i class=\"dt-icon-the7-arrow-03\" aria-hidden=\"true\"><\/i><\/a>\n<\/div><\/article><\/div><div class=\"visible wf-cell\" data-post-id=\"24263\" data-date=\"2024-01-09T10:22:23+02:00\" data-name=\"RENOVACI\u00d3 DE L&#039;ESTACI\u00d3 DE METRO - PLA\u00c7A ESPANYA\"><article class=\"post visible post-24263 dt_portfolio type-dt_portfolio status-publish has-post-thumbnail hentry\" data-name=\"RENOVACI\u00d3 DE L&#8217;ESTACI\u00d3 DE METRO &#8211; PLA\u00c7A ESPANYA\" data-date=\"2024-01-09T10:22:23+02:00\">\n\n<div class=\"post-thumbnail-wrap  \">\n\t<div class=\"post-thumbnail\">\n\n\t\t<a href=\"https:\/\/delatorrearquitectura.com\/ca\/project\/test-3-25-2-2-2-2\/\" class=\"post-thumbnail-rollover layzr-bg\" target=\"\"  aria-label=\"Post image\"><img decoding=\"async\" class=\"iso-lazy-load preload-me iso-lazy-load aspect\" src=\"data:image\/svg+xml,%3Csvg%20xmlns%3D&#39;http%3A%2F%2Fwww.w3.org%2F2000%2Fsvg&#39;%20viewBox%3D&#39;0%200%20768%20768&#39;%2F%3E\" data-src=\"https:\/\/delatorrearquitectura.com\/wp-content\/uploads\/2024\/01\/portada2-1-768x768.jpg\" data-srcset=\"https:\/\/delatorrearquitectura.com\/wp-content\/uploads\/2024\/01\/portada2-1-768x768.jpg 768w, https:\/\/delatorrearquitectura.com\/wp-content\/uploads\/2024\/01\/portada2-1-1152x1152.jpg 1152w\" loading=\"eager\" style=\"--ratio: 768 \/ 768\" sizes=\"(max-width: 768px) 100vw, 768px\" alt=\"\" title=\"portada2\" width=\"768\" height=\"768\"  \/><\/a><div class=\"project-links-container\"><a href=\"https:\/\/delatorrearquitectura.com\/wp-content\/uploads\/2024\/01\/portada2-1.jpg\" class=\"project-zoom dt-pswp-item dt-single-pswp-popup\" title=\"portada2\" data-dt-img-description=\"\" data-large_image_width=\"1698\" data-large_image_height=\"1540\" aria-label=\"Portfolio zoom icon\"><span class=\"icon-portfolio-p203\"><\/span><\/a><a href=\"https:\/\/delatorrearquitectura.com\/ca\/project\/test-3-25-2-2-2-2\/\" target=\"\" class=\"project-details\" aria-label=\"Details link\"><span class=\"icon-portfolio-p205\"><\/span><\/a><\/div>\n\t<\/div>\n<\/div>\n\n\n<div class=\"post-entry-content\">\n\n\t<h3 class=\"entry-title\">\n\t\t<a href=\"https:\/\/delatorrearquitectura.com\/ca\/project\/test-3-25-2-2-2-2\/\" target=\"\" title=\"RENOVACI\u00d3 DE L&#8217;ESTACI\u00d3 DE METRO &#8211; PLA\u00c7A ESPANYA\" rel=\"bookmark\">RENOVACI\u00d3 DE L&#8217;ESTACI\u00d3 DE METRO &#8211; PLA\u00c7A ESPANYA<\/a>\n\t<\/h3>\n\n\t\n\t\n\t<a class=\"post-details details-type-link\" href=\"https:\/\/delatorrearquitectura.com\/ca\/project\/test-3-25-2-2-2-2\/\" target=\"\">Llegir m\u00e9s<i class=\"dt-icon-the7-arrow-03\" aria-hidden=\"true\"><\/i><\/a>\n<\/div><\/article><\/div><div class=\"visible wf-cell\" data-post-id=\"24225\" data-date=\"2024-01-09T10:05:40+02:00\" data-name=\"ESTACI\u00d3 DE METRO I RENFE PLA\u00c7A CATALUNYA\"><article class=\"post visible post-24225 dt_portfolio type-dt_portfolio status-publish has-post-thumbnail hentry\" data-name=\"ESTACI\u00d3 DE METRO I RENFE PLA\u00c7A CATALUNYA\" data-date=\"2024-01-09T10:05:40+02:00\">\n\n<div class=\"post-thumbnail-wrap  \">\n\t<div class=\"post-thumbnail\">\n\n\t\t<a href=\"https:\/\/delatorrearquitectura.com\/ca\/project\/test-3-25-2-2\/\" class=\"post-thumbnail-rollover layzr-bg\" target=\"\"  aria-label=\"Post image\"><img decoding=\"async\" class=\"iso-lazy-load preload-me iso-lazy-load aspect\" src=\"data:image\/svg+xml,%3Csvg%20xmlns%3D&#39;http%3A%2F%2Fwww.w3.org%2F2000%2Fsvg&#39;%20viewBox%3D&#39;0%200%20711%20711&#39;%2F%3E\" data-src=\"https:\/\/delatorrearquitectura.com\/wp-content\/uploads\/2024\/01\/estacio-placa-catalunya-2-711x711.png\" data-srcset=\"https:\/\/delatorrearquitectura.com\/wp-content\/uploads\/2024\/01\/estacio-placa-catalunya-2-711x711.png 711w\" loading=\"eager\" style=\"--ratio: 711 \/ 711\" sizes=\"(max-width: 711px) 100vw, 711px\" alt=\"\" title=\"estaci\u00f3 pla\u00e7a catalunya-2\" width=\"711\" height=\"711\"  \/><\/a><div class=\"project-links-container\"><a href=\"https:\/\/delatorrearquitectura.com\/wp-content\/uploads\/2024\/01\/estacio-placa-catalunya-2.png\" class=\"project-zoom dt-pswp-item dt-single-pswp-popup\" title=\"estaci\u00f3 pla\u00e7a catalunya-2\" data-dt-img-description=\"\" data-large_image_width=\"1021\" data-large_image_height=\"711\" aria-label=\"Portfolio zoom icon\"><span class=\"icon-portfolio-p203\"><\/span><\/a><a href=\"https:\/\/delatorrearquitectura.com\/ca\/project\/test-3-25-2-2\/\" target=\"\" class=\"project-details\" aria-label=\"Details link\"><span class=\"icon-portfolio-p205\"><\/span><\/a><\/div>\n\t<\/div>\n<\/div>\n\n\n<div class=\"post-entry-content\">\n\n\t<h3 class=\"entry-title\">\n\t\t<a href=\"https:\/\/delatorrearquitectura.com\/ca\/project\/test-3-25-2-2\/\" target=\"\" title=\"ESTACI\u00d3 DE METRO I RENFE PLA\u00c7A CATALUNYA\" rel=\"bookmark\">ESTACI\u00d3 DE METRO I RENFE PLA\u00c7A CATALUNYA<\/a>\n\t<\/h3>\n\n\t\n\t\n\t<a class=\"post-details details-type-link\" href=\"https:\/\/delatorrearquitectura.com\/ca\/project\/test-3-25-2-2\/\" target=\"\">Llegir m\u00e9s<i class=\"dt-icon-the7-arrow-03\" aria-hidden=\"true\"><\/i><\/a>\n<\/div><\/article><\/div><\/div><!-- iso-container|iso-grid --><\/div>[\/vc_column][\/vc_row][vc_row full_width=&#8221;stretch_row&#8221; css=&#8221;.vc_custom_1611060073595{margin-bottom: 0px !important;padding-top: 100px !important;padding-bottom: 100px !important;background-color: #ffffff !important;}&#8221;][vc_column][vc_column_text]<\/p>\n<h2 style=\"text-align: center;\">Troba&#8217;ns<\/h2>\n<p>[\/vc_column_text][vc_row_inner][vc_column_inner width=&#8221;1\/3&#8243;]<style type=\"text\/css\" data-type=\"the7_shortcodes-inline-css\">.icon-with-text-shortcode.icon-text-id-61bcbfc3f4ff3ff2cf04e6c19f2f5cce .text-icon {\n  width: 60px;\n  height: 60px;\n  line-height: 60px;\n  font-size: 32px;\n  border-radius: 200px;\n  margin: 0px 0px 0px 0px;\n}\n.icon-with-text-shortcode.icon-text-id-61bcbfc3f4ff3ff2cf04e6c19f2f5cce .text-icon .icon-inner {\n  min-width: 60px;\n  min-height: 60px;\n  border-radius: 200px;\n}\n@media all and (-ms-high-contrast: none) {\n  .icon-with-text-shortcode.icon-text-id-61bcbfc3f4ff3ff2cf04e6c19f2f5cce .text-icon .icon-inner {\n    height: 60px;\n  }\n}\n.icon-with-text-shortcode.icon-text-id-61bcbfc3f4ff3ff2cf04e6c19f2f5cce .text-icon .dt-hover-icon {\n  line-height: 60px;\n}\n.icon-with-text-shortcode.icon-text-id-61bcbfc3f4ff3ff2cf04e6c19f2f5cce .text-icon:before,\n.icon-with-text-shortcode.icon-text-id-61bcbfc3f4ff3ff2cf04e6c19f2f5cce .text-icon:after,\n.icon-with-text-shortcode.icon-text-id-61bcbfc3f4ff3ff2cf04e6c19f2f5cce .text-icon .icon-inner:before,\n.icon-with-text-shortcode.icon-text-id-61bcbfc3f4ff3ff2cf04e6c19f2f5cce .text-icon .icon-inner:after {\n  min-width: 100%;\n  min-height: 100%;\n  padding: inherit;\n  border-radius: inherit;\n}\n.icon-with-text-shortcode.icon-text-id-61bcbfc3f4ff3ff2cf04e6c19f2f5cce .text-icon.dt-icon-border-on:before {\n  border-width: 2px;\n  border-style: solid;\n}\n.dt-icon-border-dashed.icon-with-text-shortcode.icon-text-id-61bcbfc3f4ff3ff2cf04e6c19f2f5cce .text-icon.dt-icon-border-on:before {\n  border-style: dashed;\n}\n.dt-icon-border-dotted.icon-with-text-shortcode.icon-text-id-61bcbfc3f4ff3ff2cf04e6c19f2f5cce .text-icon.dt-icon-border-on:before {\n  border-style: dotted;\n}\n.dt-icon-border-double.icon-with-text-shortcode.icon-text-id-61bcbfc3f4ff3ff2cf04e6c19f2f5cce .text-icon.dt-icon-border-on:before {\n  border-style: double;\n}\n.icon-with-text-shortcode.icon-text-id-61bcbfc3f4ff3ff2cf04e6c19f2f5cce .text-icon.dt-icon-border-dashed.dt-icon-border-on:before {\n  border-style: dashed;\n}\n.icon-with-text-shortcode.icon-text-id-61bcbfc3f4ff3ff2cf04e6c19f2f5cce .text-icon.dt-icon-border-dotted.dt-icon-border-on:before {\n  border-style: dotted;\n}\n.icon-with-text-shortcode.icon-text-id-61bcbfc3f4ff3ff2cf04e6c19f2f5cce .text-icon.dt-icon-border-double.dt-icon-border-on:before {\n  border-style: double;\n}\n.icon-with-text-shortcode.icon-text-id-61bcbfc3f4ff3ff2cf04e6c19f2f5cce .text-icon.dt-icon-hover-border-on:after {\n  border-width: 2px;\n  border-style: solid;\n}\n.icon-with-text-shortcode.icon-text-id-61bcbfc3f4ff3ff2cf04e6c19f2f5cce .text-icon.dt-icon-border-dashed.dt-icon-hover-border-on:after {\n  border-style: dashed;\n}\n.icon-with-text-shortcode.icon-text-id-61bcbfc3f4ff3ff2cf04e6c19f2f5cce .text-icon.dt-icon-border-dotted.dt-icon-hover-border-on:after {\n  border-style: dotted;\n}\n.icon-with-text-shortcode.icon-text-id-61bcbfc3f4ff3ff2cf04e6c19f2f5cce .text-icon.dt-icon-border-double.dt-icon-hover-border-on:after {\n  border-style: double;\n}\n.icon-with-text-shortcode.icon-text-id-61bcbfc3f4ff3ff2cf04e6c19f2f5cce .text-icon.dt-icon-hover-on:hover {\n  font-size: 32px;\n}\n#page .icon-with-text-shortcode.icon-text-id-61bcbfc3f4ff3ff2cf04e6c19f2f5cce .text-icon.dt-icon-hover-on:hover .soc-font-icon,\n#phantom .icon-with-text-shortcode.icon-text-id-61bcbfc3f4ff3ff2cf04e6c19f2f5cce .text-icon.dt-icon-hover-on:hover .soc-font-icon,\n#page .icon-with-text-shortcode.icon-text-id-61bcbfc3f4ff3ff2cf04e6c19f2f5cce .text-icon.dt-icon-hover-on:hover .soc-icon,\n#phantom .icon-with-text-shortcode.icon-text-id-61bcbfc3f4ff3ff2cf04e6c19f2f5cce .text-icon.dt-icon-hover-on:hover .soc-icon {\n  color: #fff;\n  background: none;\n}\n#page .icon-with-text-shortcode.icon-text-id-61bcbfc3f4ff3ff2cf04e6c19f2f5cce .text-icon.dt-icon-hover-on:not(:hover) .soc-font-icon,\n#phantom .icon-with-text-shortcode.icon-text-id-61bcbfc3f4ff3ff2cf04e6c19f2f5cce .text-icon.dt-icon-hover-on:not(:hover) .soc-font-icon,\n#page .icon-with-text-shortcode.icon-text-id-61bcbfc3f4ff3ff2cf04e6c19f2f5cce .text-icon.dt-icon-hover-on:not(:hover) .soc-icon,\n#phantom .icon-with-text-shortcode.icon-text-id-61bcbfc3f4ff3ff2cf04e6c19f2f5cce .text-icon.dt-icon-hover-on:not(:hover) .soc-icon,\n#page .icon-with-text-shortcode.icon-text-id-61bcbfc3f4ff3ff2cf04e6c19f2f5cce .text-icon.dt-icon-hover-off .soc-font-icon,\n#phantom .icon-with-text-shortcode.icon-text-id-61bcbfc3f4ff3ff2cf04e6c19f2f5cce .text-icon.dt-icon-hover-off .soc-font-icon,\n#page .icon-with-text-shortcode.icon-text-id-61bcbfc3f4ff3ff2cf04e6c19f2f5cce .text-icon.dt-icon-hover-off .soc-icon,\n#phantom .icon-with-text-shortcode.icon-text-id-61bcbfc3f4ff3ff2cf04e6c19f2f5cce .text-icon.dt-icon-hover-off .soc-icon {\n  color: #6a4129;\n  background: none;\n}\n.icon-with-text-shortcode.icon-text-id-61bcbfc3f4ff3ff2cf04e6c19f2f5cce.layout-1 {\n  grid-template-columns: 60px minmax(0,1fr);\n  grid-column-gap: 0px;\n}\n.icon-with-text-shortcode.icon-text-id-61bcbfc3f4ff3ff2cf04e6c19f2f5cce.layout-2 {\n  grid-template-columns: minmax(0,1fr) 60px;\n  grid-column-gap: 0px;\n}\n.icon-with-text-shortcode.icon-text-id-61bcbfc3f4ff3ff2cf04e6c19f2f5cce.layout-2 .text-icon {\n  margin-left: 0;\n}\n.icon-with-text-shortcode.icon-text-id-61bcbfc3f4ff3ff2cf04e6c19f2f5cce.layout-3 {\n  grid-template-columns: 60px minmax(0,1fr);\n}\n.icon-with-text-shortcode.icon-text-id-61bcbfc3f4ff3ff2cf04e6c19f2f5cce.layout-3 .dt-text-title {\n  margin-left: 0px;\n}\n.icon-with-text-shortcode.icon-text-id-61bcbfc3f4ff3ff2cf04e6c19f2f5cce .dt-text-title,\n.icon-with-text-shortcode.icon-text-id-61bcbfc3f4ff3ff2cf04e6c19f2f5cce .dt-text-title a {\n  font-weight: bold;\n}\n.icon-with-text-shortcode.icon-text-id-61bcbfc3f4ff3ff2cf04e6c19f2f5cce .dt-text-title {\n  margin-bottom: 0px;\n}\n.icon-with-text-shortcode.icon-text-id-61bcbfc3f4ff3ff2cf04e6c19f2f5cce .dt-text-desc {\n  margin-bottom: 0px;\n}<\/style><div class=\"icon-with-text-shortcode  icon-text-id-61bcbfc3f4ff3ff2cf04e6c19f2f5cce layout-1  \" ><span   class=\"text-icon dt-icon-bg-off dt-icon-hover-off\" ><span class=\"icon-inner\"><i class=\"dt-regular-icon soc-icon icomoon-the7-font-the7-phone-05\"><\/i><i class=\"dt-hover-icon soc-icon icomoon-the7-font-the7-phone-05\"><\/i><\/span><\/span><h4 class=\"dt-text-title\"  >TEL\u00c8FON<\/h4><div class=\"dt-text-desc\">+34 938 674 026 \/ +34 972 10 59 87<\/div><\/div>[\/vc_column_inner][vc_column_inner width=&#8221;1\/3&#8243;]<style type=\"text\/css\" data-type=\"the7_shortcodes-inline-css\">.icon-with-text-shortcode.icon-text-id-9db8046483e7eab916e1a88931029fc7 .text-icon {\n  width: 60px;\n  height: 60px;\n  line-height: 60px;\n  font-size: 32px;\n  border-radius: 200px;\n  margin: 0px 0px 0px 0px;\n}\n.icon-with-text-shortcode.icon-text-id-9db8046483e7eab916e1a88931029fc7 .text-icon .icon-inner {\n  min-width: 60px;\n  min-height: 60px;\n  border-radius: 200px;\n}\n@media all and (-ms-high-contrast: none) {\n  .icon-with-text-shortcode.icon-text-id-9db8046483e7eab916e1a88931029fc7 .text-icon .icon-inner {\n    height: 60px;\n  }\n}\n.icon-with-text-shortcode.icon-text-id-9db8046483e7eab916e1a88931029fc7 .text-icon .dt-hover-icon {\n  line-height: 60px;\n}\n.icon-with-text-shortcode.icon-text-id-9db8046483e7eab916e1a88931029fc7 .text-icon:before,\n.icon-with-text-shortcode.icon-text-id-9db8046483e7eab916e1a88931029fc7 .text-icon:after,\n.icon-with-text-shortcode.icon-text-id-9db8046483e7eab916e1a88931029fc7 .text-icon .icon-inner:before,\n.icon-with-text-shortcode.icon-text-id-9db8046483e7eab916e1a88931029fc7 .text-icon .icon-inner:after {\n  min-width: 100%;\n  min-height: 100%;\n  padding: inherit;\n  border-radius: inherit;\n}\n.icon-with-text-shortcode.icon-text-id-9db8046483e7eab916e1a88931029fc7 .text-icon.dt-icon-border-on:before {\n  border-width: 2px;\n  border-style: solid;\n}\n.dt-icon-border-dashed.icon-with-text-shortcode.icon-text-id-9db8046483e7eab916e1a88931029fc7 .text-icon.dt-icon-border-on:before {\n  border-style: dashed;\n}\n.dt-icon-border-dotted.icon-with-text-shortcode.icon-text-id-9db8046483e7eab916e1a88931029fc7 .text-icon.dt-icon-border-on:before {\n  border-style: dotted;\n}\n.dt-icon-border-double.icon-with-text-shortcode.icon-text-id-9db8046483e7eab916e1a88931029fc7 .text-icon.dt-icon-border-on:before {\n  border-style: double;\n}\n.icon-with-text-shortcode.icon-text-id-9db8046483e7eab916e1a88931029fc7 .text-icon.dt-icon-border-dashed.dt-icon-border-on:before {\n  border-style: dashed;\n}\n.icon-with-text-shortcode.icon-text-id-9db8046483e7eab916e1a88931029fc7 .text-icon.dt-icon-border-dotted.dt-icon-border-on:before {\n  border-style: dotted;\n}\n.icon-with-text-shortcode.icon-text-id-9db8046483e7eab916e1a88931029fc7 .text-icon.dt-icon-border-double.dt-icon-border-on:before {\n  border-style: double;\n}\n.icon-with-text-shortcode.icon-text-id-9db8046483e7eab916e1a88931029fc7 .text-icon.dt-icon-hover-border-on:after {\n  border-width: 2px;\n  border-style: solid;\n}\n.icon-with-text-shortcode.icon-text-id-9db8046483e7eab916e1a88931029fc7 .text-icon.dt-icon-border-dashed.dt-icon-hover-border-on:after {\n  border-style: dashed;\n}\n.icon-with-text-shortcode.icon-text-id-9db8046483e7eab916e1a88931029fc7 .text-icon.dt-icon-border-dotted.dt-icon-hover-border-on:after {\n  border-style: dotted;\n}\n.icon-with-text-shortcode.icon-text-id-9db8046483e7eab916e1a88931029fc7 .text-icon.dt-icon-border-double.dt-icon-hover-border-on:after {\n  border-style: double;\n}\n.icon-with-text-shortcode.icon-text-id-9db8046483e7eab916e1a88931029fc7 .text-icon.dt-icon-hover-on:hover {\n  font-size: 32px;\n}\n#page .icon-with-text-shortcode.icon-text-id-9db8046483e7eab916e1a88931029fc7 .text-icon.dt-icon-hover-on:hover .soc-font-icon,\n#phantom .icon-with-text-shortcode.icon-text-id-9db8046483e7eab916e1a88931029fc7 .text-icon.dt-icon-hover-on:hover .soc-font-icon,\n#page .icon-with-text-shortcode.icon-text-id-9db8046483e7eab916e1a88931029fc7 .text-icon.dt-icon-hover-on:hover .soc-icon,\n#phantom .icon-with-text-shortcode.icon-text-id-9db8046483e7eab916e1a88931029fc7 .text-icon.dt-icon-hover-on:hover .soc-icon {\n  color: #fff;\n  background: none;\n}\n#page .icon-with-text-shortcode.icon-text-id-9db8046483e7eab916e1a88931029fc7 .text-icon.dt-icon-hover-on:not(:hover) .soc-font-icon,\n#phantom .icon-with-text-shortcode.icon-text-id-9db8046483e7eab916e1a88931029fc7 .text-icon.dt-icon-hover-on:not(:hover) .soc-font-icon,\n#page .icon-with-text-shortcode.icon-text-id-9db8046483e7eab916e1a88931029fc7 .text-icon.dt-icon-hover-on:not(:hover) .soc-icon,\n#phantom .icon-with-text-shortcode.icon-text-id-9db8046483e7eab916e1a88931029fc7 .text-icon.dt-icon-hover-on:not(:hover) .soc-icon,\n#page .icon-with-text-shortcode.icon-text-id-9db8046483e7eab916e1a88931029fc7 .text-icon.dt-icon-hover-off .soc-font-icon,\n#phantom .icon-with-text-shortcode.icon-text-id-9db8046483e7eab916e1a88931029fc7 .text-icon.dt-icon-hover-off .soc-font-icon,\n#page .icon-with-text-shortcode.icon-text-id-9db8046483e7eab916e1a88931029fc7 .text-icon.dt-icon-hover-off .soc-icon,\n#phantom .icon-with-text-shortcode.icon-text-id-9db8046483e7eab916e1a88931029fc7 .text-icon.dt-icon-hover-off .soc-icon {\n  color: #6a4129;\n  background: none;\n}\n.icon-with-text-shortcode.icon-text-id-9db8046483e7eab916e1a88931029fc7.layout-1 {\n  grid-template-columns: 60px minmax(0,1fr);\n  grid-column-gap: 0px;\n}\n.icon-with-text-shortcode.icon-text-id-9db8046483e7eab916e1a88931029fc7.layout-2 {\n  grid-template-columns: minmax(0,1fr) 60px;\n  grid-column-gap: 0px;\n}\n.icon-with-text-shortcode.icon-text-id-9db8046483e7eab916e1a88931029fc7.layout-2 .text-icon {\n  margin-left: 0;\n}\n.icon-with-text-shortcode.icon-text-id-9db8046483e7eab916e1a88931029fc7.layout-3 {\n  grid-template-columns: 60px minmax(0,1fr);\n}\n.icon-with-text-shortcode.icon-text-id-9db8046483e7eab916e1a88931029fc7.layout-3 .dt-text-title {\n  margin-left: 0px;\n}\n.icon-with-text-shortcode.icon-text-id-9db8046483e7eab916e1a88931029fc7 .dt-text-title,\n.icon-with-text-shortcode.icon-text-id-9db8046483e7eab916e1a88931029fc7 .dt-text-title a {\n  font-weight: bold;\n}\n.icon-with-text-shortcode.icon-text-id-9db8046483e7eab916e1a88931029fc7 .dt-text-title {\n  margin-bottom: 0px;\n}\n.icon-with-text-shortcode.icon-text-id-9db8046483e7eab916e1a88931029fc7 .dt-text-desc {\n  margin-bottom: 0px;\n}<\/style><div class=\"icon-with-text-shortcode  icon-text-id-9db8046483e7eab916e1a88931029fc7 layout-1  \" ><span   class=\"text-icon dt-icon-bg-off dt-icon-hover-off\" ><span class=\"icon-inner\"><i class=\"dt-regular-icon soc-icon icomoon-the7-font-the7-map-02\"><\/i><i class=\"dt-hover-icon soc-icon icomoon-the7-font-the7-map-02\"><\/i><\/span><\/span><h4 class=\"dt-text-title\"  >OFICINA SANT CELONI<\/h4><div class=\"dt-text-desc\">Carretera Vella n\u00ba87 Local 7-8<br \/>\n08470 Sant Celoni<\/div><\/div>[\/vc_column_inner][vc_column_inner width=&#8221;1\/3&#8243;]<style type=\"text\/css\" data-type=\"the7_shortcodes-inline-css\">.icon-with-text-shortcode.icon-text-id-86a4e5b719725bb05cc77b0c24cdd98e .text-icon {\n  width: 60px;\n  height: 60px;\n  line-height: 60px;\n  font-size: 32px;\n  border-radius: 200px;\n  margin: 0px 0px 0px 0px;\n}\n.icon-with-text-shortcode.icon-text-id-86a4e5b719725bb05cc77b0c24cdd98e .text-icon .icon-inner {\n  min-width: 60px;\n  min-height: 60px;\n  border-radius: 200px;\n}\n@media all and (-ms-high-contrast: none) {\n  .icon-with-text-shortcode.icon-text-id-86a4e5b719725bb05cc77b0c24cdd98e .text-icon .icon-inner {\n    height: 60px;\n  }\n}\n.icon-with-text-shortcode.icon-text-id-86a4e5b719725bb05cc77b0c24cdd98e .text-icon .dt-hover-icon {\n  line-height: 60px;\n}\n.icon-with-text-shortcode.icon-text-id-86a4e5b719725bb05cc77b0c24cdd98e .text-icon:before,\n.icon-with-text-shortcode.icon-text-id-86a4e5b719725bb05cc77b0c24cdd98e .text-icon:after,\n.icon-with-text-shortcode.icon-text-id-86a4e5b719725bb05cc77b0c24cdd98e .text-icon .icon-inner:before,\n.icon-with-text-shortcode.icon-text-id-86a4e5b719725bb05cc77b0c24cdd98e .text-icon .icon-inner:after {\n  min-width: 100%;\n  min-height: 100%;\n  padding: inherit;\n  border-radius: inherit;\n}\n.icon-with-text-shortcode.icon-text-id-86a4e5b719725bb05cc77b0c24cdd98e .text-icon.dt-icon-border-on:before {\n  border-width: 2px;\n  border-style: solid;\n}\n.dt-icon-border-dashed.icon-with-text-shortcode.icon-text-id-86a4e5b719725bb05cc77b0c24cdd98e .text-icon.dt-icon-border-on:before {\n  border-style: dashed;\n}\n.dt-icon-border-dotted.icon-with-text-shortcode.icon-text-id-86a4e5b719725bb05cc77b0c24cdd98e .text-icon.dt-icon-border-on:before {\n  border-style: dotted;\n}\n.dt-icon-border-double.icon-with-text-shortcode.icon-text-id-86a4e5b719725bb05cc77b0c24cdd98e .text-icon.dt-icon-border-on:before {\n  border-style: double;\n}\n.icon-with-text-shortcode.icon-text-id-86a4e5b719725bb05cc77b0c24cdd98e .text-icon.dt-icon-border-dashed.dt-icon-border-on:before {\n  border-style: dashed;\n}\n.icon-with-text-shortcode.icon-text-id-86a4e5b719725bb05cc77b0c24cdd98e .text-icon.dt-icon-border-dotted.dt-icon-border-on:before {\n  border-style: dotted;\n}\n.icon-with-text-shortcode.icon-text-id-86a4e5b719725bb05cc77b0c24cdd98e .text-icon.dt-icon-border-double.dt-icon-border-on:before {\n  border-style: double;\n}\n.icon-with-text-shortcode.icon-text-id-86a4e5b719725bb05cc77b0c24cdd98e .text-icon.dt-icon-hover-border-on:after {\n  border-width: 2px;\n  border-style: solid;\n}\n.icon-with-text-shortcode.icon-text-id-86a4e5b719725bb05cc77b0c24cdd98e .text-icon.dt-icon-border-dashed.dt-icon-hover-border-on:after {\n  border-style: dashed;\n}\n.icon-with-text-shortcode.icon-text-id-86a4e5b719725bb05cc77b0c24cdd98e .text-icon.dt-icon-border-dotted.dt-icon-hover-border-on:after {\n  border-style: dotted;\n}\n.icon-with-text-shortcode.icon-text-id-86a4e5b719725bb05cc77b0c24cdd98e .text-icon.dt-icon-border-double.dt-icon-hover-border-on:after {\n  border-style: double;\n}\n.icon-with-text-shortcode.icon-text-id-86a4e5b719725bb05cc77b0c24cdd98e .text-icon.dt-icon-hover-on:hover {\n  font-size: 32px;\n}\n#page .icon-with-text-shortcode.icon-text-id-86a4e5b719725bb05cc77b0c24cdd98e .text-icon.dt-icon-hover-on:hover .soc-font-icon,\n#phantom .icon-with-text-shortcode.icon-text-id-86a4e5b719725bb05cc77b0c24cdd98e .text-icon.dt-icon-hover-on:hover .soc-font-icon,\n#page .icon-with-text-shortcode.icon-text-id-86a4e5b719725bb05cc77b0c24cdd98e .text-icon.dt-icon-hover-on:hover .soc-icon,\n#phantom .icon-with-text-shortcode.icon-text-id-86a4e5b719725bb05cc77b0c24cdd98e .text-icon.dt-icon-hover-on:hover .soc-icon {\n  color: #fff;\n  background: none;\n}\n#page .icon-with-text-shortcode.icon-text-id-86a4e5b719725bb05cc77b0c24cdd98e .text-icon.dt-icon-hover-on:not(:hover) .soc-font-icon,\n#phantom .icon-with-text-shortcode.icon-text-id-86a4e5b719725bb05cc77b0c24cdd98e .text-icon.dt-icon-hover-on:not(:hover) .soc-font-icon,\n#page .icon-with-text-shortcode.icon-text-id-86a4e5b719725bb05cc77b0c24cdd98e .text-icon.dt-icon-hover-on:not(:hover) .soc-icon,\n#phantom .icon-with-text-shortcode.icon-text-id-86a4e5b719725bb05cc77b0c24cdd98e .text-icon.dt-icon-hover-on:not(:hover) .soc-icon,\n#page .icon-with-text-shortcode.icon-text-id-86a4e5b719725bb05cc77b0c24cdd98e .text-icon.dt-icon-hover-off .soc-font-icon,\n#phantom .icon-with-text-shortcode.icon-text-id-86a4e5b719725bb05cc77b0c24cdd98e .text-icon.dt-icon-hover-off .soc-font-icon,\n#page .icon-with-text-shortcode.icon-text-id-86a4e5b719725bb05cc77b0c24cdd98e .text-icon.dt-icon-hover-off .soc-icon,\n#phantom .icon-with-text-shortcode.icon-text-id-86a4e5b719725bb05cc77b0c24cdd98e .text-icon.dt-icon-hover-off .soc-icon {\n  color: #6a4129;\n  background: none;\n}\n.icon-with-text-shortcode.icon-text-id-86a4e5b719725bb05cc77b0c24cdd98e.layout-1 {\n  grid-template-columns: 60px minmax(0,1fr);\n  grid-column-gap: 0px;\n}\n.icon-with-text-shortcode.icon-text-id-86a4e5b719725bb05cc77b0c24cdd98e.layout-2 {\n  grid-template-columns: minmax(0,1fr) 60px;\n  grid-column-gap: 0px;\n}\n.icon-with-text-shortcode.icon-text-id-86a4e5b719725bb05cc77b0c24cdd98e.layout-2 .text-icon {\n  margin-left: 0;\n}\n.icon-with-text-shortcode.icon-text-id-86a4e5b719725bb05cc77b0c24cdd98e.layout-3 {\n  grid-template-columns: 60px minmax(0,1fr);\n}\n.icon-with-text-shortcode.icon-text-id-86a4e5b719725bb05cc77b0c24cdd98e.layout-3 .dt-text-title {\n  margin-left: 0px;\n}\n.icon-with-text-shortcode.icon-text-id-86a4e5b719725bb05cc77b0c24cdd98e .dt-text-title,\n.icon-with-text-shortcode.icon-text-id-86a4e5b719725bb05cc77b0c24cdd98e .dt-text-title a {\n  font-weight: bold;\n}\n.icon-with-text-shortcode.icon-text-id-86a4e5b719725bb05cc77b0c24cdd98e .dt-text-title {\n  margin-bottom: 0px;\n}\n.icon-with-text-shortcode.icon-text-id-86a4e5b719725bb05cc77b0c24cdd98e .dt-text-desc {\n  margin-bottom: 0px;\n}<\/style><div class=\"icon-with-text-shortcode  icon-text-id-86a4e5b719725bb05cc77b0c24cdd98e layout-1  \" ><span   class=\"text-icon dt-icon-bg-off dt-icon-hover-off\" ><span class=\"icon-inner\"><i class=\"dt-regular-icon soc-icon icomoon-the7-font-the7-mw-mail-04\"><\/i><i class=\"dt-hover-icon soc-icon icomoon-the7-font-the7-mw-mail-04\"><\/i><\/span><\/span><h4 class=\"dt-text-title\"  >EMAIL<\/h4><div class=\"dt-text-desc\">info@delatorrearquitectura.com<\/div><\/div>[\/vc_column_inner][\/vc_row_inner][\/vc_column][\/vc_row]<\/p>\n<\/div>","protected":false},"excerpt":{"rendered":"<p>[vc_row padding=&#8221;pt-70 pb-70 pt-xs-50 pb-xs-50&#8243; margin=&#8221;no-margin&#8221; class=&#8221;pt-70 pt-xs-40&#8243;][vc_column][\/vc_column][\/vc_row][vc_row full_width=&#8221;stretch_row&#8221; css=&#8221;.vc_custom_1611060073595{margin-bottom: 0px !important;padding-top: 100px !important;padding-bottom: 100px !important;background-color: #ffffff !important;}&#8221;][vc_column][vc_column_text] Troba&#8217;ns [\/vc_column_text][vc_row_inner][vc_column_inner width=&#8221;1\/3&#8243;][\/vc_column_inner][vc_column_inner width=&#8221;1\/3&#8243;][\/vc_column_inner][vc_column_inner width=&#8221;1\/3&#8243;][\/vc_column_inner][\/vc_row_inner][\/vc_column][\/vc_row]<\/p>\n","protected":false},"author":1,"featured_media":4171,"parent":0,"menu_order":0,"comment_status":"closed","ping_status":"closed","template":"","meta":{"footnotes":""},"class_list":["post-3211","page","type-page","status-publish","has-post-thumbnail","hentry","description-off"],"_links":{"self":[{"href":"https:\/\/delatorrearquitectura.com\/ca\/wp-json\/wp\/v2\/pages\/3211","targetHints":{"allow":["GET"]}}],"collection":[{"href":"https:\/\/delatorrearquitectura.com\/ca\/wp-json\/wp\/v2\/pages"}],"about":[{"href":"https:\/\/delatorrearquitectura.com\/ca\/wp-json\/wp\/v2\/types\/page"}],"author":[{"embeddable":true,"href":"https:\/\/delatorrearquitectura.com\/ca\/wp-json\/wp\/v2\/users\/1"}],"replies":[{"embeddable":true,"href":"https:\/\/delatorrearquitectura.com\/ca\/wp-json\/wp\/v2\/comments?post=3211"}],"version-history":[{"count":18,"href":"https:\/\/delatorrearquitectura.com\/ca\/wp-json\/wp\/v2\/pages\/3211\/revisions"}],"predecessor-version":[{"id":20522,"href":"https:\/\/delatorrearquitectura.com\/ca\/wp-json\/wp\/v2\/pages\/3211\/revisions\/20522"}],"wp:featuredmedia":[{"embeddable":true,"href":"https:\/\/delatorrearquitectura.com\/ca\/wp-json\/wp\/v2\/media\/4171"}],"wp:attachment":[{"href":"https:\/\/delatorrearquitectura.com\/ca\/wp-json\/wp\/v2\/media?parent=3211"}],"curies":[{"name":"wp","href":"https:\/\/api.w.org\/{rel}","templated":true}]}}